{"id":7698,"date":"2025-07-02T14:33:17","date_gmt":"2025-07-02T12:33:17","guid":{"rendered":"https:\/\/www.pridebarcelona.org\/pride-bcn-2009\/"},"modified":"2025-08-25T09:44:30","modified_gmt":"2025-08-25T07:44:30","slug":"pride-bcn-2009","status":"publish","type":"page","link":"https:\/\/www.pridebarcelona.org\/es\/pride-bcn-2009\/","title":{"rendered":"Pride BCN 2009"},"content":{"rendered":"<div class=\"fusion-fullwidth fullwidth-box fusion-builder-row-1 fusion-flex-container has-pattern-background has-mask-background nonhundred-percent-fullwidth non-hundred-percent-height-scrolling\" style=\"--awb-border-radius-top-left:0px;--awb-border-radius-top-right:0px;--awb-border-radius-bottom-right:0px;--awb-border-radius-bottom-left:0px;--awb-padding-top:100px;--awb-background-image:linear-gradient(180deg, #efefef 0%,#ffffff 15%);--awb-flex-wrap:wrap;\" ><div class=\"fusion-builder-row fusion-row fusion-flex-align-items-flex-start fusion-flex-content-wrap\" style=\"max-width:1248px;margin-left: calc(-4% \/ 2 );margin-right: calc(-4% \/ 2 );\"><div class=\"fusion-layout-column fusion_builder_column fusion-builder-column-0 fusion_builder_column_1_1 1_1 fusion-flex-column\" style=\"--awb-bg-size:cover;--awb-width-large:100%;--awb-margin-top-large:0px;--awb-spacing-right-large:1.92%;--awb-margin-bottom-large:20px;--awb-spacing-left-large:1.92%;--awb-width-medium:100%;--awb-order-medium:0;--awb-spacing-right-medium:1.92%;--awb-spacing-left-medium:1.92%;--awb-width-small:100%;--awb-order-small:0;--awb-spacing-right-small:1.92%;--awb-spacing-left-small:1.92%;\"><div class=\"fusion-column-wrapper fusion-column-has-shadow fusion-flex-justify-content-flex-start fusion-content-layout-column\"><div class=\"fusion-text fusion-text-1\"><h2 style=\"text-align: center;\"><b>Barcelona ya est\u00e1 preparada para daros la bienvenida este mes de junio de 2009 al evento que se convertir\u00e1 en el Orgullo Gay m\u00e1s importante del Mediterr\u00e1neo, Pride Barcelona&#8217;09.<\/b><\/h2>\n<\/div><\/div><\/div><\/div><\/div><div class=\"fusion-fullwidth fullwidth-box fusion-builder-row-2 fusion-flex-container has-pattern-background has-mask-background nonhundred-percent-fullwidth non-hundred-percent-height-scrolling\" style=\"--awb-border-radius-top-left:0px;--awb-border-radius-top-right:0px;--awb-border-radius-bottom-right:0px;--awb-border-radius-bottom-left:0px;--awb-flex-wrap:wrap;\" ><div class=\"fusion-builder-row fusion-row fusion-flex-align-items-flex-start fusion-flex-content-wrap\" style=\"max-width:1248px;margin-left: calc(-4% \/ 2 );margin-right: calc(-4% \/ 2 );\"><div class=\"fusion-layout-column fusion_builder_column fusion-builder-column-1 fusion_builder_column_1_2 1_2 fusion-flex-column\" style=\"--awb-bg-size:cover;--awb-width-large:50%;--awb-margin-top-large:0px;--awb-spacing-right-large:3.84%;--awb-margin-bottom-large:20px;--awb-spacing-left-large:3.84%;--awb-width-medium:50%;--awb-order-medium:0;--awb-spacing-right-medium:3.84%;--awb-spacing-left-medium:3.84%;--awb-width-small:100%;--awb-order-small:0;--awb-spacing-right-small:1.92%;--awb-spacing-left-small:1.92%;\"><div class=\"fusion-column-wrapper fusion-column-has-shadow fusion-flex-justify-content-flex-start fusion-content-layout-column\"><div class=\"fusion-text fusion-text-2\"><p><span style=\"font-weight: 400;\">M\u00e1s de 25 asociaciones, 70 empresas y toda la comunidad LGBT se han unido para organizar un nuevo Orgullo en Barcelona. Una celebraci\u00f3n de car\u00e1cter popular y sin \u00e1nimo de lucro que mostrar\u00e1 lo mejor de la ciudad, en una acci\u00f3n de gran visibilidad.<\/span><\/p>\n<p><span style=\"font-weight: 400;\">Del 20 al 28 de junio de 2009, Pride Barcelona ser\u00e1 el Orgullo Gay del Mediterr\u00e1neo.<\/span><\/p>\n<p><span style=\"font-weight: 400;\">Disfrutaremos de la ciudad de Barcelona y de toda la diversidad que ofrece Catalu\u00f1a en un evento con todo tipo de actividades: cine, cultura, familia, diversi\u00f3n, deporte y debate, que concluir\u00e1 con una colorida manifestaci\u00f3n y una gran fiesta popular.<\/span><\/p>\n<p><span style=\"font-weight: 400;\">El escenario de esta manifestaci\u00f3n ser\u00e1 la calle Sep\u00falveda de Barcelona, y la Avenida Mar\u00eda Cristina, a los pies del Palacio Nacional, ser\u00e1 el espacio que acoger\u00e1 la muestra de entidades y la gran fiesta final de Pride Barcelona.<\/span><\/p>\n<p><span style=\"font-weight: 400;\">Me gustar\u00eda agradecer especialmente la colaboraci\u00f3n del equipo de direcci\u00f3n, el comit\u00e9 organizador, los voluntarios, patrocinadores y anunciantes, que hacen posible este evento.<\/span><\/p>\n<p><span style=\"font-weight: 400;\">Disfruta de las propuestas que hemos organizado y que tengas un feliz Orgullo.<\/span><\/p>\n<\/div><\/div><\/div><div class=\"fusion-layout-column fusion_builder_column fusion-builder-column-2 fusion_builder_column_1_2 1_2 fusion-flex-column\" style=\"--awb-bg-size:cover;--awb-width-large:50%;--awb-margin-top-large:0px;--awb-spacing-right-large:3.84%;--awb-margin-bottom-large:20px;--awb-spacing-left-large:3.84%;--awb-width-medium:50%;--awb-order-medium:0;--awb-spacing-right-medium:3.84%;--awb-spacing-left-medium:3.84%;--awb-width-small:100%;--awb-order-small:0;--awb-spacing-right-small:1.92%;--awb-spacing-left-small:1.92%;\"><div class=\"fusion-column-wrapper fusion-column-has-shadow fusion-flex-justify-content-flex-start fusion-content-layout-column\"><div class=\"fusion-image-element \" style=\"--awb-caption-title-font-family:var(--h2_typography-font-family);--awb-caption-title-font-weight:var(--h2_typography-font-weight);--awb-caption-title-font-style:var(--h2_typography-font-style);--awb-caption-title-size:var(--h2_typography-font-size);--awb-caption-title-transform:var(--h2_typography-text-transform);--awb-caption-title-line-height:var(--h2_typography-line-height);--awb-caption-title-letter-spacing:var(--h2_typography-letter-spacing);\"><span class=\" fusion-imageframe imageframe-none imageframe-1 hover-type-none\"><img decoding=\"async\" width=\"1900\" height=\"2560\" title=\"PRIDE BCN THE GUIDE\" src=\"https:\/\/www.pridebarcelona.org\/wp-content\/uploads\/2025\/07\/PRIDE-BCN-THE-GUIDE-scaled.jpg\" alt class=\"img-responsive wp-image-7695\" srcset=\"https:\/\/www.pridebarcelona.org\/wp-content\/uploads\/2025\/07\/PRIDE-BCN-THE-GUIDE-200x269.jpg 200w, https:\/\/www.pridebarcelona.org\/wp-content\/uploads\/2025\/07\/PRIDE-BCN-THE-GUIDE-400x539.jpg 400w, https:\/\/www.pridebarcelona.org\/wp-content\/uploads\/2025\/07\/PRIDE-BCN-THE-GUIDE-600x808.jpg 600w, https:\/\/www.pridebarcelona.org\/wp-content\/uploads\/2025\/07\/PRIDE-BCN-THE-GUIDE-800x1078.jpg 800w, https:\/\/www.pridebarcelona.org\/wp-content\/uploads\/2025\/07\/PRIDE-BCN-THE-GUIDE-1200x1617.jpg 1200w, https:\/\/www.pridebarcelona.org\/wp-content\/uploads\/2025\/07\/PRIDE-BCN-THE-GUIDE-scaled.jpg 1900w\" sizes=\"(max-width: 640px) 100vw, 600px\" \/><\/span><\/div><\/div><\/div><\/div><\/div><div class=\"fusion-fullwidth fullwidth-box fusion-builder-row-3 fusion-flex-container has-pattern-background has-mask-background nonhundred-percent-fullwidth non-hundred-percent-height-scrolling\" style=\"--awb-border-radius-top-left:0px;--awb-border-radius-top-right:0px;--awb-border-radius-bottom-right:0px;--awb-border-radius-bottom-left:0px;--awb-margin-top:50px;--awb-margin-bottom:30px;--awb-flex-wrap:wrap;\" ><div class=\"fusion-builder-row fusion-row fusion-flex-align-items-flex-start fusion-flex-justify-content-center fusion-flex-content-wrap\" style=\"max-width:1248px;margin-left: calc(-4% \/ 2 );margin-right: calc(-4% \/ 2 );\"><div class=\"fusion-layout-column fusion_builder_column fusion-builder-column-3 fusion_builder_column_1_1 1_1 fusion-flex-column\" style=\"--awb-bg-size:cover;--awb-width-large:100%;--awb-margin-top-large:0px;--awb-spacing-right-large:1.92%;--awb-margin-bottom-large:20px;--awb-spacing-left-large:1.92%;--awb-width-medium:100%;--awb-order-medium:0;--awb-spacing-right-medium:1.92%;--awb-spacing-left-medium:1.92%;--awb-width-small:100%;--awb-order-small:0;--awb-spacing-right-small:1.92%;--awb-spacing-left-small:1.92%;\"><div class=\"fusion-column-wrapper fusion-column-has-shadow fusion-flex-justify-content-flex-start fusion-content-layout-column\"><div class=\"fusion-text fusion-text-3\"><h4 class=\"section-title \" style=\"text-align: center;\">Otras ediciones<\/h4>\n<\/div><\/div><\/div><div class=\"fusion-layout-column fusion_builder_column fusion-builder-column-4 fusion_builder_column_1_4 1_4 fusion-flex-column\" style=\"--awb-bg-size:cover;--awb-width-large:25%;--awb-margin-top-large:0px;--awb-spacing-right-large:7.68%;--awb-margin-bottom-large:20px;--awb-spacing-left-large:7.68%;--awb-width-medium:25%;--awb-order-medium:0;--awb-spacing-right-medium:7.68%;--awb-spacing-left-medium:7.68%;--awb-width-small:100%;--awb-order-small:0;--awb-spacing-right-small:1.92%;--awb-spacing-left-small:1.92%;\"><div class=\"fusion-column-wrapper fusion-column-has-shadow fusion-flex-justify-content-flex-start fusion-content-layout-column\"><div class=\"fusion-text fusion-text-4\"><h3 class=\"section-title \" style=\"text-align: center;\"><a href=\"https:\/\/www.pridebarcelona.org\/es\/pride-2025-2\/\">Pride! 2025<\/a><\/h3>\n<\/div><div class=\"fusion-text fusion-text-5\"><p style=\"text-align: center; font-size: 13px; line-height: 15px; color: #525252;\">Cultura LGBTQIA+: Cultura universal<\/p>\n<\/div><\/div><\/div><div class=\"fusion-layout-column fusion_builder_column fusion-builder-column-5 fusion_builder_column_1_4 1_4 fusion-flex-column\" style=\"--awb-bg-size:cover;--awb-width-large:25%;--awb-margin-top-large:0px;--awb-spacing-right-large:7.68%;--awb-margin-bottom-large:20px;--awb-spacing-left-large:7.68%;--awb-width-medium:25%;--awb-order-medium:0;--awb-spacing-right-medium:7.68%;--awb-spacing-left-medium:7.68%;--awb-width-small:100%;--awb-order-small:0;--awb-spacing-right-small:1.92%;--awb-spacing-left-small:1.92%;\"><div class=\"fusion-column-wrapper fusion-column-has-shadow fusion-flex-justify-content-flex-start fusion-content-layout-column\"><div class=\"fusion-text fusion-text-6\"><h3 class=\"section-title \" style=\"text-align: center;\"><a href=\"https:\/\/www.pridebarcelona.org\/es\/pride-2024\/\">Pride! 2024<\/a><\/h3>\n<\/div><div class=\"fusion-text fusion-text-7\"><p style=\"text-align: center; font-size: 13px; line-height: 15px; color: #525252;\">Educaci\u00f3n en diversidad sexoafectiva y de g\u00e9nero<\/p>\n<\/div><\/div><\/div><div class=\"fusion-layout-column fusion_builder_column fusion-builder-column-6 fusion_builder_column_1_4 1_4 fusion-flex-column\" style=\"--awb-bg-size:cover;--awb-width-large:25%;--awb-margin-top-large:0px;--awb-spacing-right-large:7.68%;--awb-margin-bottom-large:20px;--awb-spacing-left-large:7.68%;--awb-width-medium:25%;--awb-order-medium:0;--awb-spacing-right-medium:7.68%;--awb-spacing-left-medium:7.68%;--awb-width-small:100%;--awb-order-small:0;--awb-spacing-right-small:1.92%;--awb-spacing-left-small:1.92%;\"><div class=\"fusion-column-wrapper fusion-column-has-shadow fusion-flex-justify-content-flex-start fusion-content-layout-column\"><div class=\"fusion-text fusion-text-8\"><h3 class=\"section-title \" style=\"text-align: center;\"><a href=\"https:\/\/www.pridebarcelona.org\/es\/pride-bcn-2023\/\">Pride! 2023<\/a><\/h3>\n<\/div><div class=\"fusion-text fusion-text-9\"><p style=\"text-align: center; font-size: 13px; line-height: 15px; color: #525252;\">Personas mayores LGTBIQ+<\/p>\n<\/div><\/div><\/div><div class=\"fusion-layout-column fusion_builder_column fusion-builder-column-7 fusion_builder_column_1_4 1_4 fusion-flex-column\" style=\"--awb-bg-size:cover;--awb-width-large:25%;--awb-margin-top-large:0px;--awb-spacing-right-large:7.68%;--awb-margin-bottom-large:20px;--awb-spacing-left-large:7.68%;--awb-width-medium:25%;--awb-order-medium:0;--awb-spacing-right-medium:7.68%;--awb-spacing-left-medium:7.68%;--awb-width-small:100%;--awb-order-small:0;--awb-spacing-right-small:1.92%;--awb-spacing-left-small:1.92%;\"><div class=\"fusion-column-wrapper fusion-column-has-shadow fusion-flex-justify-content-flex-start fusion-content-layout-column\"><div class=\"fusion-text fusion-text-10\"><h3 class=\"section-title \" style=\"text-align: center;\"><a href=\"https:\/\/www.pridebarcelona.org\/es\/pride-bcn-2022\/\">Pride! 2022<\/a><\/h3>\n<\/div><div class=\"fusion-text fusion-text-11\"><p style=\"text-align: center; font-size: 13px; line-height: 15px; color: #525252;\">Visibilidad l\u00e9sbica<\/p>\n<\/div><\/div><\/div><div class=\"fusion-layout-column fusion_builder_column fusion-builder-column-8 fusion_builder_column_1_4 1_4 fusion-flex-column\" style=\"--awb-bg-size:cover;--awb-width-large:25%;--awb-margin-top-large:0px;--awb-spacing-right-large:7.68%;--awb-margin-bottom-large:20px;--awb-spacing-left-large:7.68%;--awb-width-medium:25%;--awb-order-medium:0;--awb-spacing-right-medium:7.68%;--awb-spacing-left-medium:7.68%;--awb-width-small:100%;--awb-order-small:0;--awb-spacing-right-small:1.92%;--awb-spacing-left-small:1.92%;\"><div class=\"fusion-column-wrapper fusion-column-has-shadow fusion-flex-justify-content-flex-start fusion-content-layout-column\"><div class=\"fusion-text fusion-text-12\"><h3 class=\"section-title \" style=\"text-align: center;\"><a href=\"https:\/\/www.pridebarcelona.org\/es\/pride-bcn-2021-contra-el-estigma-del-vih\/\">Pride! 2021<\/a><\/h3>\n<\/div><div class=\"fusion-text fusion-text-13\"><p style=\"text-align: center; font-size: 13px; line-height: 15px; color: #525252;\">Contra el estigma del VIH<\/p>\n<\/div><\/div><\/div><div class=\"fusion-layout-column fusion_builder_column fusion-builder-column-9 fusion_builder_column_1_4 1_4 fusion-flex-column\" style=\"--awb-bg-size:cover;--awb-width-large:25%;--awb-margin-top-large:0px;--awb-spacing-right-large:7.68%;--awb-margin-bottom-large:20px;--awb-spacing-left-large:7.68%;--awb-width-medium:25%;--awb-order-medium:0;--awb-spacing-right-medium:7.68%;--awb-spacing-left-medium:7.68%;--awb-width-small:100%;--awb-order-small:0;--awb-spacing-right-small:1.92%;--awb-spacing-left-small:1.92%;\"><div class=\"fusion-column-wrapper fusion-column-has-shadow fusion-flex-justify-content-flex-start fusion-content-layout-column\"><div class=\"fusion-text fusion-text-14\"><h3 class=\"section-title \" style=\"text-align: center;\"><a href=\"https:\/\/www.pridebarcelona.org\/es\/pride-bcn-2020\/\">Pride! 2020<\/a><\/h3>\n<\/div><div class=\"fusion-text fusion-text-15\"><p style=\"text-align: center; font-size: 13px; line-height: 15px; color: #525252;\">Edici\u00f3n especial TV<\/p>\n<\/div><\/div><\/div><div class=\"fusion-layout-column fusion_builder_column fusion-builder-column-10 fusion_builder_column_1_4 1_4 fusion-flex-column\" style=\"--awb-bg-size:cover;--awb-width-large:25%;--awb-margin-top-large:0px;--awb-spacing-right-large:7.68%;--awb-margin-bottom-large:20px;--awb-spacing-left-large:7.68%;--awb-width-medium:25%;--awb-order-medium:0;--awb-spacing-right-medium:7.68%;--awb-spacing-left-medium:7.68%;--awb-width-small:100%;--awb-order-small:0;--awb-spacing-right-small:1.92%;--awb-spacing-left-small:1.92%;\"><div class=\"fusion-column-wrapper fusion-column-has-shadow fusion-flex-justify-content-flex-start fusion-content-layout-column\"><div class=\"fusion-text fusion-text-16\"><h3 class=\"section-title \" style=\"text-align: center;\"><a href=\"https:\/\/www.pridebarcelona.org\/es\/pride-2019\/\">Pride! 2019<\/a><\/h3>\n<\/div><div class=\"fusion-text fusion-text-17\"><p style=\"text-align: center; font-size: 13px; line-height: 15px; color: #525252;\">Familias LGTBI<\/p>\n<\/div><\/div><\/div><div class=\"fusion-layout-column fusion_builder_column fusion-builder-column-11 fusion_builder_column_1_4 1_4 fusion-flex-column\" style=\"--awb-bg-size:cover;--awb-width-large:25%;--awb-margin-top-large:0px;--awb-spacing-right-large:7.68%;--awb-margin-bottom-large:20px;--awb-spacing-left-large:7.68%;--awb-width-medium:25%;--awb-order-medium:0;--awb-spacing-right-medium:7.68%;--awb-spacing-left-medium:7.68%;--awb-width-small:100%;--awb-order-small:0;--awb-spacing-right-small:1.92%;--awb-spacing-left-small:1.92%;\"><div class=\"fusion-column-wrapper fusion-column-has-shadow fusion-flex-justify-content-flex-start fusion-content-layout-column\"><div class=\"fusion-text fusion-text-18\"><h3 class=\"section-title \" style=\"text-align: center;\"><a href=\"https:\/\/www.pridebarcelona.org\/es\/pride-2018\/\">Pride! 2018<\/a><\/h3>\n<\/div><div class=\"fusion-text fusion-text-19\"><p style=\"text-align: center; font-size: 13px; line-height: 15px; color: #525252;\">Personas refugiadas LGTBI<\/p>\n<\/div><\/div><\/div><div class=\"fusion-layout-column fusion_builder_column fusion-builder-column-12 fusion_builder_column_1_4 1_4 fusion-flex-column\" style=\"--awb-bg-size:cover;--awb-width-large:25%;--awb-margin-top-large:0px;--awb-spacing-right-large:7.68%;--awb-margin-bottom-large:20px;--awb-spacing-left-large:7.68%;--awb-width-medium:25%;--awb-order-medium:0;--awb-spacing-right-medium:7.68%;--awb-spacing-left-medium:7.68%;--awb-width-small:100%;--awb-order-small:0;--awb-spacing-right-small:1.92%;--awb-spacing-left-small:1.92%;\"><div class=\"fusion-column-wrapper fusion-column-has-shadow fusion-flex-justify-content-flex-start fusion-content-layout-column\"><div class=\"fusion-text fusion-text-20\"><h3 class=\"section-title \" style=\"text-align: center;\"><a href=\"https:\/\/www.pridebarcelona.org\/es\/pride-bcn-2017\/\">Pride! 2017<\/a><\/h3>\n<\/div><div class=\"fusion-text fusion-text-21\"><p style=\"text-align: center; font-size: 13px; line-height: 15px; color: #525252;\">Homof\u00f3bia en el deporte<\/p>\n<\/div><\/div><\/div><div class=\"fusion-layout-column fusion_builder_column fusion-builder-column-13 fusion_builder_column_1_4 1_4 fusion-flex-column\" style=\"--awb-bg-size:cover;--awb-width-large:25%;--awb-margin-top-large:0px;--awb-spacing-right-large:7.68%;--awb-margin-bottom-large:20px;--awb-spacing-left-large:7.68%;--awb-width-medium:25%;--awb-order-medium:0;--awb-spacing-right-medium:7.68%;--awb-spacing-left-medium:7.68%;--awb-width-small:100%;--awb-order-small:0;--awb-spacing-right-small:1.92%;--awb-spacing-left-small:1.92%;\"><div class=\"fusion-column-wrapper fusion-column-has-shadow fusion-flex-justify-content-flex-start fusion-content-layout-column\"><div class=\"fusion-text fusion-text-22\"><h3 class=\"section-title \" style=\"text-align: center;\"><a href=\"https:\/\/www.pridebarcelona.org\/es\/pride-bcn-2016\/\">Pride! 2016<\/a><\/h3>\n<\/div><div class=\"fusion-text fusion-text-23\"><p style=\"text-align: center; font-size: 13px; line-height: 15px; color: #525252;\">Personas trans<\/p>\n<\/div><\/div><\/div><div class=\"fusion-layout-column fusion_builder_column fusion-builder-column-14 fusion_builder_column_1_4 1_4 fusion-flex-column\" style=\"--awb-bg-size:cover;--awb-width-large:25%;--awb-margin-top-large:0px;--awb-spacing-right-large:7.68%;--awb-margin-bottom-large:20px;--awb-spacing-left-large:7.68%;--awb-width-medium:25%;--awb-order-medium:0;--awb-spacing-right-medium:7.68%;--awb-spacing-left-medium:7.68%;--awb-width-small:100%;--awb-order-small:0;--awb-spacing-right-small:1.92%;--awb-spacing-left-small:1.92%;\"><div class=\"fusion-column-wrapper fusion-column-has-shadow fusion-flex-justify-content-flex-start fusion-content-layout-column\"><div class=\"fusion-text fusion-text-24\"><h3 class=\"section-title \" style=\"text-align: center;\"><a href=\"https:\/\/www.pridebarcelona.org\/es\/pride-bcn-2015\/\">Pride! 2015<\/a><\/h3>\n<\/div><div class=\"fusion-text fusion-text-25\"><p style=\"text-align: center; font-size: 13px; line-height: 15px; color: #525252;\">Stop bullying LGTBI<\/p>\n<\/div><\/div><\/div><div class=\"fusion-layout-column fusion_builder_column fusion-builder-column-15 fusion_builder_column_1_4 1_4 fusion-flex-column\" style=\"--awb-bg-size:cover;--awb-width-large:25%;--awb-margin-top-large:0px;--awb-spacing-right-large:7.68%;--awb-margin-bottom-large:20px;--awb-spacing-left-large:7.68%;--awb-width-medium:25%;--awb-order-medium:0;--awb-spacing-right-medium:7.68%;--awb-spacing-left-medium:7.68%;--awb-width-small:100%;--awb-order-small:0;--awb-spacing-right-small:1.92%;--awb-spacing-left-small:1.92%;\"><div class=\"fusion-column-wrapper fusion-column-has-shadow fusion-flex-justify-content-flex-start fusion-content-layout-column\"><div class=\"fusion-text fusion-text-26\"><h3 class=\"section-title \" style=\"text-align: center;\"><a href=\"https:\/\/www.pridebarcelona.org\/es\/pride-bcn-2014\/\">Pride! 2014<\/a><\/h3>\n<\/div><div class=\"fusion-text fusion-text-27\"><p style=\"text-align: center; font-size: 13px; line-height: 15px; color: #525252;\">Por los derechos LGTBI<\/p>\n<\/div><\/div><\/div><div class=\"fusion-layout-column fusion_builder_column fusion-builder-column-16 fusion_builder_column_1_4 1_4 fusion-flex-column\" style=\"--awb-bg-size:cover;--awb-width-large:25%;--awb-margin-top-large:0px;--awb-spacing-right-large:7.68%;--awb-margin-bottom-large:20px;--awb-spacing-left-large:7.68%;--awb-width-medium:25%;--awb-order-medium:0;--awb-spacing-right-medium:7.68%;--awb-spacing-left-medium:7.68%;--awb-width-small:100%;--awb-order-small:0;--awb-spacing-right-small:1.92%;--awb-spacing-left-small:1.92%;\"><div class=\"fusion-column-wrapper fusion-column-has-shadow fusion-flex-justify-content-flex-start fusion-content-layout-column\"><div class=\"fusion-text fusion-text-28\"><h3 class=\"section-title \" style=\"text-align: center;\"><a href=\"https:\/\/www.pridebarcelona.org\/es\/pride-bcn-2013\/\">Pride! 2013<\/a><\/h3>\n<\/div><div class=\"fusion-text fusion-text-29\"><p style=\"text-align: center; font-size: 13px; line-height: 15px; color: #525252;\">Por la ley contra LGTBI-f\u00f2bia<\/p>\n<\/div><\/div><\/div><div class=\"fusion-layout-column fusion_builder_column fusion-builder-column-17 fusion_builder_column_1_4 1_4 fusion-flex-column\" style=\"--awb-bg-size:cover;--awb-width-large:25%;--awb-margin-top-large:0px;--awb-spacing-right-large:7.68%;--awb-margin-bottom-large:20px;--awb-spacing-left-large:7.68%;--awb-width-medium:25%;--awb-order-medium:0;--awb-spacing-right-medium:7.68%;--awb-spacing-left-medium:7.68%;--awb-width-small:100%;--awb-order-small:0;--awb-spacing-right-small:1.92%;--awb-spacing-left-small:1.92%;\"><div class=\"fusion-column-wrapper fusion-column-has-shadow fusion-flex-justify-content-flex-start fusion-content-layout-column\"><div class=\"fusion-text fusion-text-30\"><h3 class=\"section-title \" style=\"text-align: center;\"><a href=\"https:\/\/www.pridebarcelona.org\/es\/pride-bcn-2012\/\">Pride! 2012<\/a><\/h3>\n<\/div><div class=\"fusion-text fusion-text-31\"><p style=\"text-align: center; font-size: 13px; line-height: 15px; color: #525252;\">Apoyo al matrimonio igualitario<\/p>\n<\/div><\/div><\/div><div class=\"fusion-layout-column fusion_builder_column fusion-builder-column-18 fusion_builder_column_1_4 1_4 fusion-flex-column\" style=\"--awb-bg-size:cover;--awb-width-large:25%;--awb-margin-top-large:0px;--awb-spacing-right-large:7.68%;--awb-margin-bottom-large:20px;--awb-spacing-left-large:7.68%;--awb-width-medium:25%;--awb-order-medium:0;--awb-spacing-right-medium:7.68%;--awb-spacing-left-medium:7.68%;--awb-width-small:100%;--awb-order-small:0;--awb-spacing-right-small:1.92%;--awb-spacing-left-small:1.92%;\"><div class=\"fusion-column-wrapper fusion-column-has-shadow fusion-flex-justify-content-flex-start fusion-content-layout-column\"><div class=\"fusion-text fusion-text-32\"><h3 class=\"section-title \" style=\"text-align: center;\"><a href=\"https:\/\/www.pridebarcelona.org\/es\/pride-bcn-2011\/\">Pride! 2011<\/a><\/h3>\n<\/div><div class=\"fusion-text fusion-text-33\"><p style=\"text-align: center; font-size: 13px; line-height: 15px; color: #525252;\">Por la salud y la igualdad<\/p>\n<\/div><\/div><\/div><div class=\"fusion-layout-column fusion_builder_column fusion-builder-column-19 fusion_builder_column_1_4 1_4 fusion-flex-column\" style=\"--awb-bg-size:cover;--awb-width-large:25%;--awb-margin-top-large:0px;--awb-spacing-right-large:7.68%;--awb-margin-bottom-large:20px;--awb-spacing-left-large:7.68%;--awb-width-medium:25%;--awb-order-medium:0;--awb-spacing-right-medium:7.68%;--awb-spacing-left-medium:7.68%;--awb-width-small:100%;--awb-order-small:0;--awb-spacing-right-small:1.92%;--awb-spacing-left-small:1.92%;\"><div class=\"fusion-column-wrapper fusion-column-has-shadow fusion-flex-justify-content-flex-start fusion-content-layout-column\"><div class=\"fusion-text fusion-text-34\"><h3 class=\"section-title \" style=\"text-align: center;\"><a href=\"https:\/\/www.pridebarcelona.org\/es\/pride-bcn-2010\/\">Pride! 2010<\/a><\/h3>\n<\/div><div class=\"fusion-text fusion-text-35\"><p style=\"text-align: center; font-size: 13px; line-height: 15px; color: #525252;\">Por la igualdad trans<\/p>\n<\/div><\/div><\/div><\/div><\/div>\n","protected":false},"excerpt":{"rendered":"Barcelona ya est\u00e1 preparada para daros la bienvenida este mes  [...]","protected":false},"author":6,"featured_media":0,"parent":0,"menu_order":0,"comment_status":"closed","ping_status":"closed","template":"100-width.php","meta":{"footnotes":""},"class_list":["post-7698","page","type-page","status-publish","hentry"],"_links":{"self":[{"href":"https:\/\/www.pridebarcelona.org\/es\/wp-json\/wp\/v2\/pages\/7698","targetHints":{"allow":["GET"]}}],"collection":[{"href":"https:\/\/www.pridebarcelona.org\/es\/wp-json\/wp\/v2\/pages"}],"about":[{"href":"https:\/\/www.pridebarcelona.org\/es\/wp-json\/wp\/v2\/types\/page"}],"author":[{"embeddable":true,"href":"https:\/\/www.pridebarcelona.org\/es\/wp-json\/wp\/v2\/users\/6"}],"replies":[{"embeddable":true,"href":"https:\/\/www.pridebarcelona.org\/es\/wp-json\/wp\/v2\/comments?post=7698"}],"version-history":[{"count":2,"href":"https:\/\/www.pridebarcelona.org\/es\/wp-json\/wp\/v2\/pages\/7698\/revisions"}],"predecessor-version":[{"id":8115,"href":"https:\/\/www.pridebarcelona.org\/es\/wp-json\/wp\/v2\/pages\/7698\/revisions\/8115"}],"wp:attachment":[{"href":"https:\/\/www.pridebarcelona.org\/es\/wp-json\/wp\/v2\/media?parent=7698"}],"curies":[{"name":"wp","href":"https:\/\/api.w.org\/{rel}","templated":true}]}}