{"id":7661,"date":"2025-07-02T13:52:05","date_gmt":"2025-07-02T11:52:05","guid":{"rendered":"https:\/\/www.pridebarcelona.org\/pride-bcn-2012\/"},"modified":"2025-08-25T09:41:03","modified_gmt":"2025-08-25T07:41:03","slug":"pride-bcn-2012","status":"publish","type":"page","link":"https:\/\/www.pridebarcelona.org\/es\/pride-bcn-2012\/","title":{"rendered":"Pride BCN 2012"},"content":{"rendered":"<div class=\"fusion-fullwidth fullwidth-box fusion-builder-row-1 fusion-flex-container has-pattern-background has-mask-background nonhundred-percent-fullwidth non-hundred-percent-height-scrolling\" style=\"--awb-border-radius-top-left:0px;--awb-border-radius-top-right:0px;--awb-border-radius-bottom-right:0px;--awb-border-radius-bottom-left:0px;--awb-padding-top:100px;--awb-background-image:linear-gradient(180deg, #efefef 0%,#ffffff 15%);--awb-flex-wrap:wrap;\" ><div class=\"fusion-builder-row fusion-row fusion-flex-align-items-flex-start fusion-flex-content-wrap\" style=\"max-width:1248px;margin-left: calc(-4% \/ 2 );margin-right: calc(-4% \/ 2 );\"><div class=\"fusion-layout-column fusion_builder_column fusion-builder-column-0 fusion_builder_column_1_1 1_1 fusion-flex-column\" style=\"--awb-bg-size:cover;--awb-width-large:100%;--awb-margin-top-large:0px;--awb-spacing-right-large:1.92%;--awb-margin-bottom-large:20px;--awb-spacing-left-large:1.92%;--awb-width-medium:100%;--awb-order-medium:0;--awb-spacing-right-medium:1.92%;--awb-spacing-left-medium:1.92%;--awb-width-small:100%;--awb-order-small:0;--awb-spacing-right-small:1.92%;--awb-spacing-left-small:1.92%;\"><div class=\"fusion-column-wrapper fusion-column-has-shadow fusion-flex-justify-content-flex-start fusion-content-layout-column\"><div class=\"fusion-text fusion-text-1\"><h2 style=\"text-align: center;\">Barcelona, preparada para recibir el Pride Barcelona 2012<\/h2>\n<\/div><\/div><\/div><\/div><\/div><div class=\"fusion-fullwidth fullwidth-box fusion-builder-row-2 fusion-flex-container has-pattern-background has-mask-background nonhundred-percent-fullwidth non-hundred-percent-height-scrolling\" style=\"--awb-border-radius-top-left:0px;--awb-border-radius-top-right:0px;--awb-border-radius-bottom-right:0px;--awb-border-radius-bottom-left:0px;--awb-flex-wrap:wrap;\" ><div class=\"fusion-builder-row fusion-row fusion-flex-align-items-flex-start fusion-flex-content-wrap\" style=\"max-width:1248px;margin-left: calc(-4% \/ 2 );margin-right: calc(-4% \/ 2 );\"><div class=\"fusion-layout-column fusion_builder_column fusion-builder-column-1 fusion_builder_column_1_2 1_2 fusion-flex-column\" style=\"--awb-bg-size:cover;--awb-width-large:50%;--awb-margin-top-large:0px;--awb-spacing-right-large:3.84%;--awb-margin-bottom-large:20px;--awb-spacing-left-large:3.84%;--awb-width-medium:50%;--awb-order-medium:0;--awb-spacing-right-medium:3.84%;--awb-spacing-left-medium:3.84%;--awb-width-small:100%;--awb-order-small:0;--awb-spacing-right-small:1.92%;--awb-spacing-left-small:1.92%;\"><div class=\"fusion-column-wrapper fusion-column-has-shadow fusion-flex-justify-content-flex-start fusion-content-layout-column\"><div class=\"fusion-text fusion-text-2\"><p><span style=\"font-weight: 400;\">Por <\/span><b>cuarto a\u00f1o consecutivo<\/b><span style=\"font-weight: 400;\">, <\/span><b>Barcelona ya est\u00e1 lista para daros la bienvenida<\/b><span style=\"font-weight: 400;\"> del <\/span><b>22 de junio al 1 de julio de 2012<\/b><span style=\"font-weight: 400;\">, con los d\u00edas principales <\/span><b>29, 30 de junio y 1 de julio<\/b><span style=\"font-weight: 400;\">, a la celebraci\u00f3n del <\/span><b>Orgullo LGBT m\u00e1s importante del Mediterr\u00e1neo: Pride Barcelona 2012<\/b><span style=\"font-weight: 400;\">.<\/span><\/p>\n<p><b>30 asociaciones, empresas y toda la comunidad LGBT<\/b><span style=\"font-weight: 400;\"> se han unido para organizar un nuevo Orgullo en Barcelona que, durante m\u00e1s de una semana, ofrecer\u00e1 <\/span><b>cultura, deporte, debate, ocio y fiesta<\/b><span style=\"font-weight: 400;\">.<\/span><\/p>\n<p><span style=\"font-weight: 400;\">Una <\/span><b>celebraci\u00f3n gratuita, popular y sin \u00e1nimo de lucro<\/b><span style=\"font-weight: 400;\">, que mostrar\u00e1 <\/span><b>lo mejor de la ciudad<\/b><span style=\"font-weight: 400;\"> y que se extender\u00e1 tambi\u00e9n a otras localidades de Catalu\u00f1a, en una <\/span><b>acci\u00f3n de gran visibilidad e impacto social<\/b><span style=\"font-weight: 400;\">.<\/span><\/p>\n<p><span style=\"font-weight: 400;\">Nuestro pa\u00eds, <\/span><b>ejemplo en lo que respecta a los derechos de las personas LGBT<\/b><span style=\"font-weight: 400;\">, ya forma parte del mapa de las <\/span><b>celebraciones mundiales del Orgullo<\/b><span style=\"font-weight: 400;\">, reafirmando nuestro <\/span><b>car\u00e1cter respetuoso y plural<\/b><span style=\"font-weight: 400;\">, y mostr\u00e1ndonos al mundo <\/span><b>con orgullo y abiertamente<\/b><span style=\"font-weight: 400;\">.<\/span><\/p>\n<p><b>Disfruta del nuevo Pride Barcelona 2012<\/b><span style=\"font-weight: 400;\"> y s\u00e9 <\/span><b>testigo privilegiado<\/b><span style=\"font-weight: 400;\"> de un evento que <\/span><b>ya destaca entre las celebraciones del Orgullo a nivel internacional<\/b><span style=\"font-weight: 400;\">.<\/span><\/p>\n<\/div><\/div><\/div><div class=\"fusion-layout-column fusion_builder_column fusion-builder-column-2 fusion_builder_column_1_2 1_2 fusion-flex-column\" style=\"--awb-bg-size:cover;--awb-width-large:50%;--awb-margin-top-large:0px;--awb-spacing-right-large:3.84%;--awb-margin-bottom-large:20px;--awb-spacing-left-large:3.84%;--awb-width-medium:50%;--awb-order-medium:0;--awb-spacing-right-medium:3.84%;--awb-spacing-left-medium:3.84%;--awb-width-small:100%;--awb-order-small:0;--awb-spacing-right-small:1.92%;--awb-spacing-left-small:1.92%;\"><div class=\"fusion-column-wrapper fusion-column-has-shadow fusion-flex-justify-content-flex-start fusion-content-layout-column\"><div class=\"fusion-image-element \" style=\"--awb-caption-title-font-family:var(--h2_typography-font-family);--awb-caption-title-font-weight:var(--h2_typography-font-weight);--awb-caption-title-font-style:var(--h2_typography-font-style);--awb-caption-title-size:var(--h2_typography-font-size);--awb-caption-title-transform:var(--h2_typography-text-transform);--awb-caption-title-line-height:var(--h2_typography-line-height);--awb-caption-title-letter-spacing:var(--h2_typography-letter-spacing);\"><span class=\" fusion-imageframe imageframe-none imageframe-1 hover-type-none\"><img decoding=\"async\" width=\"283\" height=\"464\" title=\"Pride 2012\" src=\"https:\/\/www.pridebarcelona.org\/wp-content\/uploads\/2025\/07\/Pride-2012.jpg\" alt class=\"img-responsive wp-image-8020\" srcset=\"https:\/\/www.pridebarcelona.org\/wp-content\/uploads\/2025\/07\/Pride-2012-200x328.jpg 200w, https:\/\/www.pridebarcelona.org\/wp-content\/uploads\/2025\/07\/Pride-2012.jpg 283w\" sizes=\"(max-width: 640px) 100vw, 283px\" \/><\/span><\/div><\/div><\/div><\/div><\/div><div class=\"fusion-fullwidth fullwidth-box fusion-builder-row-3 fusion-flex-container has-pattern-background has-mask-background nonhundred-percent-fullwidth non-hundred-percent-height-scrolling\" style=\"--awb-border-radius-top-left:0px;--awb-border-radius-top-right:0px;--awb-border-radius-bottom-right:0px;--awb-border-radius-bottom-left:0px;--awb-margin-top:50px;--awb-margin-bottom:30px;--awb-flex-wrap:wrap;\" ><div class=\"fusion-builder-row fusion-row fusion-flex-align-items-flex-start fusion-flex-justify-content-center fusion-flex-content-wrap\" style=\"max-width:1248px;margin-left: calc(-4% \/ 2 );margin-right: calc(-4% \/ 2 );\"><div class=\"fusion-layout-column fusion_builder_column fusion-builder-column-3 fusion_builder_column_1_1 1_1 fusion-flex-column\" style=\"--awb-bg-size:cover;--awb-width-large:100%;--awb-margin-top-large:0px;--awb-spacing-right-large:1.92%;--awb-margin-bottom-large:20px;--awb-spacing-left-large:1.92%;--awb-width-medium:100%;--awb-order-medium:0;--awb-spacing-right-medium:1.92%;--awb-spacing-left-medium:1.92%;--awb-width-small:100%;--awb-order-small:0;--awb-spacing-right-small:1.92%;--awb-spacing-left-small:1.92%;\"><div class=\"fusion-column-wrapper fusion-column-has-shadow fusion-flex-justify-content-flex-start fusion-content-layout-column\"><div class=\"fusion-text fusion-text-3\"><h4 class=\"section-title \" style=\"text-align: center;\">Otras ediciones<\/h4>\n<\/div><\/div><\/div><div class=\"fusion-layout-column fusion_builder_column fusion-builder-column-4 fusion_builder_column_1_4 1_4 fusion-flex-column\" style=\"--awb-bg-size:cover;--awb-width-large:25%;--awb-margin-top-large:0px;--awb-spacing-right-large:7.68%;--awb-margin-bottom-large:20px;--awb-spacing-left-large:7.68%;--awb-width-medium:25%;--awb-order-medium:0;--awb-spacing-right-medium:7.68%;--awb-spacing-left-medium:7.68%;--awb-width-small:100%;--awb-order-small:0;--awb-spacing-right-small:1.92%;--awb-spacing-left-small:1.92%;\"><div class=\"fusion-column-wrapper fusion-column-has-shadow fusion-flex-justify-content-flex-start fusion-content-layout-column\"><div class=\"fusion-text fusion-text-4\"><h3 class=\"section-title \" style=\"text-align: center;\"><a href=\"https:\/\/www.pridebarcelona.org\/es\/pride-2025-2\/\">Pride! 2025<\/a><\/h3>\n<\/div><div class=\"fusion-text fusion-text-5\"><p style=\"text-align: center; font-size: 13px; line-height: 15px; color: #525252;\">Cultura LGBTQIA+: Cultura universal<\/p>\n<\/div><\/div><\/div><div class=\"fusion-layout-column fusion_builder_column fusion-builder-column-5 fusion_builder_column_1_4 1_4 fusion-flex-column\" style=\"--awb-bg-size:cover;--awb-width-large:25%;--awb-margin-top-large:0px;--awb-spacing-right-large:7.68%;--awb-margin-bottom-large:20px;--awb-spacing-left-large:7.68%;--awb-width-medium:25%;--awb-order-medium:0;--awb-spacing-right-medium:7.68%;--awb-spacing-left-medium:7.68%;--awb-width-small:100%;--awb-order-small:0;--awb-spacing-right-small:1.92%;--awb-spacing-left-small:1.92%;\"><div class=\"fusion-column-wrapper fusion-column-has-shadow fusion-flex-justify-content-flex-start fusion-content-layout-column\"><div class=\"fusion-text fusion-text-6\"><h3 class=\"section-title \" style=\"text-align: center;\"><a href=\"https:\/\/www.pridebarcelona.org\/es\/pride-2024\/\">Pride! 2024<\/a><\/h3>\n<\/div><div class=\"fusion-text fusion-text-7\"><p style=\"text-align: center; font-size: 13px; line-height: 15px; color: #525252;\">Educaci\u00f3n en diversidad sexoafectiva y de g\u00e9nero<\/p>\n<\/div><\/div><\/div><div class=\"fusion-layout-column fusion_builder_column fusion-builder-column-6 fusion_builder_column_1_4 1_4 fusion-flex-column\" style=\"--awb-bg-size:cover;--awb-width-large:25%;--awb-margin-top-large:0px;--awb-spacing-right-large:7.68%;--awb-margin-bottom-large:20px;--awb-spacing-left-large:7.68%;--awb-width-medium:25%;--awb-order-medium:0;--awb-spacing-right-medium:7.68%;--awb-spacing-left-medium:7.68%;--awb-width-small:100%;--awb-order-small:0;--awb-spacing-right-small:1.92%;--awb-spacing-left-small:1.92%;\"><div class=\"fusion-column-wrapper fusion-column-has-shadow fusion-flex-justify-content-flex-start fusion-content-layout-column\"><div class=\"fusion-text fusion-text-8\"><h3 class=\"section-title \" style=\"text-align: center;\"><a href=\"https:\/\/www.pridebarcelona.org\/es\/pride-bcn-2023\/\">Pride! 2023<\/a><\/h3>\n<\/div><div class=\"fusion-text fusion-text-9\"><p style=\"text-align: center; font-size: 13px; line-height: 15px; color: #525252;\">Personas mayores LGTBIQ+<\/p>\n<\/div><\/div><\/div><div class=\"fusion-layout-column fusion_builder_column fusion-builder-column-7 fusion_builder_column_1_4 1_4 fusion-flex-column\" style=\"--awb-bg-size:cover;--awb-width-large:25%;--awb-margin-top-large:0px;--awb-spacing-right-large:7.68%;--awb-margin-bottom-large:20px;--awb-spacing-left-large:7.68%;--awb-width-medium:25%;--awb-order-medium:0;--awb-spacing-right-medium:7.68%;--awb-spacing-left-medium:7.68%;--awb-width-small:100%;--awb-order-small:0;--awb-spacing-right-small:1.92%;--awb-spacing-left-small:1.92%;\"><div class=\"fusion-column-wrapper fusion-column-has-shadow fusion-flex-justify-content-flex-start fusion-content-layout-column\"><div class=\"fusion-text fusion-text-10\"><h3 class=\"section-title \" style=\"text-align: center;\"><a href=\"https:\/\/www.pridebarcelona.org\/es\/pride-bcn-2022\/\">Pride! 2022<\/a><\/h3>\n<\/div><div class=\"fusion-text fusion-text-11\"><p style=\"text-align: center; font-size: 13px; line-height: 15px; color: #525252;\">Visibilidad l\u00e9sbica<\/p>\n<\/div><\/div><\/div><div class=\"fusion-layout-column fusion_builder_column fusion-builder-column-8 fusion_builder_column_1_4 1_4 fusion-flex-column\" style=\"--awb-bg-size:cover;--awb-width-large:25%;--awb-margin-top-large:0px;--awb-spacing-right-large:7.68%;--awb-margin-bottom-large:20px;--awb-spacing-left-large:7.68%;--awb-width-medium:25%;--awb-order-medium:0;--awb-spacing-right-medium:7.68%;--awb-spacing-left-medium:7.68%;--awb-width-small:100%;--awb-order-small:0;--awb-spacing-right-small:1.92%;--awb-spacing-left-small:1.92%;\"><div class=\"fusion-column-wrapper fusion-column-has-shadow fusion-flex-justify-content-flex-start fusion-content-layout-column\"><div class=\"fusion-text fusion-text-12\"><h3 class=\"section-title \" style=\"text-align: center;\"><a href=\"https:\/\/www.pridebarcelona.org\/es\/pride-bcn-2021-contra-el-estigma-del-vih\/\">Pride! 2021<\/a><\/h3>\n<\/div><div class=\"fusion-text fusion-text-13\"><p style=\"text-align: center; font-size: 13px; line-height: 15px; color: #525252;\">Contra el estigma del VIH<\/p>\n<\/div><\/div><\/div><div class=\"fusion-layout-column fusion_builder_column fusion-builder-column-9 fusion_builder_column_1_4 1_4 fusion-flex-column\" style=\"--awb-bg-size:cover;--awb-width-large:25%;--awb-margin-top-large:0px;--awb-spacing-right-large:7.68%;--awb-margin-bottom-large:20px;--awb-spacing-left-large:7.68%;--awb-width-medium:25%;--awb-order-medium:0;--awb-spacing-right-medium:7.68%;--awb-spacing-left-medium:7.68%;--awb-width-small:100%;--awb-order-small:0;--awb-spacing-right-small:1.92%;--awb-spacing-left-small:1.92%;\"><div class=\"fusion-column-wrapper fusion-column-has-shadow fusion-flex-justify-content-flex-start fusion-content-layout-column\"><div class=\"fusion-text fusion-text-14\"><h3 class=\"section-title \" style=\"text-align: center;\"><a href=\"https:\/\/www.pridebarcelona.org\/es\/pride-bcn-2020\/\">Pride! 2020<\/a><\/h3>\n<\/div><div class=\"fusion-text fusion-text-15\"><p style=\"text-align: center; font-size: 13px; line-height: 15px; color: #525252;\">Edici\u00f3n especial TV<\/p>\n<\/div><\/div><\/div><div class=\"fusion-layout-column fusion_builder_column fusion-builder-column-10 fusion_builder_column_1_4 1_4 fusion-flex-column\" style=\"--awb-bg-size:cover;--awb-width-large:25%;--awb-margin-top-large:0px;--awb-spacing-right-large:7.68%;--awb-margin-bottom-large:20px;--awb-spacing-left-large:7.68%;--awb-width-medium:25%;--awb-order-medium:0;--awb-spacing-right-medium:7.68%;--awb-spacing-left-medium:7.68%;--awb-width-small:100%;--awb-order-small:0;--awb-spacing-right-small:1.92%;--awb-spacing-left-small:1.92%;\"><div class=\"fusion-column-wrapper fusion-column-has-shadow fusion-flex-justify-content-flex-start fusion-content-layout-column\"><div class=\"fusion-text fusion-text-16\"><h3 class=\"section-title \" style=\"text-align: center;\"><a href=\"https:\/\/www.pridebarcelona.org\/es\/pride-2019\/\">Pride! 2019<\/a><\/h3>\n<\/div><div class=\"fusion-text fusion-text-17\"><p style=\"text-align: center; font-size: 13px; line-height: 15px; color: #525252;\">Familias LGTBI<\/p>\n<\/div><\/div><\/div><div class=\"fusion-layout-column fusion_builder_column fusion-builder-column-11 fusion_builder_column_1_4 1_4 fusion-flex-column\" style=\"--awb-bg-size:cover;--awb-width-large:25%;--awb-margin-top-large:0px;--awb-spacing-right-large:7.68%;--awb-margin-bottom-large:20px;--awb-spacing-left-large:7.68%;--awb-width-medium:25%;--awb-order-medium:0;--awb-spacing-right-medium:7.68%;--awb-spacing-left-medium:7.68%;--awb-width-small:100%;--awb-order-small:0;--awb-spacing-right-small:1.92%;--awb-spacing-left-small:1.92%;\"><div class=\"fusion-column-wrapper fusion-column-has-shadow fusion-flex-justify-content-flex-start fusion-content-layout-column\"><div class=\"fusion-text fusion-text-18\"><h3 class=\"section-title \" style=\"text-align: center;\"><a href=\"https:\/\/www.pridebarcelona.org\/es\/pride-2018\/\">Pride! 2018<\/a><\/h3>\n<\/div><div class=\"fusion-text fusion-text-19\"><p style=\"text-align: center; font-size: 13px; line-height: 15px; color: #525252;\">Personas refugiadas LGTBI<\/p>\n<\/div><\/div><\/div><div class=\"fusion-layout-column fusion_builder_column fusion-builder-column-12 fusion_builder_column_1_4 1_4 fusion-flex-column\" style=\"--awb-bg-size:cover;--awb-width-large:25%;--awb-margin-top-large:0px;--awb-spacing-right-large:7.68%;--awb-margin-bottom-large:20px;--awb-spacing-left-large:7.68%;--awb-width-medium:25%;--awb-order-medium:0;--awb-spacing-right-medium:7.68%;--awb-spacing-left-medium:7.68%;--awb-width-small:100%;--awb-order-small:0;--awb-spacing-right-small:1.92%;--awb-spacing-left-small:1.92%;\"><div class=\"fusion-column-wrapper fusion-column-has-shadow fusion-flex-justify-content-flex-start fusion-content-layout-column\"><div class=\"fusion-text fusion-text-20\"><h3 class=\"section-title \" style=\"text-align: center;\"><a href=\"https:\/\/www.pridebarcelona.org\/es\/pride-bcn-2017\/\">Pride! 2017<\/a><\/h3>\n<\/div><div class=\"fusion-text fusion-text-21\"><p style=\"text-align: center; font-size: 13px; line-height: 15px; color: #525252;\">Homof\u00f3bia en el deporte<\/p>\n<\/div><\/div><\/div><div class=\"fusion-layout-column fusion_builder_column fusion-builder-column-13 fusion_builder_column_1_4 1_4 fusion-flex-column\" style=\"--awb-bg-size:cover;--awb-width-large:25%;--awb-margin-top-large:0px;--awb-spacing-right-large:7.68%;--awb-margin-bottom-large:20px;--awb-spacing-left-large:7.68%;--awb-width-medium:25%;--awb-order-medium:0;--awb-spacing-right-medium:7.68%;--awb-spacing-left-medium:7.68%;--awb-width-small:100%;--awb-order-small:0;--awb-spacing-right-small:1.92%;--awb-spacing-left-small:1.92%;\"><div class=\"fusion-column-wrapper fusion-column-has-shadow fusion-flex-justify-content-flex-start fusion-content-layout-column\"><div class=\"fusion-text fusion-text-22\"><h3 class=\"section-title \" style=\"text-align: center;\"><a href=\"https:\/\/www.pridebarcelona.org\/es\/pride-bcn-2016\/\">Pride! 2016<\/a><\/h3>\n<\/div><div class=\"fusion-text fusion-text-23\"><p style=\"text-align: center; font-size: 13px; line-height: 15px; color: #525252;\">Personas trans<\/p>\n<\/div><\/div><\/div><div class=\"fusion-layout-column fusion_builder_column fusion-builder-column-14 fusion_builder_column_1_4 1_4 fusion-flex-column\" style=\"--awb-bg-size:cover;--awb-width-large:25%;--awb-margin-top-large:0px;--awb-spacing-right-large:7.68%;--awb-margin-bottom-large:20px;--awb-spacing-left-large:7.68%;--awb-width-medium:25%;--awb-order-medium:0;--awb-spacing-right-medium:7.68%;--awb-spacing-left-medium:7.68%;--awb-width-small:100%;--awb-order-small:0;--awb-spacing-right-small:1.92%;--awb-spacing-left-small:1.92%;\"><div class=\"fusion-column-wrapper fusion-column-has-shadow fusion-flex-justify-content-flex-start fusion-content-layout-column\"><div class=\"fusion-text fusion-text-24\"><h3 class=\"section-title \" style=\"text-align: center;\"><a href=\"https:\/\/www.pridebarcelona.org\/es\/pride-bcn-2015\/\">Pride! 2015<\/a><\/h3>\n<\/div><div class=\"fusion-text fusion-text-25\"><p style=\"text-align: center; font-size: 13px; line-height: 15px; color: #525252;\">Stop bullying LGTBI<\/p>\n<\/div><\/div><\/div><div class=\"fusion-layout-column fusion_builder_column fusion-builder-column-15 fusion_builder_column_1_4 1_4 fusion-flex-column\" style=\"--awb-bg-size:cover;--awb-width-large:25%;--awb-margin-top-large:0px;--awb-spacing-right-large:7.68%;--awb-margin-bottom-large:20px;--awb-spacing-left-large:7.68%;--awb-width-medium:25%;--awb-order-medium:0;--awb-spacing-right-medium:7.68%;--awb-spacing-left-medium:7.68%;--awb-width-small:100%;--awb-order-small:0;--awb-spacing-right-small:1.92%;--awb-spacing-left-small:1.92%;\"><div class=\"fusion-column-wrapper fusion-column-has-shadow fusion-flex-justify-content-flex-start fusion-content-layout-column\"><div class=\"fusion-text fusion-text-26\"><h3 class=\"section-title \" style=\"text-align: center;\"><a href=\"https:\/\/www.pridebarcelona.org\/es\/pride-bcn-2014\/\">Pride! 2014<\/a><\/h3>\n<\/div><div class=\"fusion-text fusion-text-27\"><p style=\"text-align: center; font-size: 13px; line-height: 15px; color: #525252;\">Por los derechos LGTBI<\/p>\n<\/div><\/div><\/div><div class=\"fusion-layout-column fusion_builder_column fusion-builder-column-16 fusion_builder_column_1_4 1_4 fusion-flex-column\" style=\"--awb-bg-size:cover;--awb-width-large:25%;--awb-margin-top-large:0px;--awb-spacing-right-large:7.68%;--awb-margin-bottom-large:20px;--awb-spacing-left-large:7.68%;--awb-width-medium:25%;--awb-order-medium:0;--awb-spacing-right-medium:7.68%;--awb-spacing-left-medium:7.68%;--awb-width-small:100%;--awb-order-small:0;--awb-spacing-right-small:1.92%;--awb-spacing-left-small:1.92%;\"><div class=\"fusion-column-wrapper fusion-column-has-shadow fusion-flex-justify-content-flex-start fusion-content-layout-column\"><div class=\"fusion-text fusion-text-28\"><h3 class=\"section-title \" style=\"text-align: center;\"><a href=\"https:\/\/www.pridebarcelona.org\/es\/pride-bcn-2013\/\">Pride! 2013<\/a><\/h3>\n<\/div><div class=\"fusion-text fusion-text-29\"><p style=\"text-align: center; font-size: 13px; line-height: 15px; color: #525252;\">Por la ley contra LGTBI-f\u00f2bia<\/p>\n<\/div><\/div><\/div><div class=\"fusion-layout-column fusion_builder_column fusion-builder-column-17 fusion_builder_column_1_4 1_4 fusion-flex-column\" style=\"--awb-bg-size:cover;--awb-width-large:25%;--awb-margin-top-large:0px;--awb-spacing-right-large:7.68%;--awb-margin-bottom-large:20px;--awb-spacing-left-large:7.68%;--awb-width-medium:25%;--awb-order-medium:0;--awb-spacing-right-medium:7.68%;--awb-spacing-left-medium:7.68%;--awb-width-small:100%;--awb-order-small:0;--awb-spacing-right-small:1.92%;--awb-spacing-left-small:1.92%;\"><div class=\"fusion-column-wrapper fusion-column-has-shadow fusion-flex-justify-content-flex-start fusion-content-layout-column\"><div class=\"fusion-text fusion-text-30\"><h3 class=\"section-title \" style=\"text-align: center;\"><a href=\"https:\/\/www.pridebarcelona.org\/es\/pride-bcn-2011\/\">Pride! 2011<\/a><\/h3>\n<\/div><div class=\"fusion-text fusion-text-31\"><p style=\"text-align: center; font-size: 13px; line-height: 15px; color: #525252;\">Por la salud y la igualdad<\/p>\n<\/div><\/div><\/div><div class=\"fusion-layout-column fusion_builder_column fusion-builder-column-18 fusion_builder_column_1_4 1_4 fusion-flex-column\" style=\"--awb-bg-size:cover;--awb-width-large:25%;--awb-margin-top-large:0px;--awb-spacing-right-large:7.68%;--awb-margin-bottom-large:20px;--awb-spacing-left-large:7.68%;--awb-width-medium:25%;--awb-order-medium:0;--awb-spacing-right-medium:7.68%;--awb-spacing-left-medium:7.68%;--awb-width-small:100%;--awb-order-small:0;--awb-spacing-right-small:1.92%;--awb-spacing-left-small:1.92%;\"><div class=\"fusion-column-wrapper fusion-column-has-shadow fusion-flex-justify-content-flex-start fusion-content-layout-column\"><div class=\"fusion-text fusion-text-32\"><h3 class=\"section-title \" style=\"text-align: center;\"><a href=\"https:\/\/www.pridebarcelona.org\/es\/pride-bcn-2010\/\">Pride! 2010<\/a><\/h3>\n<\/div><div class=\"fusion-text fusion-text-33\"><p style=\"text-align: center; font-size: 13px; line-height: 15px; color: #525252;\">Por la igualdad trans<\/p>\n<\/div><\/div><\/div><div class=\"fusion-layout-column fusion_builder_column fusion-builder-column-19 fusion_builder_column_1_4 1_4 fusion-flex-column\" style=\"--awb-bg-size:cover;--awb-width-large:25%;--awb-margin-top-large:0px;--awb-spacing-right-large:7.68%;--awb-margin-bottom-large:20px;--awb-spacing-left-large:7.68%;--awb-width-medium:25%;--awb-order-medium:0;--awb-spacing-right-medium:7.68%;--awb-spacing-left-medium:7.68%;--awb-width-small:100%;--awb-order-small:0;--awb-spacing-right-small:1.92%;--awb-spacing-left-small:1.92%;\"><div class=\"fusion-column-wrapper fusion-column-has-shadow fusion-flex-justify-content-flex-start fusion-content-layout-column\"><div class=\"fusion-text fusion-text-34\"><h3 class=\"section-title \" style=\"text-align: center;\"><a href=\"https:\/\/www.pridebarcelona.org\/es\/pride-bcn-2009\/\">Pride! 2009<\/a><\/h3>\n<\/div><div class=\"fusion-text fusion-text-35\"><p style=\"text-align: center; font-size: 13px; line-height: 15px; color: #525252;\">Por los derechos LGTBI<\/p>\n<\/div><\/div><\/div><\/div><\/div>\n","protected":false},"excerpt":{"rendered":"Barcelona, preparada para recibir el Pride Barcelona 2012 Por cuarto  [...]","protected":false},"author":6,"featured_media":0,"parent":0,"menu_order":0,"comment_status":"closed","ping_status":"closed","template":"100-width.php","meta":{"footnotes":""},"class_list":["post-7661","page","type-page","status-publish","hentry"],"_links":{"self":[{"href":"https:\/\/www.pridebarcelona.org\/es\/wp-json\/wp\/v2\/pages\/7661","targetHints":{"allow":["GET"]}}],"collection":[{"href":"https:\/\/www.pridebarcelona.org\/es\/wp-json\/wp\/v2\/pages"}],"about":[{"href":"https:\/\/www.pridebarcelona.org\/es\/wp-json\/wp\/v2\/types\/page"}],"author":[{"embeddable":true,"href":"https:\/\/www.pridebarcelona.org\/es\/wp-json\/wp\/v2\/users\/6"}],"replies":[{"embeddable":true,"href":"https:\/\/www.pridebarcelona.org\/es\/wp-json\/wp\/v2\/comments?post=7661"}],"version-history":[{"count":4,"href":"https:\/\/www.pridebarcelona.org\/es\/wp-json\/wp\/v2\/pages\/7661\/revisions"}],"predecessor-version":[{"id":8112,"href":"https:\/\/www.pridebarcelona.org\/es\/wp-json\/wp\/v2\/pages\/7661\/revisions\/8112"}],"wp:attachment":[{"href":"https:\/\/www.pridebarcelona.org\/es\/wp-json\/wp\/v2\/media?parent=7661"}],"curies":[{"name":"wp","href":"https:\/\/api.w.org\/{rel}","templated":true}]}}