{"id":7639,"date":"2025-07-02T13:16:35","date_gmt":"2025-07-02T11:16:35","guid":{"rendered":"https:\/\/www.pridebarcelona.org\/?page_id=7639"},"modified":"2025-08-25T09:37:00","modified_gmt":"2025-08-25T07:37:00","slug":"pride-bcn-2014","status":"publish","type":"page","link":"https:\/\/www.pridebarcelona.org\/es\/pride-bcn-2014\/","title":{"rendered":"Pride BCN 2014"},"content":{"rendered":"<div class=\"fusion-fullwidth fullwidth-box fusion-builder-row-1 fusion-flex-container has-pattern-background has-mask-background nonhundred-percent-fullwidth non-hundred-percent-height-scrolling\" style=\"--awb-border-radius-top-left:0px;--awb-border-radius-top-right:0px;--awb-border-radius-bottom-right:0px;--awb-border-radius-bottom-left:0px;--awb-margin-top:100px;--awb-flex-wrap:wrap;\" ><div class=\"fusion-builder-row fusion-row fusion-flex-align-items-flex-start fusion-flex-content-wrap\" style=\"max-width:1248px;margin-left: calc(-4% \/ 2 );margin-right: calc(-4% \/ 2 );\"><div class=\"fusion-layout-column fusion_builder_column fusion-builder-column-0 fusion_builder_column_1_1 1_1 fusion-flex-column\" style=\"--awb-bg-size:cover;--awb-width-large:100%;--awb-margin-top-large:0px;--awb-spacing-right-large:1.92%;--awb-margin-bottom-large:20px;--awb-spacing-left-large:1.92%;--awb-width-medium:100%;--awb-order-medium:0;--awb-spacing-right-medium:1.92%;--awb-spacing-left-medium:1.92%;--awb-width-small:100%;--awb-order-small:0;--awb-spacing-right-small:1.92%;--awb-spacing-left-small:1.92%;\"><div class=\"fusion-column-wrapper fusion-column-has-shadow fusion-flex-justify-content-flex-start fusion-content-layout-column\"><div class=\"fusion-text fusion-text-1\"><h2 style=\"text-align: center;\">LOS DERECHOS LGBT SON DERECHOS HUMANOS<\/h2>\n<\/div><\/div><\/div><\/div><\/div><div class=\"fusion-fullwidth fullwidth-box fusion-builder-row-2 fusion-flex-container has-pattern-background has-mask-background nonhundred-percent-fullwidth non-hundred-percent-height-scrolling\" style=\"--awb-border-radius-top-left:0px;--awb-border-radius-top-right:0px;--awb-border-radius-bottom-right:0px;--awb-border-radius-bottom-left:0px;--awb-flex-wrap:wrap;\" ><div class=\"fusion-builder-row fusion-row fusion-flex-align-items-flex-start fusion-flex-content-wrap\" style=\"max-width:1248px;margin-left: calc(-4% \/ 2 );margin-right: calc(-4% \/ 2 );\"><div class=\"fusion-layout-column fusion_builder_column fusion-builder-column-1 fusion_builder_column_1_2 1_2 fusion-flex-column\" style=\"--awb-bg-size:cover;--awb-width-large:50%;--awb-margin-top-large:0px;--awb-spacing-right-large:3.84%;--awb-margin-bottom-large:20px;--awb-spacing-left-large:3.84%;--awb-width-medium:50%;--awb-order-medium:0;--awb-spacing-right-medium:3.84%;--awb-spacing-left-medium:3.84%;--awb-width-small:100%;--awb-order-small:0;--awb-spacing-right-small:1.92%;--awb-spacing-left-small:1.92%;\"><div class=\"fusion-column-wrapper fusion-column-has-shadow fusion-flex-justify-content-flex-start fusion-content-layout-column\"><div class=\"fusion-text fusion-text-2\"><p><span style=\"font-weight: 400;\">Un a\u00f1o m\u00e1s, el colectivo LGTB catal\u00e1n sale a la calle para exigir y reclamar que se respeten los derechos LGTB como derechos humanos, tanto en nuestro pa\u00eds \u2014pionero en libertades y abierto al mundo\u2014 como m\u00e1s all\u00e1 de nuestras fronteras.<\/span><\/p>\n<p><span style=\"font-weight: 400;\">Este a\u00f1o est\u00e1 dedicado a las <\/span><b>personas refugiadas LGTB<\/b><span style=\"font-weight: 400;\">, lo cual demuestra que el Orgullo est\u00e1 siempre abierto al di\u00e1logo con otros pa\u00edses, es receptivo con su poblaci\u00f3n y solidario con la poblaci\u00f3n LGTB refugiada que lucha por la defensa de sus derechos y el reconocimiento de sus identidades, en un entorno de constantes persecuciones hom\u00f3fobas, violaciones de libertades y casos de agresiones f\u00edsicas y psicol\u00f3gicas.<\/span><\/p>\n<p><span style=\"font-weight: 400;\">El <\/span><b>10 de diciembre de 1948<\/b><span style=\"font-weight: 400;\">, en su Asamblea General, las Naciones Unidas aprobaron la <\/span><b>Declaraci\u00f3n Universal de los Derechos Humanos<\/b><span style=\"font-weight: 400;\">, afirmando que \u201ctodos los seres humanos nacen libres e iguales en dignidad y derechos\u201d.<\/span><\/p>\n<\/div><\/div><\/div><div class=\"fusion-layout-column fusion_builder_column fusion-builder-column-2 fusion_builder_column_1_2 1_2 fusion-flex-column\" style=\"--awb-bg-size:cover;--awb-width-large:50%;--awb-margin-top-large:0px;--awb-spacing-right-large:3.84%;--awb-margin-bottom-large:20px;--awb-spacing-left-large:3.84%;--awb-width-medium:50%;--awb-order-medium:0;--awb-spacing-right-medium:3.84%;--awb-spacing-left-medium:3.84%;--awb-width-small:100%;--awb-order-small:0;--awb-spacing-right-small:1.92%;--awb-spacing-left-small:1.92%;\"><div class=\"fusion-column-wrapper fusion-column-has-shadow fusion-flex-justify-content-flex-start fusion-content-layout-column\"><div class=\"fusion-image-element \" style=\"--awb-caption-title-font-family:var(--h2_typography-font-family);--awb-caption-title-font-weight:var(--h2_typography-font-weight);--awb-caption-title-font-style:var(--h2_typography-font-style);--awb-caption-title-size:var(--h2_typography-font-size);--awb-caption-title-transform:var(--h2_typography-text-transform);--awb-caption-title-line-height:var(--h2_typography-line-height);--awb-caption-title-letter-spacing:var(--h2_typography-letter-spacing);\"><span class=\" fusion-imageframe imageframe-none imageframe-1 hover-type-none\"><img decoding=\"async\" width=\"344\" height=\"475\" title=\"Pride 2014\" src=\"https:\/\/www.pridebarcelona.org\/wp-content\/uploads\/2025\/07\/Pride-2014-1.jpg\" alt class=\"img-responsive wp-image-8039\" srcset=\"https:\/\/www.pridebarcelona.org\/wp-content\/uploads\/2025\/07\/Pride-2014-1-200x276.jpg 200w, https:\/\/www.pridebarcelona.org\/wp-content\/uploads\/2025\/07\/Pride-2014-1.jpg 344w\" sizes=\"(max-width: 640px) 100vw, 344px\" \/><\/span><\/div><\/div><\/div><div class=\"fusion-layout-column fusion_builder_column fusion-builder-column-3 fusion_builder_column_1_1 1_1 fusion-flex-column\" style=\"--awb-bg-size:cover;--awb-width-large:100%;--awb-margin-top-large:0px;--awb-spacing-right-large:1.92%;--awb-margin-bottom-large:20px;--awb-spacing-left-large:1.92%;--awb-width-medium:100%;--awb-order-medium:0;--awb-spacing-right-medium:1.92%;--awb-spacing-left-medium:1.92%;--awb-width-small:100%;--awb-order-small:0;--awb-spacing-right-small:1.92%;--awb-spacing-left-small:1.92%;\"><div class=\"fusion-column-wrapper fusion-column-has-shadow fusion-flex-justify-content-flex-start fusion-content-layout-column\"><div class=\"fusion-text fusion-text-3\"><p><span style=\"font-weight: 400;\">Actualmente, en <\/span><b>76 pa\u00edses del mundo<\/b><span style=\"font-weight: 400;\"> las relaciones entre personas del mismo sexo est\u00e1n penalizadas y en <\/span><b>siete pa\u00edses<\/b><span style=\"font-weight: 400;\"> se castigan con la pena de muerte. Desde 1990, cerca de <\/span><b>40 pa\u00edses<\/b><span style=\"font-weight: 400;\"> han legalizado o despenalizado las relaciones entre gays, lesbianas, personas trans y bisexuales, prohibiendo la discriminaci\u00f3n contra las personas LGTB.<\/span><\/p>\n<p><span style=\"font-weight: 400;\">Observamos con indignaci\u00f3n c\u00f3mo ha crecido la <\/span><b>LGTBfobia<\/b><span style=\"font-weight: 400;\">, extendi\u00e9ndose por todos los continentes, incluida Europa. Vemos c\u00f3mo se persigue y criminaliza a gays, lesbianas, trans y bisexuales ante la mirada impasible y el silencio de la mayor\u00eda de pa\u00edses. Situaciones extremas como las que viven nuestros vecinos en <\/span><b>Rusia<\/b><span style=\"font-weight: 400;\">, as\u00ed como en <\/span><b>Uganda<\/b><span style=\"font-weight: 400;\"> y <\/span><b>Nigeria<\/b><span style=\"font-weight: 400;\">, o en <\/span><b>Am\u00e9rica Latina<\/b><span style=\"font-weight: 400;\">, donde a\u00fan existen ejecuciones extrajudiciales, leyes hom\u00f3fobas y cr\u00edmenes de odio y discriminaci\u00f3n horribles. <\/span><b>No podemos permanecer impasibles<\/b><span style=\"font-weight: 400;\">.<\/span><\/p>\n<p><span style=\"font-weight: 400;\">La reciente aprobaci\u00f3n de una <\/span><b>ley contra la discriminaci\u00f3n de personas LGTB en Galicia<\/b><span style=\"font-weight: 400;\">, as\u00ed como la <\/span><b>Ley contra la homofobia en tr\u00e1mite en el Parlament de Catalunya<\/b><span style=\"font-weight: 400;\"> \u2014una ley pionera en el Estado espa\u00f1ol\u2014 y cuya r\u00e1pida aprobaci\u00f3n esperamos, son se\u00f1ales claras de que nuestras luchas no est\u00e1n siendo en vano.<\/span><\/p>\n<p><span style=\"font-weight: 400;\">Aun as\u00ed, son una triste realidad los <\/span><b>cr\u00edmenes y agresiones hom\u00f3fobas y transf\u00f3bicas<\/b><span style=\"font-weight: 400;\">, los <\/span><b>casos de acoso escolar (bullying) LGTBf\u00f3bico en centros educativos<\/b><span style=\"font-weight: 400;\">, en el deporte base y en actividades de ocio dirigidas a ni\u00f1os, ni\u00f1as y adolescentes.<\/span><\/p>\n<p><span style=\"font-weight: 400;\">Hoy estamos aqu\u00ed <\/span><b>luchando por nuevas e imprescindibles reivindicaciones<\/b><span style=\"font-weight: 400;\"> en defensa de la democracia y de la igualdad de derechos. <\/span><b>No vamos a callar<\/b><span style=\"font-weight: 400;\"> ante quienes quieren silenciar nuestra voz ni ante las muchas injusticias que a\u00fan se producen en nuestra sociedad. Seguiremos luchando, \u00a1cada vez con m\u00e1s fuerza!<\/span><\/p>\n<p><span style=\"font-weight: 400;\">Tambi\u00e9n lamentamos que, a causa de los <\/span><b>recortes<\/b><span style=\"font-weight: 400;\">, se hayan cerrado servicios tan importantes para la comunidad LGTB como el <\/span><b>900 Rosa<\/b><span style=\"font-weight: 400;\"> o la <\/span><b>Federaci\u00f3n de Asociaciones de la Coordinadora de Lesbianas, Gais, Transsexuales y Bisexuales de Catalunya (la &#8216;Coordi&#8217;)<\/b><span style=\"font-weight: 400;\">, una federaci\u00f3n hist\u00f3rica y pionera en la lucha por las libertades LGTB y contra el VIH\/SIDA.<\/span><\/p>\n<p><span style=\"font-weight: 400;\">Sabemos que debemos <\/span><b>proteger los derechos humanos b\u00e1sicos<\/b><span style=\"font-weight: 400;\"> de las personas LGTB en todo el mundo y que, para conseguirlo, no basta con cambiar las leyes en muchos pa\u00edses, sino tambi\u00e9n las <\/span><b>mentalidades<\/b><span style=\"font-weight: 400;\">. En este sentido, la <\/span><b>educaci\u00f3n<\/b><span style=\"font-weight: 400;\"> y la <\/span><b>movilizaci\u00f3n social<\/b><span style=\"font-weight: 400;\"> son factores fundamentales.<\/span><\/p>\n<p><b>Juntas y juntos podemos construir un mundo m\u00e1s justo<\/b><span style=\"font-weight: 400;\">, sin homofobia, transfobia, xenofobia, racismo ni sexismo, donde todos los grupos sociales puedan ser verdaderamente libres e iguales en derechos.<\/span><\/p>\n<h3><b>Por todo ello, pedimos:<\/b><\/h3>\n<ul>\n<li style=\"font-weight: 400;\" aria-level=\"1\"><span style=\"font-weight: 400;\">A los <\/span><b>gobiernos internacionales<\/b><span style=\"font-weight: 400;\">, que se comprometan con la <\/span><b>despenalizaci\u00f3n de cualquier pr\u00e1ctica relacionada con la orientaci\u00f3n sexual y la identidad de g\u00e9nero<\/b><span style=\"font-weight: 400;\">, as\u00ed como con la aplicaci\u00f3n de las iniciativas ya formalizadas por la UE y la ONU.<\/span><\/li>\n<li style=\"font-weight: 400;\" aria-level=\"1\"><span style=\"font-weight: 400;\">Que <\/span><b>no es admisible<\/b><span style=\"font-weight: 400;\"> que la homosexualidad siga <\/span><b>castigada con la pena de muerte<\/b><span style=\"font-weight: 400;\"> en siete pa\u00edses.<\/span><\/li>\n<li style=\"font-weight: 400;\" aria-level=\"1\"><span style=\"font-weight: 400;\">Que <\/span><b>la defensa de los derechos LGTB como derechos humanos<\/b><span style=\"font-weight: 400;\"> forme parte de la <\/span><b>agenda prioritaria de la Uni\u00f3n Europea<\/b><span style=\"font-weight: 400;\">, y que trabajemos activamente para su cumplimiento.<\/span><\/li>\n<\/ul>\n<p><span style=\"font-weight: 400;\">Por eso, el lema del <\/span><b>Pride Barcelona 2014<\/b><span style=\"font-weight: 400;\"> es:<\/span><\/p>\n<h2><b>LOS DERECHOS LGBT SON DERECHOS HUMANOS<\/b><\/h2>\n<p><span style=\"font-weight: 400;\">Os invitamos a <\/span><b>unirnos a nuestra lucha<\/b><span style=\"font-weight: 400;\">.<\/span><\/p>\n<p><span style=\"font-weight: 400;\">El <\/span><b>asociacionismo LGTB en Catalunya<\/b><span style=\"font-weight: 400;\"> es uno de los m\u00e1s fuertes del mundo: familias LGTB, deportistas, empresarios, personas seropositivas, mayores, j\u00f3venes, personas con discapacidad, inmigrantes&#8230;<\/span><\/p>\n<p><span style=\"font-weight: 400;\">Exigimos:<\/span><\/p>\n<ul>\n<li style=\"font-weight: 400;\" aria-level=\"1\"><span style=\"font-weight: 400;\">La <\/span><b>aprobaci\u00f3n del proyecto de ley<\/b><span style=\"font-weight: 400;\"> actualmente en tr\u00e1mite en el Parlament de Catalunya para garantizar el cumplimiento de los derechos LGTB y la <\/span><b>erradicaci\u00f3n de la homofobia<\/b><span style=\"font-weight: 400;\">. Es una ley impulsada desde las entidades, que reclamamos desde aqu\u00ed y que queremos que se convierta en realidad.<\/span><\/li>\n<li style=\"font-weight: 400;\" aria-level=\"1\"><b>Justicia en el caso de Juan Andr\u00e9s Ben\u00edtez<\/b><span style=\"font-weight: 400;\">, empresario fallecido durante una detenci\u00f3n violenta el a\u00f1o pasado.<\/span><\/li>\n<li style=\"font-weight: 400;\" aria-level=\"1\"><span style=\"font-weight: 400;\">El <\/span><b>respeto de las leyes<\/b><span style=\"font-weight: 400;\"> que garantizan la <\/span><b>privacidad de las personas<\/b><span style=\"font-weight: 400;\">, y que <\/span><b>no se divulgue p\u00fablicamente el estado serol\u00f3gico<\/b><span style=\"font-weight: 400;\"> de nadie.<\/span><\/li>\n<li style=\"font-weight: 400;\" aria-level=\"1\"><span style=\"font-weight: 400;\">Denunciamos tambi\u00e9n casos como el del <\/span><b>\u201cproyecto pillapilla\u201d<\/b><span style=\"font-weight: 400;\">, donde las redes sociales se utilizaron de forma s\u00f3rdida para perseguir, torturar y violentar a hombres gais. Gracias a nuestra denuncia, este grupo fue desarticulado por la polic\u00eda.<\/span><\/li>\n<\/ul>\n<h3><b>La violencia contra una persona LGTB es violencia contra todas y todos.<\/b><\/h3>\n<p><span style=\"font-weight: 400;\">Creemos que <\/span><b>solo a trav\u00e9s de la solidaridad y la uni\u00f3n<\/b><span style=\"font-weight: 400;\"> de todas y todos podremos construir una sociedad <\/span><b>verdaderamente justa<\/b><span style=\"font-weight: 400;\">, donde los <\/span><b>derechos humanos sean colectivos y universales<\/b><span style=\"font-weight: 400;\">.<\/span><\/p>\n<p><span style=\"font-weight: 400;\">Y por ello, <\/span><b>seguiremos luchando<\/b><span style=\"font-weight: 400;\">.<\/span><\/p>\n<\/div><\/div><\/div><\/div><\/div><div class=\"fusion-fullwidth fullwidth-box fusion-builder-row-3 fusion-flex-container has-pattern-background has-mask-background nonhundred-percent-fullwidth non-hundred-percent-height-scrolling\" style=\"--awb-border-radius-top-left:0px;--awb-border-radius-top-right:0px;--awb-border-radius-bottom-right:0px;--awb-border-radius-bottom-left:0px;--awb-margin-top:50px;--awb-margin-bottom:30px;--awb-flex-wrap:wrap;\" ><div class=\"fusion-builder-row fusion-row fusion-flex-align-items-flex-start fusion-flex-justify-content-center fusion-flex-content-wrap\" style=\"max-width:1248px;margin-left: calc(-4% \/ 2 );margin-right: calc(-4% \/ 2 );\"><div class=\"fusion-layout-column fusion_builder_column fusion-builder-column-4 fusion_builder_column_1_1 1_1 fusion-flex-column\" style=\"--awb-bg-size:cover;--awb-width-large:100%;--awb-margin-top-large:0px;--awb-spacing-right-large:1.92%;--awb-margin-bottom-large:20px;--awb-spacing-left-large:1.92%;--awb-width-medium:100%;--awb-order-medium:0;--awb-spacing-right-medium:1.92%;--awb-spacing-left-medium:1.92%;--awb-width-small:100%;--awb-order-small:0;--awb-spacing-right-small:1.92%;--awb-spacing-left-small:1.92%;\"><div class=\"fusion-column-wrapper fusion-column-has-shadow fusion-flex-justify-content-flex-start fusion-content-layout-column\"><div class=\"fusion-text fusion-text-4\"><h4 class=\"section-title \" style=\"text-align: center;\">Otras ediciones<\/h4>\n<\/div><\/div><\/div><div class=\"fusion-layout-column fusion_builder_column fusion-builder-column-5 fusion_builder_column_1_4 1_4 fusion-flex-column\" style=\"--awb-bg-size:cover;--awb-width-large:25%;--awb-margin-top-large:0px;--awb-spacing-right-large:7.68%;--awb-margin-bottom-large:20px;--awb-spacing-left-large:7.68%;--awb-width-medium:25%;--awb-order-medium:0;--awb-spacing-right-medium:7.68%;--awb-spacing-left-medium:7.68%;--awb-width-small:100%;--awb-order-small:0;--awb-spacing-right-small:1.92%;--awb-spacing-left-small:1.92%;\"><div class=\"fusion-column-wrapper fusion-column-has-shadow fusion-flex-justify-content-flex-start fusion-content-layout-column\"><div class=\"fusion-text fusion-text-5\"><h3 class=\"section-title \" style=\"text-align: center;\"><a href=\"https:\/\/www.pridebarcelona.org\/es\/pride-2025-2\/\">Pride! 2025<\/a><\/h3>\n<\/div><div class=\"fusion-text fusion-text-6\"><p style=\"text-align: center; font-size: 13px; line-height: 15px; color: #525252;\">Cultura LGBTQIA+: Cultura universal<\/p>\n<\/div><\/div><\/div><div class=\"fusion-layout-column fusion_builder_column fusion-builder-column-6 fusion_builder_column_1_4 1_4 fusion-flex-column\" style=\"--awb-bg-size:cover;--awb-width-large:25%;--awb-margin-top-large:0px;--awb-spacing-right-large:7.68%;--awb-margin-bottom-large:20px;--awb-spacing-left-large:7.68%;--awb-width-medium:25%;--awb-order-medium:0;--awb-spacing-right-medium:7.68%;--awb-spacing-left-medium:7.68%;--awb-width-small:100%;--awb-order-small:0;--awb-spacing-right-small:1.92%;--awb-spacing-left-small:1.92%;\"><div class=\"fusion-column-wrapper fusion-column-has-shadow fusion-flex-justify-content-flex-start fusion-content-layout-column\"><div class=\"fusion-text fusion-text-7\"><h3 class=\"section-title \" style=\"text-align: center;\"><a href=\"https:\/\/www.pridebarcelona.org\/es\/pride-2024\/\">Pride! 2024<\/a><\/h3>\n<\/div><div class=\"fusion-text fusion-text-8\"><p style=\"text-align: center; font-size: 13px; line-height: 15px; color: #525252;\">Educaci\u00f3n en diversidad sexoafectiva y de g\u00e9nero<\/p>\n<\/div><\/div><\/div><div class=\"fusion-layout-column fusion_builder_column fusion-builder-column-7 fusion_builder_column_1_4 1_4 fusion-flex-column\" style=\"--awb-bg-size:cover;--awb-width-large:25%;--awb-margin-top-large:0px;--awb-spacing-right-large:7.68%;--awb-margin-bottom-large:20px;--awb-spacing-left-large:7.68%;--awb-width-medium:25%;--awb-order-medium:0;--awb-spacing-right-medium:7.68%;--awb-spacing-left-medium:7.68%;--awb-width-small:100%;--awb-order-small:0;--awb-spacing-right-small:1.92%;--awb-spacing-left-small:1.92%;\"><div class=\"fusion-column-wrapper fusion-column-has-shadow fusion-flex-justify-content-flex-start fusion-content-layout-column\"><div class=\"fusion-text fusion-text-9\"><h3 class=\"section-title \" style=\"text-align: center;\"><a href=\"https:\/\/www.pridebarcelona.org\/es\/pride-bcn-2023\/\">Pride! 2023<\/a><\/h3>\n<\/div><div class=\"fusion-text fusion-text-10\"><p style=\"text-align: center; font-size: 13px; line-height: 15px; color: #525252;\">Personas mayores LGTBIQ+<\/p>\n<\/div><\/div><\/div><div class=\"fusion-layout-column fusion_builder_column fusion-builder-column-8 fusion_builder_column_1_4 1_4 fusion-flex-column\" style=\"--awb-bg-size:cover;--awb-width-large:25%;--awb-margin-top-large:0px;--awb-spacing-right-large:7.68%;--awb-margin-bottom-large:20px;--awb-spacing-left-large:7.68%;--awb-width-medium:25%;--awb-order-medium:0;--awb-spacing-right-medium:7.68%;--awb-spacing-left-medium:7.68%;--awb-width-small:100%;--awb-order-small:0;--awb-spacing-right-small:1.92%;--awb-spacing-left-small:1.92%;\"><div class=\"fusion-column-wrapper fusion-column-has-shadow fusion-flex-justify-content-flex-start fusion-content-layout-column\"><div class=\"fusion-text fusion-text-11\"><h3 class=\"section-title \" style=\"text-align: center;\"><a href=\"https:\/\/www.pridebarcelona.org\/es\/pride-bcn-2022\/\">Pride! 2022<\/a><\/h3>\n<\/div><div class=\"fusion-text fusion-text-12\"><p style=\"text-align: center; font-size: 13px; line-height: 15px; color: #525252;\">Visibilidad l\u00e9sbica<\/p>\n<\/div><\/div><\/div><div class=\"fusion-layout-column fusion_builder_column fusion-builder-column-9 fusion_builder_column_1_4 1_4 fusion-flex-column\" style=\"--awb-bg-size:cover;--awb-width-large:25%;--awb-margin-top-large:0px;--awb-spacing-right-large:7.68%;--awb-margin-bottom-large:20px;--awb-spacing-left-large:7.68%;--awb-width-medium:25%;--awb-order-medium:0;--awb-spacing-right-medium:7.68%;--awb-spacing-left-medium:7.68%;--awb-width-small:100%;--awb-order-small:0;--awb-spacing-right-small:1.92%;--awb-spacing-left-small:1.92%;\"><div class=\"fusion-column-wrapper fusion-column-has-shadow fusion-flex-justify-content-flex-start fusion-content-layout-column\"><div class=\"fusion-text fusion-text-13\"><h3 class=\"section-title \" style=\"text-align: center;\"><a href=\"https:\/\/www.pridebarcelona.org\/es\/pride-bcn-2021-contra-el-estigma-del-vih\/\">Pride! 2021<\/a><\/h3>\n<\/div><div class=\"fusion-text fusion-text-14\"><p style=\"text-align: center; font-size: 13px; line-height: 15px; color: #525252;\">Contra el estigma del VIH<\/p>\n<\/div><\/div><\/div><div class=\"fusion-layout-column fusion_builder_column fusion-builder-column-10 fusion_builder_column_1_4 1_4 fusion-flex-column\" style=\"--awb-bg-size:cover;--awb-width-large:25%;--awb-margin-top-large:0px;--awb-spacing-right-large:7.68%;--awb-margin-bottom-large:20px;--awb-spacing-left-large:7.68%;--awb-width-medium:25%;--awb-order-medium:0;--awb-spacing-right-medium:7.68%;--awb-spacing-left-medium:7.68%;--awb-width-small:100%;--awb-order-small:0;--awb-spacing-right-small:1.92%;--awb-spacing-left-small:1.92%;\"><div class=\"fusion-column-wrapper fusion-column-has-shadow fusion-flex-justify-content-flex-start fusion-content-layout-column\"><div class=\"fusion-text fusion-text-15\"><h3 class=\"section-title \" style=\"text-align: center;\"><a href=\"https:\/\/www.pridebarcelona.org\/es\/pride-bcn-2020\/\">Pride! 2020<\/a><\/h3>\n<\/div><div class=\"fusion-text fusion-text-16\"><p style=\"text-align: center; font-size: 13px; line-height: 15px; color: #525252;\">Edici\u00f3n especial TV<\/p>\n<\/div><\/div><\/div><div class=\"fusion-layout-column fusion_builder_column fusion-builder-column-11 fusion_builder_column_1_4 1_4 fusion-flex-column\" style=\"--awb-bg-size:cover;--awb-width-large:25%;--awb-margin-top-large:0px;--awb-spacing-right-large:7.68%;--awb-margin-bottom-large:20px;--awb-spacing-left-large:7.68%;--awb-width-medium:25%;--awb-order-medium:0;--awb-spacing-right-medium:7.68%;--awb-spacing-left-medium:7.68%;--awb-width-small:100%;--awb-order-small:0;--awb-spacing-right-small:1.92%;--awb-spacing-left-small:1.92%;\"><div class=\"fusion-column-wrapper fusion-column-has-shadow fusion-flex-justify-content-flex-start fusion-content-layout-column\"><div class=\"fusion-text fusion-text-17\"><h3 class=\"section-title \" style=\"text-align: center;\"><a href=\"https:\/\/www.pridebarcelona.org\/es\/pride-2019\/\">Pride! 2019<\/a><\/h3>\n<\/div><div class=\"fusion-text fusion-text-18\"><p style=\"text-align: center; font-size: 13px; line-height: 15px; color: #525252;\">Familias LGTBI<\/p>\n<\/div><\/div><\/div><div class=\"fusion-layout-column fusion_builder_column fusion-builder-column-12 fusion_builder_column_1_4 1_4 fusion-flex-column\" style=\"--awb-bg-size:cover;--awb-width-large:25%;--awb-margin-top-large:0px;--awb-spacing-right-large:7.68%;--awb-margin-bottom-large:20px;--awb-spacing-left-large:7.68%;--awb-width-medium:25%;--awb-order-medium:0;--awb-spacing-right-medium:7.68%;--awb-spacing-left-medium:7.68%;--awb-width-small:100%;--awb-order-small:0;--awb-spacing-right-small:1.92%;--awb-spacing-left-small:1.92%;\"><div class=\"fusion-column-wrapper fusion-column-has-shadow fusion-flex-justify-content-flex-start fusion-content-layout-column\"><div class=\"fusion-text fusion-text-19\"><h3 class=\"section-title \" style=\"text-align: center;\"><a href=\"https:\/\/www.pridebarcelona.org\/es\/pride-2018\/\">Pride! 2018<\/a><\/h3>\n<\/div><div class=\"fusion-text fusion-text-20\"><p style=\"text-align: center; font-size: 13px; line-height: 15px; color: #525252;\">Personas refugiadas LGTBI<\/p>\n<\/div><\/div><\/div><div class=\"fusion-layout-column fusion_builder_column fusion-builder-column-13 fusion_builder_column_1_4 1_4 fusion-flex-column\" style=\"--awb-bg-size:cover;--awb-width-large:25%;--awb-margin-top-large:0px;--awb-spacing-right-large:7.68%;--awb-margin-bottom-large:20px;--awb-spacing-left-large:7.68%;--awb-width-medium:25%;--awb-order-medium:0;--awb-spacing-right-medium:7.68%;--awb-spacing-left-medium:7.68%;--awb-width-small:100%;--awb-order-small:0;--awb-spacing-right-small:1.92%;--awb-spacing-left-small:1.92%;\"><div class=\"fusion-column-wrapper fusion-column-has-shadow fusion-flex-justify-content-flex-start fusion-content-layout-column\"><div class=\"fusion-text fusion-text-21\"><h3 class=\"section-title \" style=\"text-align: center;\"><a href=\"https:\/\/www.pridebarcelona.org\/es\/pride-bcn-2017\/\">Pride! 2017<\/a><\/h3>\n<\/div><div class=\"fusion-text fusion-text-22\"><p style=\"text-align: center; font-size: 13px; line-height: 15px; color: #525252;\">Homof\u00f3bia en el deporte<\/p>\n<\/div><\/div><\/div><div class=\"fusion-layout-column fusion_builder_column fusion-builder-column-14 fusion_builder_column_1_4 1_4 fusion-flex-column\" style=\"--awb-bg-size:cover;--awb-width-large:25%;--awb-margin-top-large:0px;--awb-spacing-right-large:7.68%;--awb-margin-bottom-large:20px;--awb-spacing-left-large:7.68%;--awb-width-medium:25%;--awb-order-medium:0;--awb-spacing-right-medium:7.68%;--awb-spacing-left-medium:7.68%;--awb-width-small:100%;--awb-order-small:0;--awb-spacing-right-small:1.92%;--awb-spacing-left-small:1.92%;\"><div class=\"fusion-column-wrapper fusion-column-has-shadow fusion-flex-justify-content-flex-start fusion-content-layout-column\"><div class=\"fusion-text fusion-text-23\"><h3 class=\"section-title \" style=\"text-align: center;\"><a href=\"https:\/\/www.pridebarcelona.org\/es\/pride-bcn-2016\/\">Pride! 2016<\/a><\/h3>\n<\/div><div class=\"fusion-text fusion-text-24\"><p style=\"text-align: center; font-size: 13px; line-height: 15px; color: #525252;\">Personas trans<\/p>\n<\/div><\/div><\/div><div class=\"fusion-layout-column fusion_builder_column fusion-builder-column-15 fusion_builder_column_1_4 1_4 fusion-flex-column\" style=\"--awb-bg-size:cover;--awb-width-large:25%;--awb-margin-top-large:0px;--awb-spacing-right-large:7.68%;--awb-margin-bottom-large:20px;--awb-spacing-left-large:7.68%;--awb-width-medium:25%;--awb-order-medium:0;--awb-spacing-right-medium:7.68%;--awb-spacing-left-medium:7.68%;--awb-width-small:100%;--awb-order-small:0;--awb-spacing-right-small:1.92%;--awb-spacing-left-small:1.92%;\"><div class=\"fusion-column-wrapper fusion-column-has-shadow fusion-flex-justify-content-flex-start fusion-content-layout-column\"><div class=\"fusion-text fusion-text-25\"><h3 class=\"section-title \" style=\"text-align: center;\"><a href=\"https:\/\/www.pridebarcelona.org\/es\/pride-bcn-2015\/\">Pride! 2015<\/a><\/h3>\n<\/div><div class=\"fusion-text fusion-text-26\"><p style=\"text-align: center; font-size: 13px; line-height: 15px; color: #525252;\">Stop bullying LGTBI<\/p>\n<\/div><\/div><\/div><div class=\"fusion-layout-column fusion_builder_column fusion-builder-column-16 fusion_builder_column_1_4 1_4 fusion-flex-column\" style=\"--awb-bg-size:cover;--awb-width-large:25%;--awb-margin-top-large:0px;--awb-spacing-right-large:7.68%;--awb-margin-bottom-large:20px;--awb-spacing-left-large:7.68%;--awb-width-medium:25%;--awb-order-medium:0;--awb-spacing-right-medium:7.68%;--awb-spacing-left-medium:7.68%;--awb-width-small:100%;--awb-order-small:0;--awb-spacing-right-small:1.92%;--awb-spacing-left-small:1.92%;\"><div class=\"fusion-column-wrapper fusion-column-has-shadow fusion-flex-justify-content-flex-start fusion-content-layout-column\"><div class=\"fusion-text fusion-text-27\"><h3 class=\"section-title \" style=\"text-align: center;\"><a href=\"https:\/\/www.pridebarcelona.org\/es\/pride-bcn-2013\/\">Pride! 2013<\/a><\/h3>\n<\/div><div class=\"fusion-text fusion-text-28\"><p style=\"text-align: center; font-size: 13px; line-height: 15px; color: #525252;\">Por la ley contra LGTBI-f\u00f2bia<\/p>\n<\/div><\/div><\/div><div class=\"fusion-layout-column fusion_builder_column fusion-builder-column-17 fusion_builder_column_1_4 1_4 fusion-flex-column\" style=\"--awb-bg-size:cover;--awb-width-large:25%;--awb-margin-top-large:0px;--awb-spacing-right-large:7.68%;--awb-margin-bottom-large:20px;--awb-spacing-left-large:7.68%;--awb-width-medium:25%;--awb-order-medium:0;--awb-spacing-right-medium:7.68%;--awb-spacing-left-medium:7.68%;--awb-width-small:100%;--awb-order-small:0;--awb-spacing-right-small:1.92%;--awb-spacing-left-small:1.92%;\"><div class=\"fusion-column-wrapper fusion-column-has-shadow fusion-flex-justify-content-flex-start fusion-content-layout-column\"><div class=\"fusion-text fusion-text-29\"><h3 class=\"section-title \" style=\"text-align: center;\"><a href=\"https:\/\/www.pridebarcelona.org\/es\/pride-bcn-2012\/\">Pride! 2012<\/a><\/h3>\n<\/div><div class=\"fusion-text fusion-text-30\"><p style=\"text-align: center; font-size: 13px; line-height: 15px; color: #525252;\">Apoyo al matrimonio igualitario<\/p>\n<\/div><\/div><\/div><div class=\"fusion-layout-column fusion_builder_column fusion-builder-column-18 fusion_builder_column_1_4 1_4 fusion-flex-column\" style=\"--awb-bg-size:cover;--awb-width-large:25%;--awb-margin-top-large:0px;--awb-spacing-right-large:7.68%;--awb-margin-bottom-large:20px;--awb-spacing-left-large:7.68%;--awb-width-medium:25%;--awb-order-medium:0;--awb-spacing-right-medium:7.68%;--awb-spacing-left-medium:7.68%;--awb-width-small:100%;--awb-order-small:0;--awb-spacing-right-small:1.92%;--awb-spacing-left-small:1.92%;\"><div class=\"fusion-column-wrapper fusion-column-has-shadow fusion-flex-justify-content-flex-start fusion-content-layout-column\"><div class=\"fusion-text fusion-text-31\"><h3 class=\"section-title \" style=\"text-align: center;\"><a href=\"https:\/\/www.pridebarcelona.org\/es\/pride-bcn-2011\/\">Pride! 2011<\/a><\/h3>\n<\/div><div class=\"fusion-text fusion-text-32\"><p style=\"text-align: center; font-size: 13px; line-height: 15px; color: #525252;\">Por la salud y la igualdad<\/p>\n<\/div><\/div><\/div><div class=\"fusion-layout-column fusion_builder_column fusion-builder-column-19 fusion_builder_column_1_4 1_4 fusion-flex-column\" style=\"--awb-bg-size:cover;--awb-width-large:25%;--awb-margin-top-large:0px;--awb-spacing-right-large:7.68%;--awb-margin-bottom-large:20px;--awb-spacing-left-large:7.68%;--awb-width-medium:25%;--awb-order-medium:0;--awb-spacing-right-medium:7.68%;--awb-spacing-left-medium:7.68%;--awb-width-small:100%;--awb-order-small:0;--awb-spacing-right-small:1.92%;--awb-spacing-left-small:1.92%;\"><div class=\"fusion-column-wrapper fusion-column-has-shadow fusion-flex-justify-content-flex-start fusion-content-layout-column\"><div class=\"fusion-text fusion-text-33\"><h3 class=\"section-title \" style=\"text-align: center;\"><a href=\"https:\/\/www.pridebarcelona.org\/es\/pride-bcn-2010\/\">Pride! 2010<\/a><\/h3>\n<\/div><div class=\"fusion-text fusion-text-34\"><p style=\"text-align: center; font-size: 13px; line-height: 15px; color: #525252;\">Por la igualdad trans<\/p>\n<\/div><\/div><\/div><div class=\"fusion-layout-column fusion_builder_column fusion-builder-column-20 fusion_builder_column_1_4 1_4 fusion-flex-column\" style=\"--awb-bg-size:cover;--awb-width-large:25%;--awb-margin-top-large:0px;--awb-spacing-right-large:7.68%;--awb-margin-bottom-large:20px;--awb-spacing-left-large:7.68%;--awb-width-medium:25%;--awb-order-medium:0;--awb-spacing-right-medium:7.68%;--awb-spacing-left-medium:7.68%;--awb-width-small:100%;--awb-order-small:0;--awb-spacing-right-small:1.92%;--awb-spacing-left-small:1.92%;\"><div class=\"fusion-column-wrapper fusion-column-has-shadow fusion-flex-justify-content-flex-start fusion-content-layout-column\"><div class=\"fusion-text fusion-text-35\"><h3 class=\"section-title \" style=\"text-align: center;\"><a href=\"https:\/\/www.pridebarcelona.org\/es\/pride-bcn-2009\/\">Pride! 2009<\/a><\/h3>\n<\/div><div class=\"fusion-text fusion-text-36\"><p style=\"text-align: center; font-size: 13px; line-height: 15px; color: #525252;\">Por los derechos LGTBI<\/p>\n<\/div><\/div><\/div><\/div><\/div>\n","protected":false},"excerpt":{"rendered":"LOS DERECHOS LGBT SON DERECHOS HUMANOS Un a\u00f1o m\u00e1s, el  [...]","protected":false},"author":6,"featured_media":0,"parent":0,"menu_order":0,"comment_status":"closed","ping_status":"closed","template":"100-width.php","meta":{"footnotes":""},"class_list":["post-7639","page","type-page","status-publish","hentry"],"_links":{"self":[{"href":"https:\/\/www.pridebarcelona.org\/es\/wp-json\/wp\/v2\/pages\/7639","targetHints":{"allow":["GET"]}}],"collection":[{"href":"https:\/\/www.pridebarcelona.org\/es\/wp-json\/wp\/v2\/pages"}],"about":[{"href":"https:\/\/www.pridebarcelona.org\/es\/wp-json\/wp\/v2\/types\/page"}],"author":[{"embeddable":true,"href":"https:\/\/www.pridebarcelona.org\/es\/wp-json\/wp\/v2\/users\/6"}],"replies":[{"embeddable":true,"href":"https:\/\/www.pridebarcelona.org\/es\/wp-json\/wp\/v2\/comments?post=7639"}],"version-history":[{"count":5,"href":"https:\/\/www.pridebarcelona.org\/es\/wp-json\/wp\/v2\/pages\/7639\/revisions"}],"predecessor-version":[{"id":8110,"href":"https:\/\/www.pridebarcelona.org\/es\/wp-json\/wp\/v2\/pages\/7639\/revisions\/8110"}],"wp:attachment":[{"href":"https:\/\/www.pridebarcelona.org\/es\/wp-json\/wp\/v2\/media?parent=7639"}],"curies":[{"name":"wp","href":"https:\/\/api.w.org\/{rel}","templated":true}]}}