{"id":7601,"date":"2025-06-11T13:28:17","date_gmt":"2025-06-11T11:28:17","guid":{"rendered":"https:\/\/www.pridebarcelona.org\/pride-bcn-2017\/"},"modified":"2025-08-25T09:33:21","modified_gmt":"2025-08-25T07:33:21","slug":"pride-bcn-2017","status":"publish","type":"page","link":"https:\/\/www.pridebarcelona.org\/es\/pride-bcn-2017\/","title":{"rendered":"PRIDE! BCN 2017"},"content":{"rendered":"<div class=\"fusion-fullwidth fullwidth-box fusion-builder-row-1 fusion-flex-container has-pattern-background has-mask-background nonhundred-percent-fullwidth non-hundred-percent-height-scrolling\" style=\"--awb-border-radius-top-left:0px;--awb-border-radius-top-right:0px;--awb-border-radius-bottom-right:0px;--awb-border-radius-bottom-left:0px;--awb-margin-top:100px;--awb-flex-wrap:wrap;\" ><div class=\"fusion-builder-row fusion-row fusion-flex-align-items-flex-start fusion-flex-content-wrap\" style=\"max-width:1248px;margin-left: calc(-4% \/ 2 );margin-right: calc(-4% \/ 2 );\"><div class=\"fusion-layout-column fusion_builder_column fusion-builder-column-0 fusion_builder_column_1_1 1_1 fusion-flex-column\" style=\"--awb-bg-size:cover;--awb-width-large:100%;--awb-margin-top-large:0px;--awb-spacing-right-large:1.92%;--awb-margin-bottom-large:20px;--awb-spacing-left-large:1.92%;--awb-width-medium:100%;--awb-order-medium:0;--awb-spacing-right-medium:1.92%;--awb-spacing-left-medium:1.92%;--awb-width-small:100%;--awb-order-small:0;--awb-spacing-right-small:1.92%;--awb-spacing-left-small:1.92%;\"><div class=\"fusion-column-wrapper fusion-column-has-shadow fusion-flex-justify-content-flex-start fusion-content-layout-column\"><div class=\"fusion-text fusion-text-1\"><h2 style=\"text-align: center;\">\u00a1Pita falta a la LGTBIfobia!<\/h2>\n<\/div><\/div><\/div><\/div><\/div><div class=\"fusion-fullwidth fullwidth-box fusion-builder-row-2 fusion-flex-container has-pattern-background has-mask-background nonhundred-percent-fullwidth non-hundred-percent-height-scrolling\" style=\"--awb-border-radius-top-left:0px;--awb-border-radius-top-right:0px;--awb-border-radius-bottom-right:0px;--awb-border-radius-bottom-left:0px;--awb-flex-wrap:wrap;\" ><div class=\"fusion-builder-row fusion-row fusion-flex-align-items-flex-start fusion-flex-content-wrap\" style=\"max-width:1248px;margin-left: calc(-4% \/ 2 );margin-right: calc(-4% \/ 2 );\"><div class=\"fusion-layout-column fusion_builder_column fusion-builder-column-1 fusion_builder_column_1_2 1_2 fusion-flex-column\" style=\"--awb-bg-size:cover;--awb-width-large:50%;--awb-margin-top-large:0px;--awb-spacing-right-large:3.84%;--awb-margin-bottom-large:20px;--awb-spacing-left-large:3.84%;--awb-width-medium:50%;--awb-order-medium:0;--awb-spacing-right-medium:3.84%;--awb-spacing-left-medium:3.84%;--awb-width-small:100%;--awb-order-small:0;--awb-spacing-right-small:1.92%;--awb-spacing-left-small:1.92%;\"><div class=\"fusion-column-wrapper fusion-column-has-shadow fusion-flex-justify-content-flex-start fusion-content-layout-column\"><div class=\"fusion-text fusion-text-2\"><p>Como cada a\u00f1o, hoy nos reunimos con motivo de la manifestaci\u00f3n del Orgullo LGTBI de Barcelona y Catalu\u00f1a, para reivindicar, denunciar y, por qu\u00e9 no, celebrar algunos logros. Desafortunadamente, como todos sabemos, las personas LGTBI continuamos siendo objeto de discriminaci\u00f3n, acoso o rechazo, incluso en nuestro pa\u00eds, donde la legislaci\u00f3n nos ampara. Y es que, a pesar de los avances cosechados, la LGTBIfobia a\u00fan est\u00e1 presente en la sociedad y, especialmente, en el mundo del deporte, donde, a menudo, el hecho LGTBI es inexistente o se convierte en motivo de discriminaci\u00f3n. \u00bfOs hab\u00e9is parado a pensar por qu\u00e9 en el deporte de \u00e9lite, y especialmente en algunas modalidades deportivas, no hay pr\u00e1cticamente ninguna persona que p\u00fablicamente se declare LGTBI? Resulta parad\u00f3jico como la pr\u00e1ctica deportiva constituye un mecanismo valios\u00edsimo para fomentar en la sociedad valores como un estilo de vida saludable, el trabajo en equipo, la autosuperaci\u00f3n, etc. mientras que, a su vez, es uno de los \u00e1mbitos en los que el respeto hacia la diversidad se encuentra m\u00e1s atrasado. Desde aqu\u00ed denunciamos la LGTBIFOBIA en el mundo del deporte. No aceptamos que en nuestro pa\u00eds, un \u00e1rbitro se vea perseguido p\u00fablicamente por el simple hecho de explicar p\u00fablicamente su orientaci\u00f3n sexual. No aceptamos que en el deporte de \u00e9lite, el hecho LGTBI se esconda, como algo malo u oscuro. Y, desde aqu\u00ed, reclamamos un compromiso firme y acciones concretas de las administraciones p\u00fablicas, los clubs deportivos, deportistas y aficionados para acabar con la LGTBIfobia. Hoy ponemos el foco sobre el deporte, pero no podemos olvidar que en otros pa\u00edses las personas LGTBI son perseguidas, torturadas y se enfrentan, incluso, a la muerte en pa\u00edses teocr\u00e1ticos donde la moral impuesta por la religi\u00f3n no contempla la diversidad sexual o la identidad de g\u00e9nero. Menci\u00f3n especial merece Chechenia, donde recientemente se ha hecho p\u00fablica la violencia del estado hacia la diversidad, a trav\u00e9s de la persecuci\u00f3n, la tortura y el asesinato de personas LGTBI.<\/p>\n<p>No podemos ser c\u00f3mplices, hemos de gritar alto y decir \u00a1BASTA! \u00a1BASTA DE DISCRIMINACI\u00d3N, BASTA DE VIOLENCIA, en el deporte y en el resto de \u00e1mbitos, PITEMOS FALTA A LA LGTBIFOBIA!<\/p>\n<\/div><\/div><\/div><div class=\"fusion-layout-column fusion_builder_column fusion-builder-column-2 fusion_builder_column_1_2 1_2 fusion-flex-column\" style=\"--awb-padding-top:50px;--awb-padding-bottom:50px;--awb-bg-size:cover;--awb-width-large:50%;--awb-margin-top-large:0px;--awb-spacing-right-large:3.84%;--awb-margin-bottom-large:20px;--awb-spacing-left-large:3.84%;--awb-width-medium:50%;--awb-order-medium:0;--awb-spacing-right-medium:3.84%;--awb-spacing-left-medium:3.84%;--awb-width-small:100%;--awb-order-small:0;--awb-spacing-right-small:1.92%;--awb-spacing-left-small:1.92%;\" data-scroll-devices=\"small-visibility,medium-visibility,large-visibility\"><div class=\"fusion-column-wrapper fusion-column-has-shadow fusion-flex-justify-content-flex-start fusion-content-layout-column\"><div class=\"fusion-image-element \" style=\"text-align:center;--awb-caption-title-font-family:var(--h2_typography-font-family);--awb-caption-title-font-weight:var(--h2_typography-font-weight);--awb-caption-title-font-style:var(--h2_typography-font-style);--awb-caption-title-size:var(--h2_typography-font-size);--awb-caption-title-transform:var(--h2_typography-text-transform);--awb-caption-title-line-height:var(--h2_typography-line-height);--awb-caption-title-letter-spacing:var(--h2_typography-letter-spacing);\"><span class=\" fusion-imageframe imageframe-none imageframe-1 hover-type-none\"><img decoding=\"async\" width=\"1080\" height=\"1374\" title=\"A3_Catalan_Con fecha_logos_\" src=\"https:\/\/www.pridebarcelona.org\/wp-content\/uploads\/2025\/06\/cartelpride2017ok.jpg\" alt class=\"img-responsive wp-image-6679\" srcset=\"https:\/\/www.pridebarcelona.org\/wp-content\/uploads\/2025\/06\/cartelpride2017ok-200x254.jpg 200w, https:\/\/www.pridebarcelona.org\/wp-content\/uploads\/2025\/06\/cartelpride2017ok-400x509.jpg 400w, https:\/\/www.pridebarcelona.org\/wp-content\/uploads\/2025\/06\/cartelpride2017ok-600x763.jpg 600w, https:\/\/www.pridebarcelona.org\/wp-content\/uploads\/2025\/06\/cartelpride2017ok-800x1018.jpg 800w, https:\/\/www.pridebarcelona.org\/wp-content\/uploads\/2025\/06\/cartelpride2017ok.jpg 1080w\" sizes=\"(max-width: 640px) 100vw, 600px\" \/><\/span><\/div><\/div><\/div><\/div><\/div><div class=\"fusion-fullwidth fullwidth-box fusion-builder-row-3 fusion-flex-container has-pattern-background has-mask-background nonhundred-percent-fullwidth non-hundred-percent-height-scrolling\" style=\"--awb-border-radius-top-left:0px;--awb-border-radius-top-right:0px;--awb-border-radius-bottom-right:0px;--awb-border-radius-bottom-left:0px;--awb-margin-top:50px;--awb-margin-bottom:30px;--awb-flex-wrap:wrap;\" ><div class=\"fusion-builder-row fusion-row fusion-flex-align-items-flex-start fusion-flex-justify-content-center fusion-flex-content-wrap\" style=\"max-width:1248px;margin-left: calc(-4% \/ 2 );margin-right: calc(-4% \/ 2 );\"><div class=\"fusion-layout-column fusion_builder_column fusion-builder-column-3 fusion_builder_column_1_1 1_1 fusion-flex-column\" style=\"--awb-bg-size:cover;--awb-width-large:100%;--awb-margin-top-large:0px;--awb-spacing-right-large:1.92%;--awb-margin-bottom-large:20px;--awb-spacing-left-large:1.92%;--awb-width-medium:100%;--awb-order-medium:0;--awb-spacing-right-medium:1.92%;--awb-spacing-left-medium:1.92%;--awb-width-small:100%;--awb-order-small:0;--awb-spacing-right-small:1.92%;--awb-spacing-left-small:1.92%;\"><div class=\"fusion-column-wrapper fusion-column-has-shadow fusion-flex-justify-content-flex-start fusion-content-layout-column\"><div class=\"fusion-text fusion-text-3\"><h4 class=\"section-title \" style=\"text-align: center;\">Otras ediciones<\/h4>\n<\/div><\/div><\/div><div class=\"fusion-layout-column fusion_builder_column fusion-builder-column-4 fusion_builder_column_1_4 1_4 fusion-flex-column\" style=\"--awb-bg-size:cover;--awb-width-large:25%;--awb-margin-top-large:0px;--awb-spacing-right-large:7.68%;--awb-margin-bottom-large:20px;--awb-spacing-left-large:7.68%;--awb-width-medium:25%;--awb-order-medium:0;--awb-spacing-right-medium:7.68%;--awb-spacing-left-medium:7.68%;--awb-width-small:100%;--awb-order-small:0;--awb-spacing-right-small:1.92%;--awb-spacing-left-small:1.92%;\"><div class=\"fusion-column-wrapper fusion-column-has-shadow fusion-flex-justify-content-flex-start fusion-content-layout-column\"><div class=\"fusion-text fusion-text-4\"><h3 class=\"section-title \" style=\"text-align: center;\"><a href=\"https:\/\/www.pridebarcelona.org\/es\/pride-2025-2\/\">Pride! 2025<\/a><\/h3>\n<\/div><div class=\"fusion-text fusion-text-5\"><p style=\"text-align: center; font-size: 13px; line-height: 15px; color: #525252;\">Cultura LGBTQIA+: Cultura universal<\/p>\n<\/div><\/div><\/div><div class=\"fusion-layout-column fusion_builder_column fusion-builder-column-5 fusion_builder_column_1_4 1_4 fusion-flex-column\" style=\"--awb-bg-size:cover;--awb-width-large:25%;--awb-margin-top-large:0px;--awb-spacing-right-large:7.68%;--awb-margin-bottom-large:20px;--awb-spacing-left-large:7.68%;--awb-width-medium:25%;--awb-order-medium:0;--awb-spacing-right-medium:7.68%;--awb-spacing-left-medium:7.68%;--awb-width-small:100%;--awb-order-small:0;--awb-spacing-right-small:1.92%;--awb-spacing-left-small:1.92%;\"><div class=\"fusion-column-wrapper fusion-column-has-shadow fusion-flex-justify-content-flex-start fusion-content-layout-column\"><div class=\"fusion-text fusion-text-6\"><h3 class=\"section-title \" style=\"text-align: center;\"><a href=\"https:\/\/www.pridebarcelona.org\/es\/pride-2024\/\">Pride! 2024<\/a><\/h3>\n<\/div><div class=\"fusion-text fusion-text-7\"><p style=\"text-align: center; font-size: 13px; line-height: 15px; color: #525252;\">Educaci\u00f3n en diversidad sexoafectiva y de g\u00e9nero<\/p>\n<\/div><\/div><\/div><div class=\"fusion-layout-column fusion_builder_column fusion-builder-column-6 fusion_builder_column_1_4 1_4 fusion-flex-column\" style=\"--awb-bg-size:cover;--awb-width-large:25%;--awb-margin-top-large:0px;--awb-spacing-right-large:7.68%;--awb-margin-bottom-large:20px;--awb-spacing-left-large:7.68%;--awb-width-medium:25%;--awb-order-medium:0;--awb-spacing-right-medium:7.68%;--awb-spacing-left-medium:7.68%;--awb-width-small:100%;--awb-order-small:0;--awb-spacing-right-small:1.92%;--awb-spacing-left-small:1.92%;\"><div class=\"fusion-column-wrapper fusion-column-has-shadow fusion-flex-justify-content-flex-start fusion-content-layout-column\"><div class=\"fusion-text fusion-text-8\"><h3 class=\"section-title \" style=\"text-align: center;\"><a href=\"https:\/\/www.pridebarcelona.org\/es\/pride-bcn-2023\/\">Pride! 2023<\/a><\/h3>\n<\/div><div class=\"fusion-text fusion-text-9\"><p style=\"text-align: center; font-size: 13px; line-height: 15px; color: #525252;\">Personas mayores LGTBIQ+<\/p>\n<\/div><\/div><\/div><div class=\"fusion-layout-column fusion_builder_column fusion-builder-column-7 fusion_builder_column_1_4 1_4 fusion-flex-column\" style=\"--awb-bg-size:cover;--awb-width-large:25%;--awb-margin-top-large:0px;--awb-spacing-right-large:7.68%;--awb-margin-bottom-large:20px;--awb-spacing-left-large:7.68%;--awb-width-medium:25%;--awb-order-medium:0;--awb-spacing-right-medium:7.68%;--awb-spacing-left-medium:7.68%;--awb-width-small:100%;--awb-order-small:0;--awb-spacing-right-small:1.92%;--awb-spacing-left-small:1.92%;\"><div class=\"fusion-column-wrapper fusion-column-has-shadow fusion-flex-justify-content-flex-start fusion-content-layout-column\"><div class=\"fusion-text fusion-text-10\"><h3 class=\"section-title \" style=\"text-align: center;\"><a href=\"https:\/\/www.pridebarcelona.org\/es\/pride-bcn-2022\/\">Pride! 2022<\/a><\/h3>\n<\/div><div class=\"fusion-text fusion-text-11\"><p style=\"text-align: center; font-size: 13px; line-height: 15px; color: #525252;\">Visibilidad l\u00e9sbica<\/p>\n<\/div><\/div><\/div><div class=\"fusion-layout-column fusion_builder_column fusion-builder-column-8 fusion_builder_column_1_4 1_4 fusion-flex-column\" style=\"--awb-bg-size:cover;--awb-width-large:25%;--awb-margin-top-large:0px;--awb-spacing-right-large:7.68%;--awb-margin-bottom-large:20px;--awb-spacing-left-large:7.68%;--awb-width-medium:25%;--awb-order-medium:0;--awb-spacing-right-medium:7.68%;--awb-spacing-left-medium:7.68%;--awb-width-small:100%;--awb-order-small:0;--awb-spacing-right-small:1.92%;--awb-spacing-left-small:1.92%;\"><div class=\"fusion-column-wrapper fusion-column-has-shadow fusion-flex-justify-content-flex-start fusion-content-layout-column\"><div class=\"fusion-text fusion-text-12\"><h3 class=\"section-title \" style=\"text-align: center;\"><a href=\"https:\/\/www.pridebarcelona.org\/es\/pride-bcn-2021-contra-el-estigma-del-vih\/\">Pride! 2021<\/a><\/h3>\n<\/div><div class=\"fusion-text fusion-text-13\"><p style=\"text-align: center; font-size: 13px; line-height: 15px; color: #525252;\">Contra el estigma del VIH<\/p>\n<\/div><\/div><\/div><div class=\"fusion-layout-column fusion_builder_column fusion-builder-column-9 fusion_builder_column_1_4 1_4 fusion-flex-column\" style=\"--awb-bg-size:cover;--awb-width-large:25%;--awb-margin-top-large:0px;--awb-spacing-right-large:7.68%;--awb-margin-bottom-large:20px;--awb-spacing-left-large:7.68%;--awb-width-medium:25%;--awb-order-medium:0;--awb-spacing-right-medium:7.68%;--awb-spacing-left-medium:7.68%;--awb-width-small:100%;--awb-order-small:0;--awb-spacing-right-small:1.92%;--awb-spacing-left-small:1.92%;\"><div class=\"fusion-column-wrapper fusion-column-has-shadow fusion-flex-justify-content-flex-start fusion-content-layout-column\"><div class=\"fusion-text fusion-text-14\"><h3 class=\"section-title \" style=\"text-align: center;\"><a href=\"https:\/\/www.pridebarcelona.org\/es\/pride-bcn-2020\/\">Pride! 2020<\/a><\/h3>\n<\/div><div class=\"fusion-text fusion-text-15\"><p style=\"text-align: center; font-size: 13px; line-height: 15px; color: #525252;\">Edici\u00f3n especial TV<\/p>\n<\/div><\/div><\/div><div class=\"fusion-layout-column fusion_builder_column fusion-builder-column-10 fusion_builder_column_1_4 1_4 fusion-flex-column\" style=\"--awb-bg-size:cover;--awb-width-large:25%;--awb-margin-top-large:0px;--awb-spacing-right-large:7.68%;--awb-margin-bottom-large:20px;--awb-spacing-left-large:7.68%;--awb-width-medium:25%;--awb-order-medium:0;--awb-spacing-right-medium:7.68%;--awb-spacing-left-medium:7.68%;--awb-width-small:100%;--awb-order-small:0;--awb-spacing-right-small:1.92%;--awb-spacing-left-small:1.92%;\"><div class=\"fusion-column-wrapper fusion-column-has-shadow fusion-flex-justify-content-flex-start fusion-content-layout-column\"><div class=\"fusion-text fusion-text-16\"><h3 class=\"section-title \" style=\"text-align: center;\"><a href=\"https:\/\/www.pridebarcelona.org\/es\/pride-2019\/\">Pride! 2019<\/a><\/h3>\n<\/div><div class=\"fusion-text fusion-text-17\"><p style=\"text-align: center; font-size: 13px; line-height: 15px; color: #525252;\">Familias LGTBI<\/p>\n<\/div><\/div><\/div><div class=\"fusion-layout-column fusion_builder_column fusion-builder-column-11 fusion_builder_column_1_4 1_4 fusion-flex-column\" style=\"--awb-bg-size:cover;--awb-width-large:25%;--awb-margin-top-large:0px;--awb-spacing-right-large:7.68%;--awb-margin-bottom-large:20px;--awb-spacing-left-large:7.68%;--awb-width-medium:25%;--awb-order-medium:0;--awb-spacing-right-medium:7.68%;--awb-spacing-left-medium:7.68%;--awb-width-small:100%;--awb-order-small:0;--awb-spacing-right-small:1.92%;--awb-spacing-left-small:1.92%;\"><div class=\"fusion-column-wrapper fusion-column-has-shadow fusion-flex-justify-content-flex-start fusion-content-layout-column\"><div class=\"fusion-text fusion-text-18\"><h3 class=\"section-title \" style=\"text-align: center;\"><a href=\"https:\/\/www.pridebarcelona.org\/es\/pride-2018\/\">Pride! 2018<\/a><\/h3>\n<\/div><div class=\"fusion-text fusion-text-19\"><p style=\"text-align: center; font-size: 13px; line-height: 15px; color: #525252;\">Personas refugiadas LGTBI<\/p>\n<\/div><\/div><\/div><div class=\"fusion-layout-column fusion_builder_column fusion-builder-column-12 fusion_builder_column_1_4 1_4 fusion-flex-column\" style=\"--awb-bg-size:cover;--awb-width-large:25%;--awb-margin-top-large:0px;--awb-spacing-right-large:7.68%;--awb-margin-bottom-large:20px;--awb-spacing-left-large:7.68%;--awb-width-medium:25%;--awb-order-medium:0;--awb-spacing-right-medium:7.68%;--awb-spacing-left-medium:7.68%;--awb-width-small:100%;--awb-order-small:0;--awb-spacing-right-small:1.92%;--awb-spacing-left-small:1.92%;\"><div class=\"fusion-column-wrapper fusion-column-has-shadow fusion-flex-justify-content-flex-start fusion-content-layout-column\"><div class=\"fusion-text fusion-text-20\"><h3 class=\"section-title \" style=\"text-align: center;\"><a href=\"https:\/\/www.pridebarcelona.org\/es\/pride-bcn-2016\/\">Pride! 2016<\/a><\/h3>\n<\/div><div class=\"fusion-text fusion-text-21\"><p style=\"text-align: center; font-size: 13px; line-height: 15px; color: #525252;\">Personas trans<\/p>\n<\/div><\/div><\/div><div class=\"fusion-layout-column fusion_builder_column fusion-builder-column-13 fusion_builder_column_1_4 1_4 fusion-flex-column\" style=\"--awb-bg-size:cover;--awb-width-large:25%;--awb-margin-top-large:0px;--awb-spacing-right-large:7.68%;--awb-margin-bottom-large:20px;--awb-spacing-left-large:7.68%;--awb-width-medium:25%;--awb-order-medium:0;--awb-spacing-right-medium:7.68%;--awb-spacing-left-medium:7.68%;--awb-width-small:100%;--awb-order-small:0;--awb-spacing-right-small:1.92%;--awb-spacing-left-small:1.92%;\"><div class=\"fusion-column-wrapper fusion-column-has-shadow fusion-flex-justify-content-flex-start fusion-content-layout-column\"><div class=\"fusion-text fusion-text-22\"><h3 class=\"section-title \" style=\"text-align: center;\"><a href=\"https:\/\/www.pridebarcelona.org\/es\/pride-bcn-2015\/\">Pride! 2015<\/a><\/h3>\n<\/div><div class=\"fusion-text fusion-text-23\"><p style=\"text-align: center; font-size: 13px; line-height: 15px; color: #525252;\">Stop bullying LGTBI<\/p>\n<\/div><\/div><\/div><div class=\"fusion-layout-column fusion_builder_column fusion-builder-column-14 fusion_builder_column_1_4 1_4 fusion-flex-column\" style=\"--awb-bg-size:cover;--awb-width-large:25%;--awb-margin-top-large:0px;--awb-spacing-right-large:7.68%;--awb-margin-bottom-large:20px;--awb-spacing-left-large:7.68%;--awb-width-medium:25%;--awb-order-medium:0;--awb-spacing-right-medium:7.68%;--awb-spacing-left-medium:7.68%;--awb-width-small:100%;--awb-order-small:0;--awb-spacing-right-small:1.92%;--awb-spacing-left-small:1.92%;\"><div class=\"fusion-column-wrapper fusion-column-has-shadow fusion-flex-justify-content-flex-start fusion-content-layout-column\"><div class=\"fusion-text fusion-text-24\"><h3 class=\"section-title \" style=\"text-align: center;\"><a href=\"https:\/\/www.pridebarcelona.org\/es\/pride-bcn-2014\/\">Pride! 2014<\/a><\/h3>\n<\/div><div class=\"fusion-text fusion-text-25\"><p style=\"text-align: center; font-size: 13px; line-height: 15px; color: #525252;\">Por los derechos LGTBI<\/p>\n<\/div><\/div><\/div><div class=\"fusion-layout-column fusion_builder_column fusion-builder-column-15 fusion_builder_column_1_4 1_4 fusion-flex-column\" style=\"--awb-bg-size:cover;--awb-width-large:25%;--awb-margin-top-large:0px;--awb-spacing-right-large:7.68%;--awb-margin-bottom-large:20px;--awb-spacing-left-large:7.68%;--awb-width-medium:25%;--awb-order-medium:0;--awb-spacing-right-medium:7.68%;--awb-spacing-left-medium:7.68%;--awb-width-small:100%;--awb-order-small:0;--awb-spacing-right-small:1.92%;--awb-spacing-left-small:1.92%;\"><div class=\"fusion-column-wrapper fusion-column-has-shadow fusion-flex-justify-content-flex-start fusion-content-layout-column\"><div class=\"fusion-text fusion-text-26\"><h3 class=\"section-title \" style=\"text-align: center;\"><a href=\"https:\/\/www.pridebarcelona.org\/es\/pride-bcn-2013\/\">Pride! 2013<\/a><\/h3>\n<\/div><div class=\"fusion-text fusion-text-27\"><p style=\"text-align: center; font-size: 13px; line-height: 15px; color: #525252;\">Por la ley contra LGTBI-f\u00f2bia<\/p>\n<\/div><\/div><\/div><div class=\"fusion-layout-column fusion_builder_column fusion-builder-column-16 fusion_builder_column_1_4 1_4 fusion-flex-column\" style=\"--awb-bg-size:cover;--awb-width-large:25%;--awb-margin-top-large:0px;--awb-spacing-right-large:7.68%;--awb-margin-bottom-large:20px;--awb-spacing-left-large:7.68%;--awb-width-medium:25%;--awb-order-medium:0;--awb-spacing-right-medium:7.68%;--awb-spacing-left-medium:7.68%;--awb-width-small:100%;--awb-order-small:0;--awb-spacing-right-small:1.92%;--awb-spacing-left-small:1.92%;\"><div class=\"fusion-column-wrapper fusion-column-has-shadow fusion-flex-justify-content-flex-start fusion-content-layout-column\"><div class=\"fusion-text fusion-text-28\"><h3 class=\"section-title \" style=\"text-align: center;\"><a href=\"https:\/\/www.pridebarcelona.org\/es\/pride-bcn-2012\/\">Pride! 2012<\/a><\/h3>\n<\/div><div class=\"fusion-text fusion-text-29\"><p style=\"text-align: center; font-size: 13px; line-height: 15px; color: #525252;\">Apoyo al matrimonio igualitario<\/p>\n<\/div><\/div><\/div><div class=\"fusion-layout-column fusion_builder_column fusion-builder-column-17 fusion_builder_column_1_4 1_4 fusion-flex-column\" style=\"--awb-bg-size:cover;--awb-width-large:25%;--awb-margin-top-large:0px;--awb-spacing-right-large:7.68%;--awb-margin-bottom-large:20px;--awb-spacing-left-large:7.68%;--awb-width-medium:25%;--awb-order-medium:0;--awb-spacing-right-medium:7.68%;--awb-spacing-left-medium:7.68%;--awb-width-small:100%;--awb-order-small:0;--awb-spacing-right-small:1.92%;--awb-spacing-left-small:1.92%;\"><div class=\"fusion-column-wrapper fusion-column-has-shadow fusion-flex-justify-content-flex-start fusion-content-layout-column\"><div class=\"fusion-text fusion-text-30\"><h3 class=\"section-title \" style=\"text-align: center;\"><a href=\"https:\/\/www.pridebarcelona.org\/es\/pride-bcn-2011\/\">Pride! 2011<\/a><\/h3>\n<\/div><div class=\"fusion-text fusion-text-31\"><p style=\"text-align: center; font-size: 13px; line-height: 15px; color: #525252;\">Por la salud y la igualdad<\/p>\n<\/div><\/div><\/div><div class=\"fusion-layout-column fusion_builder_column fusion-builder-column-18 fusion_builder_column_1_4 1_4 fusion-flex-column\" style=\"--awb-bg-size:cover;--awb-width-large:25%;--awb-margin-top-large:0px;--awb-spacing-right-large:7.68%;--awb-margin-bottom-large:20px;--awb-spacing-left-large:7.68%;--awb-width-medium:25%;--awb-order-medium:0;--awb-spacing-right-medium:7.68%;--awb-spacing-left-medium:7.68%;--awb-width-small:100%;--awb-order-small:0;--awb-spacing-right-small:1.92%;--awb-spacing-left-small:1.92%;\"><div class=\"fusion-column-wrapper fusion-column-has-shadow fusion-flex-justify-content-flex-start fusion-content-layout-column\"><div class=\"fusion-text fusion-text-32\"><h3 class=\"section-title \" style=\"text-align: center;\"><a href=\"https:\/\/www.pridebarcelona.org\/es\/pride-bcn-2010\/\">Pride! 2010<\/a><\/h3>\n<\/div><div class=\"fusion-text fusion-text-33\"><p style=\"text-align: center; font-size: 13px; line-height: 15px; color: #525252;\">Por la igualdad trans<\/p>\n<\/div><\/div><\/div><div class=\"fusion-layout-column fusion_builder_column fusion-builder-column-19 fusion_builder_column_1_4 1_4 fusion-flex-column\" style=\"--awb-bg-size:cover;--awb-width-large:25%;--awb-margin-top-large:0px;--awb-spacing-right-large:7.68%;--awb-margin-bottom-large:20px;--awb-spacing-left-large:7.68%;--awb-width-medium:25%;--awb-order-medium:0;--awb-spacing-right-medium:7.68%;--awb-spacing-left-medium:7.68%;--awb-width-small:100%;--awb-order-small:0;--awb-spacing-right-small:1.92%;--awb-spacing-left-small:1.92%;\"><div class=\"fusion-column-wrapper fusion-column-has-shadow fusion-flex-justify-content-flex-start fusion-content-layout-column\"><div class=\"fusion-text fusion-text-34\"><h3 class=\"section-title \" style=\"text-align: center;\"><a href=\"https:\/\/www.pridebarcelona.org\/es\/pride-bcn-2009\/\">Pride! 2009<\/a><\/h3>\n<\/div><div class=\"fusion-text fusion-text-35\"><p style=\"text-align: center; font-size: 13px; line-height: 15px; color: #525252;\">Por los derechos LGTBI<\/p>\n<\/div><\/div><\/div><\/div><\/div>\n","protected":false},"excerpt":{"rendered":"\u00a1Pita falta a la LGTBIfobia! Como cada a\u00f1o, hoy nos  [...]","protected":false},"author":6,"featured_media":0,"parent":0,"menu_order":0,"comment_status":"closed","ping_status":"closed","template":"100-width.php","meta":{"footnotes":""},"class_list":["post-7601","page","type-page","status-publish","hentry"],"_links":{"self":[{"href":"https:\/\/www.pridebarcelona.org\/es\/wp-json\/wp\/v2\/pages\/7601","targetHints":{"allow":["GET"]}}],"collection":[{"href":"https:\/\/www.pridebarcelona.org\/es\/wp-json\/wp\/v2\/pages"}],"about":[{"href":"https:\/\/www.pridebarcelona.org\/es\/wp-json\/wp\/v2\/types\/page"}],"author":[{"embeddable":true,"href":"https:\/\/www.pridebarcelona.org\/es\/wp-json\/wp\/v2\/users\/6"}],"replies":[{"embeddable":true,"href":"https:\/\/www.pridebarcelona.org\/es\/wp-json\/wp\/v2\/comments?post=7601"}],"version-history":[{"count":2,"href":"https:\/\/www.pridebarcelona.org\/es\/wp-json\/wp\/v2\/pages\/7601\/revisions"}],"predecessor-version":[{"id":8107,"href":"https:\/\/www.pridebarcelona.org\/es\/wp-json\/wp\/v2\/pages\/7601\/revisions\/8107"}],"wp:attachment":[{"href":"https:\/\/www.pridebarcelona.org\/es\/wp-json\/wp\/v2\/media?parent=7601"}],"curies":[{"name":"wp","href":"https:\/\/api.w.org\/{rel}","templated":true}]}}