{"id":6938,"date":"2025-06-18T18:17:06","date_gmt":"2025-06-18T16:17:06","guid":{"rendered":"https:\/\/www.pridebarcelona.org\/?page_id=6938"},"modified":"2025-08-25T09:16:04","modified_gmt":"2025-08-25T07:16:04","slug":"pride-2025-2","status":"publish","type":"page","link":"https:\/\/www.pridebarcelona.org\/es\/pride-2025-2\/","title":{"rendered":"Pride! 2025"},"content":{"rendered":"<div class=\"fusion-fullwidth fullwidth-box fusion-builder-row-1 fusion-flex-container has-pattern-background has-mask-background hundred-percent-fullwidth non-hundred-percent-height-scrolling pparticipa \" style=\"--awb-border-radius-top-left:0px;--awb-border-radius-top-right:0px;--awb-border-radius-bottom-right:0px;--awb-border-radius-bottom-left:0px;--awb-padding-top:70px;--awb-background-image:linear-gradient(180deg, #e8e8e8 0%,#ffffff 10%);--awb-flex-wrap:wrap;\" ><div class=\"fusion-builder-row fusion-row fusion-flex-align-items-flex-start fusion-flex-content-wrap\" style=\"width:104% !important;max-width:104% !important;margin-left: calc(-4% \/ 2 );margin-right: calc(-4% \/ 2 );\"><div class=\"fusion-layout-column fusion_builder_column fusion-builder-column-0 fusion_builder_column_1_6 1_6 fusion-flex-column\" style=\"--awb-bg-size:cover;--awb-width-large:16.666666666667%;--awb-margin-top-large:0px;--awb-spacing-right-large:11.52%;--awb-margin-bottom-large:20px;--awb-spacing-left-large:11.52%;--awb-width-medium:16.666666666667%;--awb-order-medium:0;--awb-spacing-right-medium:11.52%;--awb-spacing-left-medium:11.52%;--awb-width-small:100%;--awb-order-small:0;--awb-spacing-right-small:1.92%;--awb-spacing-left-small:1.92%;\"><div class=\"fusion-column-wrapper fusion-column-has-shadow fusion-flex-justify-content-flex-start fusion-content-layout-column\"><\/div><\/div><div class=\"fusion-layout-column fusion_builder_column fusion-builder-column-1 fusion_builder_column_2_3 2_3 fusion-flex-column\" style=\"--awb-bg-size:cover;--awb-width-large:66.666666666667%;--awb-margin-top-large:0px;--awb-spacing-right-large:2.88%;--awb-margin-bottom-large:20px;--awb-spacing-left-large:2.88%;--awb-width-medium:66.666666666667%;--awb-order-medium:0;--awb-spacing-right-medium:2.88%;--awb-spacing-left-medium:2.88%;--awb-width-small:100%;--awb-order-small:0;--awb-spacing-right-small:1.92%;--awb-spacing-left-small:1.92%;\" data-scroll-devices=\"small-visibility,medium-visibility,large-visibility\"><div class=\"fusion-column-wrapper fusion-column-has-shadow fusion-flex-justify-content-flex-start fusion-content-layout-column\"><div class=\"fusion-image-element \" style=\"text-align:center;--awb-max-width:200px;--awb-caption-title-font-family:var(--h2_typography-font-family);--awb-caption-title-font-weight:var(--h2_typography-font-weight);--awb-caption-title-font-style:var(--h2_typography-font-style);--awb-caption-title-size:var(--h2_typography-font-size);--awb-caption-title-transform:var(--h2_typography-text-transform);--awb-caption-title-line-height:var(--h2_typography-line-height);--awb-caption-title-letter-spacing:var(--h2_typography-letter-spacing);\"><span class=\" fusion-imageframe imageframe-none imageframe-1 hover-type-none\"><img decoding=\"async\" width=\"1200\" height=\"916\" title=\"PRIDELOGO_2025\" src=\"https:\/\/www.pridebarcelona.org\/wp-content\/uploads\/2025\/06\/PRIDELOGO_2025.png\" alt class=\"img-responsive wp-image-6776\" srcset=\"https:\/\/www.pridebarcelona.org\/wp-content\/uploads\/2025\/06\/PRIDELOGO_2025-200x153.png 200w, https:\/\/www.pridebarcelona.org\/wp-content\/uploads\/2025\/06\/PRIDELOGO_2025-400x305.png 400w, https:\/\/www.pridebarcelona.org\/wp-content\/uploads\/2025\/06\/PRIDELOGO_2025-600x458.png 600w, https:\/\/www.pridebarcelona.org\/wp-content\/uploads\/2025\/06\/PRIDELOGO_2025-800x611.png 800w, https:\/\/www.pridebarcelona.org\/wp-content\/uploads\/2025\/06\/PRIDELOGO_2025.png 1200w\" sizes=\"(max-width: 640px) 100vw, 800px\" \/><\/span><\/div><div class=\"fusion-image-element \" style=\"--awb-margin-top:50px;--awb-margin-bottom:100px;--awb-caption-title-font-family:var(--h2_typography-font-family);--awb-caption-title-font-weight:var(--h2_typography-font-weight);--awb-caption-title-font-style:var(--h2_typography-font-style);--awb-caption-title-size:var(--h2_typography-font-size);--awb-caption-title-transform:var(--h2_typography-text-transform);--awb-caption-title-line-height:var(--h2_typography-line-height);--awb-caption-title-letter-spacing:var(--h2_typography-letter-spacing);\"><span class=\" fusion-imageframe imageframe-none imageframe-2 hover-type-none\"><img decoding=\"async\" width=\"1200\" height=\"559\" title=\"claim2025_cs\" src=\"https:\/\/www.pridebarcelona.org\/wp-content\/uploads\/2025\/07\/claim2025_cs.png\" alt class=\"img-responsive wp-image-7579\" srcset=\"https:\/\/www.pridebarcelona.org\/wp-content\/uploads\/2025\/07\/claim2025_cs-200x93.png 200w, https:\/\/www.pridebarcelona.org\/wp-content\/uploads\/2025\/07\/claim2025_cs-400x186.png 400w, https:\/\/www.pridebarcelona.org\/wp-content\/uploads\/2025\/07\/claim2025_cs-600x280.png 600w, https:\/\/www.pridebarcelona.org\/wp-content\/uploads\/2025\/07\/claim2025_cs-800x373.png 800w, https:\/\/www.pridebarcelona.org\/wp-content\/uploads\/2025\/07\/claim2025_cs.png 1200w\" sizes=\"(max-width: 640px) 100vw, 800px\" \/><\/span><\/div><div class=\"fusion-text fusion-text-1 pprincipal\"><p style=\"text-align: justify; font-size: 28px;\">La cultura es el territorio de resistencia, memoria y celebraci\u00f3n para las personas LGBTQIA+. No es solo un espacio simb\u00f3lico: es la trinchera desde donde luchamos, el refugio donde nos reconocemos, la fiesta donde celebramos nuestra existencia. A trav\u00e9s del arte, la danza, el teatro, la m\u00fasica o la palabra, la sociedad construye espacios donde expresarse con libertad, visibilizar realidades diversas y desafiar las normas que nos excluyen. La cultura disidente siempre ha sido motor de cambio y refugio colectivo; un lugar donde existir sin censura, imaginar otros futuros posibles y reivindicar con orgullo nuestras identidades diversas.<\/p>\n<\/div><div class=\"fusion-text fusion-text-2 pprincipal\"><p style=\"font-size: 28px; text-align: justify;\">La cultura LGBTQIA+ est\u00e1 llena de referentes que fueron silenciados, perseguidos y, demasiado a menudo, asesinados por el sistema heteronormativo y patriarcal. Artistas de la palabra, la m\u00fasica, la danza, expulsadas de los circuitos oficiales, invisibilizadas en las academias y condenadas al olvido. Hoy, parad\u00f3jicamente, las mismas ideolog\u00edas que contribuyeron a su marginaci\u00f3n intentan apropiarse de su legado, vaci\u00e1ndolo de contenido pol\u00edtico y convirti\u00e9ndolo en simple decorado. Reivindicar la cultura LGBTQIA+ es tambi\u00e9n recuperar esas voces, honrar su memoria y denunciar la hipocres\u00eda de un sistema que las quiso muertas pero ahora las utiliza para lavarse la cara.<\/p>\n<\/div><\/div><\/div><div class=\"fusion-layout-column fusion_builder_column fusion-builder-column-2 fusion_builder_column_1_6 1_6 fusion-flex-column\" style=\"--awb-bg-size:cover;--awb-width-large:16.666666666667%;--awb-margin-top-large:0px;--awb-spacing-right-large:11.52%;--awb-margin-bottom-large:20px;--awb-spacing-left-large:11.52%;--awb-width-medium:16.666666666667%;--awb-order-medium:0;--awb-spacing-right-medium:11.52%;--awb-spacing-left-medium:11.52%;--awb-width-small:100%;--awb-order-small:0;--awb-spacing-right-small:1.92%;--awb-spacing-left-small:1.92%;\"><div class=\"fusion-column-wrapper fusion-column-has-shadow fusion-flex-justify-content-flex-start fusion-content-layout-column\"><\/div><\/div><\/div><\/div><div class=\"fusion-fullwidth fullwidth-box fusion-builder-row-2 fusion-flex-container has-pattern-background has-mask-background hundred-percent-fullwidth non-hundred-percent-height-scrolling\" style=\"--awb-border-radius-top-left:0px;--awb-border-radius-top-right:0px;--awb-border-radius-bottom-right:0px;--awb-border-radius-bottom-left:0px;--awb-padding-top:30px;--awb-flex-wrap:wrap;\" ><div class=\"fusion-builder-row fusion-row fusion-flex-align-items-flex-start fusion-flex-justify-content-center fusion-flex-content-wrap\" style=\"width:104% !important;max-width:104% !important;margin-left: calc(-4% \/ 2 );margin-right: calc(-4% \/ 2 );\"><div class=\"fusion-layout-column fusion_builder_column fusion-builder-column-3 fusion_builder_column_2_3 2_3 fusion-flex-column\" style=\"--awb-bg-size:cover;--awb-width-large:66.666666666667%;--awb-margin-top-large:0px;--awb-spacing-right-large:2.88%;--awb-margin-bottom-large:20px;--awb-spacing-left-large:2.88%;--awb-width-medium:66.666666666667%;--awb-order-medium:0;--awb-spacing-right-medium:2.88%;--awb-spacing-left-medium:2.88%;--awb-width-small:100%;--awb-order-small:0;--awb-spacing-right-small:1.92%;--awb-spacing-left-small:1.92%;\"><div class=\"fusion-column-wrapper fusion-column-has-shadow fusion-flex-justify-content-flex-start fusion-content-layout-column\"><div class=\"awb-gallery-wrapper awb-gallery-wrapper-1 button-span-no\" style=\"--more-btn-alignment:center;\"><div style=\"margin:-5px;--awb-bordersize:0px;\" class=\"fusion-gallery fusion-gallery-container fusion-grid-3 fusion-columns-total-3 fusion-gallery-layout-grid fusion-gallery-1\"><div style=\"padding:5px;\" class=\"fusion-grid-column fusion-gallery-column fusion-gallery-column-3 hover-type-none\"><div class=\"fusion-gallery-image\"><img decoding=\"async\" src=\"https:\/\/www.pridebarcelona.org\/wp-content\/uploads\/2025\/06\/A3_WARHOL.png\" width=\"454\" height=\"641\" alt=\"\" title=\"A3_WARHOL\" aria-label=\"A3_WARHOL\" class=\"img-responsive wp-image-7008\" srcset=\"https:\/\/www.pridebarcelona.org\/wp-content\/uploads\/2025\/06\/A3_WARHOL-200x282.png 200w, https:\/\/www.pridebarcelona.org\/wp-content\/uploads\/2025\/06\/A3_WARHOL-400x565.png 400w, https:\/\/www.pridebarcelona.org\/wp-content\/uploads\/2025\/06\/A3_WARHOL.png 454w\" sizes=\"(min-width: 2200px) 100vw, (min-width: 784px) 397px, (min-width: 712px) 595px, (min-width: 640px) 712px, \" \/><\/div><\/div><div style=\"padding:5px;\" class=\"fusion-grid-column fusion-gallery-column fusion-gallery-column-3 hover-type-none\"><div class=\"fusion-gallery-image\"><img decoding=\"async\" src=\"https:\/\/www.pridebarcelona.org\/wp-content\/uploads\/2025\/06\/A3_RUPAUL.png\" width=\"454\" height=\"641\" alt=\"\" title=\"A3_RUPAUL\" aria-label=\"A3_RUPAUL\" class=\"img-responsive wp-image-7011\" srcset=\"https:\/\/www.pridebarcelona.org\/wp-content\/uploads\/2025\/06\/A3_RUPAUL-200x282.png 200w, https:\/\/www.pridebarcelona.org\/wp-content\/uploads\/2025\/06\/A3_RUPAUL-400x565.png 400w, https:\/\/www.pridebarcelona.org\/wp-content\/uploads\/2025\/06\/A3_RUPAUL.png 454w\" sizes=\"(min-width: 2200px) 100vw, (min-width: 784px) 397px, (min-width: 712px) 595px, (min-width: 640px) 712px, \" \/><\/div><\/div><div style=\"padding:5px;\" class=\"fusion-grid-column fusion-gallery-column fusion-gallery-column-3 hover-type-none\"><div class=\"fusion-gallery-image\"><img decoding=\"async\" src=\"https:\/\/www.pridebarcelona.org\/wp-content\/uploads\/2025\/06\/A3_MARGARIDA.png\" width=\"454\" height=\"641\" alt=\"\" title=\"A3_MARGARIDA\" aria-label=\"A3_MARGARIDA\" class=\"img-responsive wp-image-7014\" srcset=\"https:\/\/www.pridebarcelona.org\/wp-content\/uploads\/2025\/06\/A3_MARGARIDA-200x282.png 200w, https:\/\/www.pridebarcelona.org\/wp-content\/uploads\/2025\/06\/A3_MARGARIDA-400x565.png 400w, https:\/\/www.pridebarcelona.org\/wp-content\/uploads\/2025\/06\/A3_MARGARIDA.png 454w\" sizes=\"(min-width: 2200px) 100vw, (min-width: 784px) 397px, (min-width: 712px) 595px, (min-width: 640px) 712px, \" \/><\/div><\/div><div class=\"clearfix\"><\/div><\/div><\/div><div class=\"awb-gallery-wrapper awb-gallery-wrapper-2 button-span-no\" style=\"--more-btn-alignment:center;margin-top:10PX;\"><div style=\"margin:-5px;--awb-bordersize:0px;\" class=\"fusion-gallery fusion-gallery-container fusion-grid-3 fusion-columns-total-3 fusion-gallery-layout-grid fusion-gallery-2\"><div style=\"padding:5px;\" class=\"fusion-grid-column fusion-gallery-column fusion-gallery-column-3 hover-type-none\"><div class=\"fusion-gallery-image\"><img decoding=\"async\" src=\"https:\/\/www.pridebarcelona.org\/wp-content\/uploads\/2025\/06\/A3_ALMODOVAR.png\" width=\"454\" height=\"641\" alt=\"\" title=\"A3_ALMODOVAR\" aria-label=\"A3_ALMODOVAR\" class=\"img-responsive wp-image-7017\" srcset=\"https:\/\/www.pridebarcelona.org\/wp-content\/uploads\/2025\/06\/A3_ALMODOVAR-200x282.png 200w, https:\/\/www.pridebarcelona.org\/wp-content\/uploads\/2025\/06\/A3_ALMODOVAR-400x565.png 400w, https:\/\/www.pridebarcelona.org\/wp-content\/uploads\/2025\/06\/A3_ALMODOVAR.png 454w\" sizes=\"(min-width: 2200px) 100vw, (min-width: 784px) 397px, (min-width: 712px) 595px, (min-width: 640px) 712px, \" \/><\/div><\/div><div style=\"padding:5px;\" class=\"fusion-grid-column fusion-gallery-column fusion-gallery-column-3 hover-type-none\"><div class=\"fusion-gallery-image\"><img decoding=\"async\" src=\"https:\/\/www.pridebarcelona.org\/wp-content\/uploads\/2025\/06\/A3_LOLA.png\" width=\"454\" height=\"641\" alt=\"\" title=\"A3_LOLA\" aria-label=\"A3_LOLA\" class=\"img-responsive wp-image-7021\" srcset=\"https:\/\/www.pridebarcelona.org\/wp-content\/uploads\/2025\/06\/A3_LOLA-200x282.png 200w, https:\/\/www.pridebarcelona.org\/wp-content\/uploads\/2025\/06\/A3_LOLA-400x565.png 400w, https:\/\/www.pridebarcelona.org\/wp-content\/uploads\/2025\/06\/A3_LOLA.png 454w\" sizes=\"(min-width: 2200px) 100vw, (min-width: 784px) 397px, (min-width: 712px) 595px, (min-width: 640px) 712px, \" \/><\/div><\/div><div style=\"padding:5px;\" class=\"fusion-grid-column fusion-gallery-column fusion-gallery-column-3 hover-type-none\"><div class=\"fusion-gallery-image\"><img decoding=\"async\" src=\"https:\/\/www.pridebarcelona.org\/wp-content\/uploads\/2025\/06\/A3_FREDDIE.png\" width=\"454\" height=\"641\" alt=\"\" title=\"A3_FREDDIE\" aria-label=\"A3_FREDDIE\" class=\"img-responsive wp-image-7024\" srcset=\"https:\/\/www.pridebarcelona.org\/wp-content\/uploads\/2025\/06\/A3_FREDDIE-200x282.png 200w, https:\/\/www.pridebarcelona.org\/wp-content\/uploads\/2025\/06\/A3_FREDDIE-400x565.png 400w, https:\/\/www.pridebarcelona.org\/wp-content\/uploads\/2025\/06\/A3_FREDDIE.png 454w\" sizes=\"(min-width: 2200px) 100vw, (min-width: 784px) 397px, (min-width: 712px) 595px, (min-width: 640px) 712px, \" \/><\/div><\/div><div class=\"clearfix\"><\/div><\/div><\/div><\/div><\/div><\/div><\/div><div class=\"fusion-fullwidth fullwidth-box fusion-builder-row-3 fusion-flex-container has-pattern-background has-mask-background hundred-percent-fullwidth non-hundred-percent-height-scrolling pparticipa \" style=\"--awb-border-radius-top-left:0px;--awb-border-radius-top-right:0px;--awb-border-radius-bottom-right:0px;--awb-border-radius-bottom-left:0px;--awb-padding-top:50px;--awb-flex-wrap:wrap;\" ><div class=\"fusion-builder-row fusion-row fusion-flex-align-items-flex-start fusion-flex-justify-content-center fusion-flex-content-wrap\" style=\"width:104% !important;max-width:104% !important;margin-left: calc(-4% \/ 2 );margin-right: calc(-4% \/ 2 );\"><div class=\"fusion-layout-column fusion_builder_column fusion-builder-column-4 fusion_builder_column_2_3 2_3 fusion-flex-column\" style=\"--awb-bg-size:cover;--awb-width-large:66.666666666667%;--awb-margin-top-large:0px;--awb-spacing-right-large:2.88%;--awb-margin-bottom-large:20px;--awb-spacing-left-large:2.88%;--awb-width-medium:66.666666666667%;--awb-order-medium:0;--awb-spacing-right-medium:2.88%;--awb-spacing-left-medium:2.88%;--awb-width-small:100%;--awb-order-small:0;--awb-spacing-right-small:1.92%;--awb-spacing-left-small:1.92%;\"><div class=\"fusion-column-wrapper fusion-column-has-shadow fusion-flex-justify-content-flex-start fusion-content-layout-column\"><div class=\"fusion-text fusion-text-3 pparticipa \"><p style=\"text-align: justify; font-size: 28px;\">Pero la cultura LGBTQIA+ no es solo resistencia y memoria: es cultura del progreso. Es la fuerza que empuja el mundo hacia adelante, la semilla de los grandes cambios sociales, la revoluci\u00f3n que desaf\u00eda la inercia y el miedo. Sin la creatividad, la valent\u00eda y la mirada disidente de las personas LGBTQIA+, la cultura \u2014y la sociedad\u2014 ser\u00edan m\u00e1s pobres, m\u00e1s grises, m\u00e1s sumisas. La cultura LGBTQIA+ es el motor que rompe muros, que cuestiona dogmas y que abre caminos hacia un futuro m\u00e1s libre y justo para todas las personas.<\/p>\n<\/div><div class=\"fusion-text fusion-text-4 pparticipa \"><p style=\"text-align: justify; font-size: 28px;\">Desde siempre, las personas LGBTQIA+ hemos estado a la vanguardia del arte, la literatura, la m\u00fasica, el pensamiento y la innovaci\u00f3n social. Hemos desafiado la censura, hemos puesto voz a los silencios, hemos convertido la diferencia en belleza y la disidencia en bandera. El progreso no se entiende sin nuestra aportaci\u00f3n: sin nosotres, la cultura ser\u00eda una repetici\u00f3n de dogmas y prejuicios, una cultura muerta. Somos la cultura que hace avanzar el mundo, que transforma el dolor en esperanza, la marginaci\u00f3n en orgullo, la invisibilidad en presencia.<\/p>\n<\/div><\/div><\/div><\/div><\/div><div class=\"fusion-fullwidth fullwidth-box fusion-builder-row-4 fusion-flex-container has-pattern-background has-mask-background hundred-percent-fullwidth non-hundred-percent-height-scrolling\" style=\"--awb-border-radius-top-left:0px;--awb-border-radius-top-right:0px;--awb-border-radius-bottom-right:0px;--awb-border-radius-bottom-left:0px;--awb-padding-top:30px;--awb-flex-wrap:wrap;\" ><div class=\"fusion-builder-row fusion-row fusion-flex-align-items-flex-start fusion-flex-justify-content-center fusion-flex-content-wrap\" style=\"width:104% !important;max-width:104% !important;margin-left: calc(-4% \/ 2 );margin-right: calc(-4% \/ 2 );\"><div class=\"fusion-layout-column fusion_builder_column fusion-builder-column-5 fusion_builder_column_2_3 2_3 fusion-flex-column\" style=\"--awb-bg-size:cover;--awb-width-large:66.666666666667%;--awb-margin-top-large:0px;--awb-spacing-right-large:2.88%;--awb-margin-bottom-large:20px;--awb-spacing-left-large:2.88%;--awb-width-medium:66.666666666667%;--awb-order-medium:0;--awb-spacing-right-medium:2.88%;--awb-spacing-left-medium:2.88%;--awb-width-small:100%;--awb-order-small:0;--awb-spacing-right-small:1.92%;--awb-spacing-left-small:1.92%;\"><div class=\"fusion-column-wrapper fusion-column-has-shadow fusion-flex-justify-content-flex-start fusion-content-layout-column\"><div class=\"awb-gallery-wrapper awb-gallery-wrapper-3 button-span-no\" style=\"--more-btn-alignment:center;\"><div style=\"margin:-5px;--awb-bordersize:0px;\" class=\"fusion-gallery fusion-gallery-container fusion-grid-3 fusion-columns-total-3 fusion-gallery-layout-grid fusion-gallery-3\"><div style=\"padding:5px;\" class=\"fusion-grid-column fusion-gallery-column fusion-gallery-column-3 hover-type-none\"><div class=\"fusion-gallery-image\"><img decoding=\"async\" src=\"https:\/\/www.pridebarcelona.org\/wp-content\/uploads\/2025\/06\/A3_LORCA.png\" width=\"454\" height=\"641\" alt=\"\" title=\"A3_LORCA\" aria-label=\"A3_LORCA\" class=\"img-responsive wp-image-7030\" srcset=\"https:\/\/www.pridebarcelona.org\/wp-content\/uploads\/2025\/06\/A3_LORCA-200x282.png 200w, https:\/\/www.pridebarcelona.org\/wp-content\/uploads\/2025\/06\/A3_LORCA-400x565.png 400w, https:\/\/www.pridebarcelona.org\/wp-content\/uploads\/2025\/06\/A3_LORCA.png 454w\" sizes=\"(min-width: 2200px) 100vw, (min-width: 784px) 397px, (min-width: 712px) 595px, (min-width: 640px) 712px, \" \/><\/div><\/div><div style=\"padding:5px;\" class=\"fusion-grid-column fusion-gallery-column fusion-gallery-column-3 hover-type-none\"><div class=\"fusion-gallery-image\"><img decoding=\"async\" src=\"https:\/\/www.pridebarcelona.org\/wp-content\/uploads\/2025\/06\/A3_FRIDA.png\" width=\"454\" height=\"641\" alt=\"\" title=\"A3_FRIDA\" aria-label=\"A3_FRIDA\" class=\"img-responsive wp-image-7027\" srcset=\"https:\/\/www.pridebarcelona.org\/wp-content\/uploads\/2025\/06\/A3_FRIDA-200x282.png 200w, https:\/\/www.pridebarcelona.org\/wp-content\/uploads\/2025\/06\/A3_FRIDA-400x565.png 400w, https:\/\/www.pridebarcelona.org\/wp-content\/uploads\/2025\/06\/A3_FRIDA.png 454w\" sizes=\"(min-width: 2200px) 100vw, (min-width: 784px) 397px, (min-width: 712px) 595px, (min-width: 640px) 712px, \" \/><\/div><\/div><div style=\"padding:5px;\" class=\"fusion-grid-column fusion-gallery-column fusion-gallery-column-3 hover-type-none\"><div class=\"fusion-gallery-image\"><img decoding=\"async\" src=\"https:\/\/www.pridebarcelona.org\/wp-content\/uploads\/2025\/06\/A3_WOOLF.png\" width=\"454\" height=\"641\" alt=\"\" title=\"A3_WOOLF\" aria-label=\"A3_WOOLF\" class=\"img-responsive wp-image-7033\" srcset=\"https:\/\/www.pridebarcelona.org\/wp-content\/uploads\/2025\/06\/A3_WOOLF-200x282.png 200w, https:\/\/www.pridebarcelona.org\/wp-content\/uploads\/2025\/06\/A3_WOOLF-400x565.png 400w, https:\/\/www.pridebarcelona.org\/wp-content\/uploads\/2025\/06\/A3_WOOLF.png 454w\" sizes=\"(min-width: 2200px) 100vw, (min-width: 784px) 397px, (min-width: 712px) 595px, (min-width: 640px) 712px, \" \/><\/div><\/div><div class=\"clearfix\"><\/div><\/div><\/div><div class=\"awb-gallery-wrapper awb-gallery-wrapper-4 button-span-no\" style=\"--more-btn-alignment:center;margin-top:10PX;\"><div style=\"margin:-5px;--awb-bordersize:0px;\" class=\"fusion-gallery fusion-gallery-container fusion-grid-3 fusion-columns-total-3 fusion-gallery-layout-grid fusion-gallery-4\"><div style=\"padding:5px;\" class=\"fusion-grid-column fusion-gallery-column fusion-gallery-column-3 hover-type-none\"><div class=\"fusion-gallery-image\"><img decoding=\"async\" src=\"https:\/\/www.pridebarcelona.org\/wp-content\/uploads\/2025\/06\/A3_ELLIOT.png\" width=\"454\" height=\"641\" alt=\"\" title=\"A3_ELLIOT\" aria-label=\"A3_ELLIOT\" class=\"img-responsive wp-image-7036\" srcset=\"https:\/\/www.pridebarcelona.org\/wp-content\/uploads\/2025\/06\/A3_ELLIOT-200x282.png 200w, https:\/\/www.pridebarcelona.org\/wp-content\/uploads\/2025\/06\/A3_ELLIOT-400x565.png 400w, https:\/\/www.pridebarcelona.org\/wp-content\/uploads\/2025\/06\/A3_ELLIOT.png 454w\" sizes=\"(min-width: 2200px) 100vw, (min-width: 784px) 397px, (min-width: 712px) 595px, (min-width: 640px) 712px, \" \/><\/div><\/div><div style=\"padding:5px;\" class=\"fusion-grid-column fusion-gallery-column fusion-gallery-column-3 hover-type-none\"><div class=\"fusion-gallery-image\"><img decoding=\"async\" src=\"https:\/\/www.pridebarcelona.org\/wp-content\/uploads\/2025\/06\/A3_VENENO.png\" width=\"454\" height=\"641\" alt=\"\" title=\"A3_VENENO\" aria-label=\"A3_VENENO\" class=\"img-responsive wp-image-7039\" srcset=\"https:\/\/www.pridebarcelona.org\/wp-content\/uploads\/2025\/06\/A3_VENENO-200x282.png 200w, https:\/\/www.pridebarcelona.org\/wp-content\/uploads\/2025\/06\/A3_VENENO-400x565.png 400w, https:\/\/www.pridebarcelona.org\/wp-content\/uploads\/2025\/06\/A3_VENENO.png 454w\" sizes=\"(min-width: 2200px) 100vw, (min-width: 784px) 397px, (min-width: 712px) 595px, (min-width: 640px) 712px, \" \/><\/div><\/div><div style=\"padding:5px;\" class=\"fusion-grid-column fusion-gallery-column fusion-gallery-column-3 hover-type-none\"><div class=\"fusion-gallery-image\"><img decoding=\"async\" src=\"https:\/\/www.pridebarcelona.org\/wp-content\/uploads\/2025\/06\/A3_GAGA.png\" width=\"454\" height=\"641\" alt=\"\" title=\"A3_GAGA\" aria-label=\"A3_GAGA\" class=\"img-responsive wp-image-7042\" srcset=\"https:\/\/www.pridebarcelona.org\/wp-content\/uploads\/2025\/06\/A3_GAGA-200x282.png 200w, https:\/\/www.pridebarcelona.org\/wp-content\/uploads\/2025\/06\/A3_GAGA-400x565.png 400w, https:\/\/www.pridebarcelona.org\/wp-content\/uploads\/2025\/06\/A3_GAGA.png 454w\" sizes=\"(min-width: 2200px) 100vw, (min-width: 784px) 397px, (min-width: 712px) 595px, (min-width: 640px) 712px, \" \/><\/div><\/div><div class=\"clearfix\"><\/div><\/div><\/div><\/div><\/div><\/div><\/div><div class=\"fusion-fullwidth fullwidth-box fusion-builder-row-5 fusion-flex-container has-pattern-background has-mask-background hundred-percent-fullwidth non-hundred-percent-height-scrolling nomargincolumn\" style=\"--awb-border-radius-top-left:0px;--awb-border-radius-top-right:0px;--awb-border-radius-bottom-right:0px;--awb-border-radius-bottom-left:0px;--awb-padding-top:30px;--awb-padding-right:0px;--awb-padding-left:0px;--awb-min-height:400px;--awb-flex-wrap:wrap;\" ><div class=\"fusion-builder-row fusion-row fusion-flex-align-items-flex-start fusion-flex-justify-content-center fusion-flex-content-wrap\" style=\"width:calc( 100% + 0px ) !important;max-width:calc( 100% + 0px ) !important;margin-left: calc(-0px \/ 2 );margin-right: calc(-0px \/ 2 );\"><div class=\"fusion-layout-column fusion_builder_column fusion-builder-column-6 fusion_builder_column_1_3 1_3 fusion-flex-column fusion-flex-align-self-stretch\" style=\"--awb-padding-right:25px;--awb-padding-left:25px;--awb-bg-color:#000000;--awb-bg-color-hover:#000000;--awb-bg-size:cover;--awb-width-large:33.333333333333%;--awb-margin-top-large:0px;--awb-spacing-right-large:0px;--awb-margin-bottom-large:20px;--awb-spacing-left-large:0px;--awb-width-medium:33.333333333333%;--awb-order-medium:0;--awb-spacing-right-medium:0px;--awb-spacing-left-medium:0px;--awb-width-small:100%;--awb-order-small:0;--awb-spacing-right-small:0px;--awb-spacing-left-small:0px;\" data-scroll-devices=\"small-visibility,medium-visibility,large-visibility\"><div class=\"fusion-column-wrapper fusion-column-has-shadow fusion-flex-justify-content-flex-start fusion-content-layout-column\"><div class=\"fusion-text fusion-text-5\"><h3><span style=\"color: #ffffff;\">Luchar contra la censura y la invisibilidad<\/span><\/h3>\n<\/div><div class=\"fusion-text fusion-text-6 pparticipa \"><p><span style=\"color: #ffffff; text-align: justify;\">La censura y la invisibilidad son armas de opresi\u00f3n. El sector cultural a\u00fan expulsa, margina y silencia voces disidentes. Hay que rebelarse contra esta censura, exigir espacios donde nuestra existencia y creatividad sean respetadas y celebradas. La cultura LGBTQIA+ es una respuesta colectiva al intento de borrarnos.<\/span><\/p>\n<\/div><\/div><\/div><div class=\"fusion-layout-column fusion_builder_column fusion-builder-column-7 fusion_builder_column_1_3 1_3 fusion-flex-column fusion-flex-align-self-stretch\" style=\"--awb-padding-right:25px;--awb-padding-left:25px;--awb-bg-color:#7b4918;--awb-bg-color-hover:#7b4918;--awb-bg-size:cover;--awb-width-large:33.333333333333%;--awb-margin-top-large:0px;--awb-spacing-right-large:0px;--awb-margin-bottom-large:20px;--awb-spacing-left-large:0px;--awb-width-medium:33.333333333333%;--awb-order-medium:0;--awb-spacing-right-medium:0px;--awb-spacing-left-medium:0px;--awb-width-small:100%;--awb-order-small:0;--awb-spacing-right-small:0px;--awb-spacing-left-small:0px;\" data-scroll-devices=\"small-visibility,medium-visibility,large-visibility\"><div class=\"fusion-column-wrapper fusion-column-has-shadow fusion-flex-justify-content-flex-start fusion-content-layout-column\"><div class=\"fusion-text fusion-text-7\"><h3><span style=\"color: #ffffff;\">La cultura somos nosotres.<\/span><\/h3>\n<\/div><div class=\"fusion-text fusion-text-8 pparticipa \"><p><span style=\"color: #ffffff; text-align: justify;\">La cultura no es ajena ni abstracta: la cultura somos nosotres, las personas LGBTQIA+ que escribimos, bailamos, pintamos, cantamos, organizamos, amamos y luchamos. Sin nosotres, la cultura no existe. Somos el coraz\u00f3n que late dentro del arte, la voz que desaf\u00eda el silencio.<\/span><\/p>\n<\/div><\/div><\/div><div class=\"fusion-layout-column fusion_builder_column fusion-builder-column-8 fusion_builder_column_1_3 1_3 fusion-flex-column fusion-flex-align-self-stretch\" style=\"--awb-padding-right:25px;--awb-padding-left:25px;--awb-bg-color:#ec2292;--awb-bg-color-hover:#ec2292;--awb-bg-size:cover;--awb-width-large:33.333333333333%;--awb-margin-top-large:0px;--awb-spacing-right-large:0px;--awb-margin-bottom-large:20px;--awb-spacing-left-large:0px;--awb-width-medium:33.333333333333%;--awb-order-medium:0;--awb-spacing-right-medium:0px;--awb-spacing-left-medium:0px;--awb-width-small:100%;--awb-order-small:0;--awb-spacing-right-small:0px;--awb-spacing-left-small:0px;\" data-scroll-devices=\"small-visibility,medium-visibility,large-visibility\"><div class=\"fusion-column-wrapper fusion-column-has-shadow fusion-flex-justify-content-flex-start fusion-content-layout-column\"><div class=\"fusion-text fusion-text-9\"><h3><span style=\"color: #ffffff;\">Reivindicar a lxs referentes.<\/span><\/h3>\n<\/div><div class=\"fusion-text fusion-text-10 pparticipa \"><p><span style=\"color: #ffffff; text-align: justify;\">No podemos permitir que nuestrxs referentes sean borradxs, apropiadxs o convertidxs en iconos vac\u00edos. Hay que reivindicar a artistas, pensadorxs, activistas y creadorxs LGBTQIA+ de todas las \u00e9pocas: quienes abrieron camino, quienes hoy transforman el mundo y quienes vendr\u00e1n. Su memoria y obra son patrimonio de la humanidad.<\/span><\/p>\n<\/div><\/div><\/div><div class=\"fusion-layout-column fusion_builder_column fusion-builder-column-9 fusion_builder_column_1_3 1_3 fusion-flex-column fusion-flex-align-self-stretch\" style=\"--awb-padding-right:25px;--awb-padding-left:25px;--awb-bg-color:#f22b42;--awb-bg-color-hover:#f22b42;--awb-bg-size:cover;--awb-width-large:33.333333333333%;--awb-margin-top-large:0px;--awb-spacing-right-large:0px;--awb-margin-bottom-large:20px;--awb-spacing-left-large:0px;--awb-width-medium:33.333333333333%;--awb-order-medium:0;--awb-spacing-right-medium:0px;--awb-spacing-left-medium:0px;--awb-width-small:100%;--awb-order-small:0;--awb-spacing-right-small:0px;--awb-spacing-left-small:0px;\" data-scroll-devices=\"small-visibility,medium-visibility,large-visibility\"><div class=\"fusion-column-wrapper fusion-column-has-shadow fusion-flex-justify-content-flex-start fusion-content-layout-column\"><div class=\"fusion-text fusion-text-11\"><h3><span style=\"color: #ffffff;\">Sin personas LGBTQIA+ no hay cultura.<\/span><\/h3>\n<\/div><div class=\"fusion-text fusion-text-12 pparticipa \"><p><span style=\"color: #ffffff; text-align: justify;\">Es hora de decirlo claro: sin la presencia, la creatividad y la lucha de las personas LGBTQIA+, la cultura ser\u00eda una c\u00e1scara vac\u00eda. Somos indispensables. Somos el latido de la cultura viva, la que hace avanzar a la sociedad.<\/span><\/p>\n<\/div><\/div><\/div><div class=\"fusion-layout-column fusion_builder_column fusion-builder-column-10 fusion_builder_column_1_3 1_3 fusion-flex-column fusion-flex-align-self-stretch\" style=\"--awb-padding-right:25px;--awb-padding-left:25px;--awb-bg-color:#f5832a;--awb-bg-color-hover:#f5832a;--awb-bg-size:cover;--awb-width-large:33.333333333333%;--awb-margin-top-large:0px;--awb-spacing-right-large:0px;--awb-margin-bottom-large:20px;--awb-spacing-left-large:0px;--awb-width-medium:33.333333333333%;--awb-order-medium:0;--awb-spacing-right-medium:0px;--awb-spacing-left-medium:0px;--awb-width-small:100%;--awb-order-small:0;--awb-spacing-right-small:0px;--awb-spacing-left-small:0px;\" data-scroll-devices=\"small-visibility,medium-visibility,large-visibility\"><div class=\"fusion-column-wrapper fusion-column-has-shadow fusion-flex-justify-content-flex-start fusion-content-layout-column\"><div class=\"fusion-text fusion-text-13\"><h3><span style=\"color: #ffffff;\">Defender los valores de la diversidad.<\/span><\/h3>\n<\/div><div class=\"fusion-text fusion-text-14 pparticipa \"><p><span style=\"color: #ffffff; text-align: justify;\">La diversidad no es una amenaza: es una riqueza. La cultura LGBTQIA+ defiende la pluralidad, la libertad, el respeto y la convivencia. Son nuestros valores los que han posibilitado los grandes avances sociales y culturales.<\/span><\/p>\n<\/div><\/div><\/div><div class=\"fusion-layout-column fusion_builder_column fusion-builder-column-11 fusion_builder_column_1_3 1_3 fusion-flex-column fusion-flex-align-self-stretch\" style=\"--awb-padding-right:25px;--awb-padding-left:25px;--awb-bg-color:#f1d728;--awb-bg-color-hover:#f1d728;--awb-bg-size:cover;--awb-width-large:33.333333333333%;--awb-margin-top-large:0px;--awb-spacing-right-large:0px;--awb-margin-bottom-large:20px;--awb-spacing-left-large:0px;--awb-width-medium:33.333333333333%;--awb-order-medium:0;--awb-spacing-right-medium:0px;--awb-spacing-left-medium:0px;--awb-width-small:100%;--awb-order-small:0;--awb-spacing-right-small:0px;--awb-spacing-left-small:0px;\" data-scroll-devices=\"small-visibility,medium-visibility,large-visibility\"><div class=\"fusion-column-wrapper fusion-column-has-shadow fusion-flex-justify-content-flex-start fusion-content-layout-column\"><div class=\"fusion-text fusion-text-15\"><h3><span style=\"color: #000000;\">Referentes transformadores.<\/span><\/h3>\n<\/div><div class=\"fusion-text fusion-text-16 pparticipa \"><p><span style=\"text-align: justify; color: #000000;\">Lxs referentes LGBTQIA+ han sido y son elementos transformadores: han roto moldes, han cuestionado el sistema, han abierto nuevos caminos. Sin su valent\u00eda, el mundo ser\u00eda mucho m\u00e1s peque\u00f1o.<\/span><\/p>\n<\/div><\/div><\/div><\/div><\/div><div class=\"fusion-fullwidth fullwidth-box fusion-builder-row-6 fusion-flex-container has-pattern-background has-mask-background hundred-percent-fullwidth non-hundred-percent-height-scrolling nomargincolumn\" style=\"--awb-border-radius-top-left:0px;--awb-border-radius-top-right:0px;--awb-border-radius-bottom-right:0px;--awb-border-radius-bottom-left:0px;--awb-padding-top:30px;--awb-padding-right:0px;--awb-padding-left:0px;--awb-flex-wrap:wrap;\" ><div class=\"fusion-builder-row fusion-row fusion-flex-align-items-flex-start fusion-flex-justify-content-center fusion-flex-content-wrap\" style=\"width:calc( 100% + 0px ) !important;max-width:calc( 100% + 0px ) !important;margin-left: calc(-0px \/ 2 );margin-right: calc(-0px \/ 2 );\"><div class=\"fusion-layout-column fusion_builder_column fusion-builder-column-12 fusion_builder_column_3_4 3_4 fusion-flex-column\" style=\"--awb-bg-size:cover;--awb-width-large:75%;--awb-margin-top-large:0px;--awb-spacing-right-large:0px;--awb-margin-bottom-large:20px;--awb-spacing-left-large:0px;--awb-width-medium:75%;--awb-order-medium:0;--awb-spacing-right-medium:0px;--awb-spacing-left-medium:0px;--awb-width-small:100%;--awb-order-small:0;--awb-spacing-right-small:0px;--awb-spacing-left-small:0px;\"><div class=\"fusion-column-wrapper fusion-column-has-shadow fusion-flex-justify-content-flex-start fusion-content-layout-column\"><div class=\"fusion-video fusion-youtube\" style=\"--awb-max-width:600px;--awb-max-height:360px;--awb-align-self:center;--awb-width:100%;\"><div class=\"video-shortcode\"><div class=\"fluid-width-video-wrapper\" style=\"padding-top:60%;\" ><iframe title=\"YouTube video player 1\" src=\"https:\/\/www.youtube.com\/embed\/6MX72O2XFjk?wmode=transparent&autoplay=0\" width=\"600\" height=\"360\" allowfullscreen allow=\"autoplay; clipboard-write; encrypted-media; gyroscope; picture-in-picture;\"><\/iframe><\/div><\/div><\/div><\/div><\/div><\/div><\/div><div class=\"fusion-fullwidth fullwidth-box fusion-builder-row-7 fusion-flex-container has-pattern-background has-mask-background hundred-percent-fullwidth non-hundred-percent-height-scrolling nomargincolumn\" style=\"--awb-border-radius-top-left:0px;--awb-border-radius-top-right:0px;--awb-border-radius-bottom-right:0px;--awb-border-radius-bottom-left:0px;--awb-padding-top:30px;--awb-padding-right:0px;--awb-padding-left:0px;--awb-min-height:400px;--awb-flex-wrap:wrap;\" ><div class=\"fusion-builder-row fusion-row fusion-flex-align-items-flex-start fusion-flex-justify-content-center fusion-flex-content-wrap\" style=\"width:calc( 100% + 0px ) !important;max-width:calc( 100% + 0px ) !important;margin-left: calc(-0px \/ 2 );margin-right: calc(-0px \/ 2 );\"><div class=\"fusion-layout-column fusion_builder_column fusion-builder-column-13 fusion_builder_column_1_3 1_3 fusion-flex-column fusion-flex-align-self-stretch\" style=\"--awb-padding-right:25px;--awb-padding-left:25px;--awb-bg-color:#34b45d;--awb-bg-color-hover:#34b45d;--awb-bg-size:cover;--awb-width-large:33.333333333333%;--awb-margin-top-large:0px;--awb-spacing-right-large:0px;--awb-margin-bottom-large:20px;--awb-spacing-left-large:0px;--awb-width-medium:33.333333333333%;--awb-order-medium:0;--awb-spacing-right-medium:0px;--awb-spacing-left-medium:0px;--awb-width-small:100%;--awb-order-small:0;--awb-spacing-right-small:0px;--awb-spacing-left-small:0px;\" data-scroll-devices=\"small-visibility,medium-visibility,large-visibility\"><div class=\"fusion-column-wrapper fusion-column-has-shadow fusion-flex-justify-content-flex-start fusion-content-layout-column\"><div class=\"fusion-text fusion-text-17\"><h3><span style=\"color: #ffffff;\">Herramientas para empoderarnos.<\/span><\/h3>\n<\/div><div class=\"fusion-text fusion-text-18 pparticipa \"><p><span style=\"color: #ffffff; text-align: justify;\">La cultura nos da herramientas para ser cr\u00edticxs, para empoderarnos, para construir una identidad fuerte y libre. Nos ense\u00f1a a cuestionar, a imaginar, a luchar por un futuro mejor.<\/span><\/p>\n<\/div><\/div><\/div><div class=\"fusion-layout-column fusion_builder_column fusion-builder-column-14 fusion_builder_column_1_3 1_3 fusion-flex-column fusion-flex-align-self-stretch\" style=\"--awb-padding-right:25px;--awb-padding-left:25px;--awb-bg-color:#1d6bb5;--awb-bg-color-hover:#1d6bb5;--awb-bg-size:cover;--awb-width-large:33.333333333333%;--awb-margin-top-large:0px;--awb-spacing-right-large:0px;--awb-margin-bottom-large:20px;--awb-spacing-left-large:0px;--awb-width-medium:33.333333333333%;--awb-order-medium:0;--awb-spacing-right-medium:0px;--awb-spacing-left-medium:0px;--awb-width-small:100%;--awb-order-small:0;--awb-spacing-right-small:0px;--awb-spacing-left-small:0px;\" data-scroll-devices=\"small-visibility,medium-visibility,large-visibility\"><div class=\"fusion-column-wrapper fusion-column-has-shadow fusion-flex-justify-content-flex-start fusion-content-layout-column\"><div class=\"fusion-text fusion-text-19\"><h3><span style=\"color: #ffffff;\">Expresi\u00f3n de la realidad LGBTQIA+.<\/span><\/h3>\n<\/div><div class=\"fusion-text fusion-text-20 pparticipa \"><p><span style=\"color: #ffffff; text-align: justify;\">Nuestra cultura es la expresi\u00f3n de nuestra realidad: de nuestras alegr\u00edas y dolores, de nuestras luchas y victorias. Es el espejo donde nos reconocemos y el faro que gu\u00eda a las generaciones futuras.<\/span><\/p>\n<\/div><\/div><\/div><div class=\"fusion-layout-column fusion_builder_column fusion-builder-column-15 fusion_builder_column_1_3 1_3 fusion-flex-column fusion-flex-align-self-stretch\" style=\"--awb-padding-right:25px;--awb-padding-left:25px;--awb-bg-color:#806cb4;--awb-bg-color-hover:#806cb4;--awb-bg-size:cover;--awb-width-large:33.333333333333%;--awb-margin-top-large:0px;--awb-spacing-right-large:0px;--awb-margin-bottom-large:20px;--awb-spacing-left-large:0px;--awb-width-medium:33.333333333333%;--awb-order-medium:0;--awb-spacing-right-medium:0px;--awb-spacing-left-medium:0px;--awb-width-small:100%;--awb-order-small:0;--awb-spacing-right-small:0px;--awb-spacing-left-small:0px;\" data-scroll-devices=\"small-visibility,medium-visibility,large-visibility\"><div class=\"fusion-column-wrapper fusion-column-has-shadow fusion-flex-justify-content-flex-start fusion-content-layout-column\"><div class=\"fusion-text fusion-text-21\"><h3><span style=\"color: #ffffff;\">Cultura como conocimiento, valores y organizaci\u00f3n.<\/span><\/h3>\n<\/div><div class=\"fusion-text fusion-text-22 pparticipa \"><p><span style=\"color: #ffffff; text-align: justify;\">La cultura no es solo arte: son conocimientos, valores, formas de organizarnos y de vivir, que generan identidad, pertenencia y comunidad, que necesitan referentes y visibilidad, que alimentan el pensamiento cr\u00edtico y la libertad. Todo esto es incompatible con la censura y la opresi\u00f3n.<\/span><\/p>\n<\/div><\/div><\/div><div class=\"fusion-layout-column fusion_builder_column fusion-builder-column-16 fusion_builder_column_1_3 1_3 fusion-flex-column fusion-flex-align-self-stretch\" style=\"--awb-padding-right:25px;--awb-padding-left:25px;--awb-bg-color:#f38eba;--awb-bg-color-hover:#f38eba;--awb-bg-size:cover;--awb-width-large:33.333333333333%;--awb-margin-top-large:0px;--awb-spacing-right-large:0px;--awb-margin-bottom-large:20px;--awb-spacing-left-large:0px;--awb-width-medium:33.333333333333%;--awb-order-medium:0;--awb-spacing-right-medium:0px;--awb-spacing-left-medium:0px;--awb-width-small:100%;--awb-order-small:0;--awb-spacing-right-small:0px;--awb-spacing-left-small:0px;\" data-scroll-devices=\"small-visibility,medium-visibility,large-visibility\"><div class=\"fusion-column-wrapper fusion-column-has-shadow fusion-flex-justify-content-flex-start fusion-content-layout-column\"><div class=\"fusion-text fusion-text-23\"><h3><span style=\"color: #ffffff;\">Defender y salvar la cultura LGBTQIA+.<\/span><\/h3>\n<\/div><div class=\"fusion-text fusion-text-24 pparticipa \"><p><span style=\"color: #ffffff; text-align: justify;\">Ante las agresiones recientes, ante el auge de la extrema derecha y los discursos de odio, hay que defender nuestra cultura con m\u00e1s fuerza que nunca. No permitiremos que nos borren, que nos censuren, que nos devuelvan al armario de la historia.<\/span><\/p>\n<\/div><\/div><\/div><div class=\"fusion-layout-column fusion_builder_column fusion-builder-column-17 fusion_builder_column_1_3 1_3 fusion-flex-column fusion-flex-align-self-stretch\" style=\"--awb-padding-right:25px;--awb-padding-left:25px;--awb-bg-color:#13bff1;--awb-bg-color-hover:#13bff1;--awb-bg-size:cover;--awb-width-large:33.333333333333%;--awb-margin-top-large:0px;--awb-spacing-right-large:0px;--awb-margin-bottom-large:20px;--awb-spacing-left-large:0px;--awb-width-medium:33.333333333333%;--awb-order-medium:0;--awb-spacing-right-medium:0px;--awb-spacing-left-medium:0px;--awb-width-small:100%;--awb-order-small:0;--awb-spacing-right-small:0px;--awb-spacing-left-small:0px;\" data-scroll-devices=\"small-visibility,medium-visibility,large-visibility\"><div class=\"fusion-column-wrapper fusion-column-has-shadow fusion-flex-justify-content-flex-start fusion-content-layout-column\"><div class=\"fusion-text fusion-text-25\"><h3><span style=\"color: #ffffff;\">Contexto pol\u00edtico: m\u00e1s visibilidad que nunca.<\/span><\/h3>\n<\/div><div class=\"fusion-text fusion-text-26 pparticipa \"><p><span style=\"color: #ffffff; text-align: justify;\">Vivimos tiempos dif\u00edciles, en los que la extrema derecha amenaza derechos y libertades. Ahora, m\u00e1s que nunca, debemos visibilizarnos, alzar la voz, ocupar el espacio p\u00fablico y cultural. Nuestra existencia es resistencia.<\/span><\/p>\n<\/div><\/div><\/div><div class=\"fusion-layout-column fusion_builder_column fusion-builder-column-18 fusion_builder_column_1_3 1_3 fusion-flex-column fusion-flex-align-self-stretch\" style=\"--awb-padding-right:25px;--awb-padding-left:25px;--awb-bg-color:#e3e3e3;--awb-bg-color-hover:#e3e3e3;--awb-bg-size:cover;--awb-width-large:33.333333333333%;--awb-margin-top-large:0px;--awb-spacing-right-large:0px;--awb-margin-bottom-large:20px;--awb-spacing-left-large:0px;--awb-width-medium:33.333333333333%;--awb-order-medium:0;--awb-spacing-right-medium:0px;--awb-spacing-left-medium:0px;--awb-width-small:100%;--awb-order-small:0;--awb-spacing-right-small:0px;--awb-spacing-left-small:0px;\" data-scroll-devices=\"small-visibility,medium-visibility,large-visibility\"><div class=\"fusion-column-wrapper fusion-column-has-shadow fusion-flex-justify-content-flex-start fusion-content-layout-column\"><div class=\"fusion-text fusion-text-27 pparticipa \" style=\"--awb-margin-top:30px;\"><p>La cultura LGBTQIA+ es el latido del progreso. Es la luz que ilumina el camino hacia un mundo m\u00e1s libre, m\u00e1s justo y m\u00e1s diverso. No dejaremos que nos borren, porque sin nosotres, el mundo se detiene. Es defender la vida.<\/p>\n<p><strong>Defender la cultura LGBTQIA+ es defender el futuro.<\/strong><\/p>\n<p><strong>Es defender la humanidad.<\/strong><\/p>\n<\/div><\/div><\/div><\/div><\/div><div class=\"fusion-fullwidth fullwidth-box fusion-builder-row-8 fusion-flex-container has-pattern-background has-mask-background hundred-percent-fullwidth non-hundred-percent-height-scrolling nomargincolumn\" style=\"--awb-border-radius-top-left:0px;--awb-border-radius-top-right:0px;--awb-border-radius-bottom-right:0px;--awb-border-radius-bottom-left:0px;--awb-padding-top:50px;--awb-flex-wrap:wrap;\" ><div class=\"fusion-builder-row fusion-row fusion-flex-align-items-flex-start fusion-flex-justify-content-center fusion-flex-content-wrap\" style=\"width:104% !important;max-width:104% !important;margin-left: calc(-4% \/ 2 );margin-right: calc(-4% \/ 2 );\"><div class=\"fusion-layout-column fusion_builder_column fusion-builder-column-19 fusion_builder_column_1_6 1_6 fusion-flex-column\" style=\"--awb-bg-size:cover;--awb-width-large:16.666666666667%;--awb-margin-top-large:0px;--awb-spacing-right-large:11.52%;--awb-margin-bottom-large:20px;--awb-spacing-left-large:11.52%;--awb-width-medium:16.666666666667%;--awb-order-medium:0;--awb-spacing-right-medium:11.52%;--awb-spacing-left-medium:11.52%;--awb-width-small:100%;--awb-order-small:0;--awb-spacing-right-small:1.92%;--awb-spacing-left-small:1.92%;\"><div class=\"fusion-column-wrapper fusion-column-has-shadow fusion-flex-justify-content-flex-start fusion-content-layout-column\"><\/div><\/div><div class=\"fusion-layout-column fusion_builder_column fusion-builder-column-20 fusion_builder_column_2_3 2_3 fusion-flex-column\" style=\"--awb-bg-size:cover;--awb-width-large:66.666666666667%;--awb-margin-top-large:0px;--awb-spacing-right-large:2.88%;--awb-margin-bottom-large:20px;--awb-spacing-left-large:2.88%;--awb-width-medium:66.666666666667%;--awb-order-medium:0;--awb-spacing-right-medium:2.88%;--awb-spacing-left-medium:2.88%;--awb-width-small:100%;--awb-order-small:0;--awb-spacing-right-small:1.92%;--awb-spacing-left-small:1.92%;\"><div class=\"fusion-column-wrapper fusion-column-has-shadow fusion-flex-justify-content-flex-start fusion-content-layout-column\"><div class=\"fusion-text fusion-text-28 pprincipal\"><h3 style=\"font-size: 28px; text-align: center;\"><span style=\"color: #f22b43;\">CAMPA\u00d1A<\/span><\/h3>\n<\/div><div class=\"fusion-text fusion-text-29 pparticipa \"><p style=\"text-align: justify; font-size: 28px;\">La historia del arte y la cultura est\u00e1 llena de nombres que son parte de la comunidad LGBTQIA+. Desde Leonardo Da Vinci a Chapelle Roan pasando por Safo o Arkano. Referentes que lejos de ser nicho pertenecen al imaginario colectivo, y que con su diversidad hacen el mundo menos gris. Porque la cultura LGBTQIA+ hoy es cultura universal. Desde Pride! Barcelona hemos seleccionado 12 representantes universales de la cultura LGBTQIA+, uno por cada color de la bandera inclusiva, que han sido retratados por 12 ilustradorxs diversos de Catalu\u00f1a.<\/p>\n<\/div><\/div><\/div><div class=\"fusion-layout-column fusion_builder_column fusion-builder-column-21 fusion_builder_column_1_6 1_6 fusion-flex-column\" style=\"--awb-bg-size:cover;--awb-width-large:16.666666666667%;--awb-margin-top-large:0px;--awb-spacing-right-large:11.52%;--awb-margin-bottom-large:20px;--awb-spacing-left-large:11.52%;--awb-width-medium:16.666666666667%;--awb-order-medium:0;--awb-spacing-right-medium:11.52%;--awb-spacing-left-medium:11.52%;--awb-width-small:100%;--awb-order-small:0;--awb-spacing-right-small:1.92%;--awb-spacing-left-small:1.92%;\"><div class=\"fusion-column-wrapper fusion-column-has-shadow fusion-flex-justify-content-flex-start fusion-content-layout-column\"><\/div><\/div><div class=\"fusion-layout-column fusion_builder_column fusion-builder-column-22 fusion_builder_column_1_6 1_6 fusion-flex-column\" style=\"--awb-bg-size:cover;--awb-width-large:16.666666666667%;--awb-margin-top-large:0px;--awb-spacing-right-large:11.52%;--awb-margin-bottom-large:20px;--awb-spacing-left-large:11.52%;--awb-width-medium:16.666666666667%;--awb-order-medium:0;--awb-spacing-right-medium:11.52%;--awb-spacing-left-medium:11.52%;--awb-width-small:100%;--awb-order-small:0;--awb-spacing-right-small:1.92%;--awb-spacing-left-small:1.92%;\"><div class=\"fusion-column-wrapper fusion-column-has-shadow fusion-flex-justify-content-flex-start fusion-content-layout-column\"><\/div><\/div><div class=\"fusion-layout-column fusion_builder_column fusion-builder-column-23 fusion_builder_column_1_6 1_6 fusion-flex-column nomargincolumn\" style=\"--awb-bg-size:cover;--awb-width-large:16.666666666667%;--awb-margin-top-large:0px;--awb-spacing-right-large:11.52%;--awb-margin-bottom-large:20px;--awb-spacing-left-large:11.52%;--awb-width-medium:16.666666666667%;--awb-order-medium:0;--awb-spacing-right-medium:11.52%;--awb-spacing-left-medium:11.52%;--awb-width-small:100%;--awb-order-small:0;--awb-spacing-right-small:1.92%;--awb-spacing-left-small:1.92%;\" data-scroll-devices=\"small-visibility,medium-visibility,large-visibility\"><div class=\"fusion-column-wrapper fusion-column-has-shadow fusion-flex-justify-content-flex-start fusion-content-layout-column\"><div class=\"fusion-image-element \" style=\"--awb-margin-bottom:10px;--awb-caption-title-font-family:var(--h2_typography-font-family);--awb-caption-title-font-weight:var(--h2_typography-font-weight);--awb-caption-title-font-style:var(--h2_typography-font-style);--awb-caption-title-size:var(--h2_typography-font-size);--awb-caption-title-transform:var(--h2_typography-text-transform);--awb-caption-title-line-height:var(--h2_typography-line-height);--awb-caption-title-letter-spacing:var(--h2_typography-letter-spacing);\"><span class=\" fusion-imageframe imageframe-none imageframe-3 hover-type-none\"><img decoding=\"async\" width=\"363\" height=\"519\" title=\"MADAULA-ANDY WARHOL-FINAL_7000x10000\" src=\"https:\/\/www.pridebarcelona.org\/wp-content\/uploads\/2025\/06\/MADAULA-ANDY-WARHOL-FINAL_7000x10000.png\" alt class=\"img-responsive wp-image-6882\" srcset=\"https:\/\/www.pridebarcelona.org\/wp-content\/uploads\/2025\/06\/MADAULA-ANDY-WARHOL-FINAL_7000x10000-200x286.png 200w, https:\/\/www.pridebarcelona.org\/wp-content\/uploads\/2025\/06\/MADAULA-ANDY-WARHOL-FINAL_7000x10000.png 363w\" sizes=\"(max-width: 640px) 100vw, 200px\" \/><\/span><\/div><div class=\"fusion-text fusion-text-30\"><p style=\"text-align: center; margin-bottom: 0px; line-height: 16px;\">Andy Warhol por<\/p>\n<p style=\"text-align: center; line-height: 16px; text-decoration: underline;\"><strong><a href=\"https:\/\/www.instagram.com\/albertmadaula\" target=\"_blank\" rel=\"noopener\">Albert Madaula<\/a><\/strong><\/p>\n<\/div><\/div><\/div><div class=\"fusion-layout-column fusion_builder_column fusion-builder-column-24 fusion_builder_column_1_6 1_6 fusion-flex-column nomargincolumn\" style=\"--awb-bg-size:cover;--awb-width-large:16.666666666667%;--awb-margin-top-large:0px;--awb-spacing-right-large:11.52%;--awb-margin-bottom-large:20px;--awb-spacing-left-large:11.52%;--awb-width-medium:16.666666666667%;--awb-order-medium:0;--awb-spacing-right-medium:11.52%;--awb-spacing-left-medium:11.52%;--awb-width-small:100%;--awb-order-small:0;--awb-spacing-right-small:1.92%;--awb-spacing-left-small:1.92%;\" data-scroll-devices=\"small-visibility,medium-visibility,large-visibility\"><div class=\"fusion-column-wrapper fusion-column-has-shadow fusion-flex-justify-content-flex-start fusion-content-layout-column\"><div class=\"fusion-image-element \" style=\"--awb-margin-bottom:10px;--awb-caption-title-font-family:var(--h2_typography-font-family);--awb-caption-title-font-weight:var(--h2_typography-font-weight);--awb-caption-title-font-style:var(--h2_typography-font-style);--awb-caption-title-size:var(--h2_typography-font-size);--awb-caption-title-transform:var(--h2_typography-text-transform);--awb-caption-title-line-height:var(--h2_typography-line-height);--awb-caption-title-letter-spacing:var(--h2_typography-letter-spacing);\"><span class=\" fusion-imageframe imageframe-none imageframe-4 hover-type-none\"><img decoding=\"async\" width=\"363\" height=\"519\" title=\"RUPAUL\" src=\"https:\/\/www.pridebarcelona.org\/wp-content\/uploads\/2025\/06\/RUPAUL.png\" alt class=\"img-responsive wp-image-6890\" srcset=\"https:\/\/www.pridebarcelona.org\/wp-content\/uploads\/2025\/06\/RUPAUL-200x286.png 200w, https:\/\/www.pridebarcelona.org\/wp-content\/uploads\/2025\/06\/RUPAUL.png 363w\" sizes=\"(max-width: 640px) 100vw, 200px\" \/><\/span><\/div><div class=\"fusion-text fusion-text-31\"><p style=\"text-align: center; margin-bottom: 0px; line-height: 16px;\">RuPaul por<\/p>\n<p style=\"text-align: center; line-height: 16px; text-decoration: underline;\"><strong><a href=\"https:\/\/www.instagram.com\/ruben_anton\" target=\"_blank\" rel=\"noopener\">Rub\u00e9n Ant\u00f3n<\/a><\/strong><\/p>\n<\/div><\/div><\/div><div class=\"fusion-layout-column fusion_builder_column fusion-builder-column-25 fusion_builder_column_1_6 1_6 fusion-flex-column nomargincolumn\" style=\"--awb-bg-size:cover;--awb-width-large:16.666666666667%;--awb-margin-top-large:0px;--awb-spacing-right-large:11.52%;--awb-margin-bottom-large:20px;--awb-spacing-left-large:11.52%;--awb-width-medium:16.666666666667%;--awb-order-medium:0;--awb-spacing-right-medium:11.52%;--awb-spacing-left-medium:11.52%;--awb-width-small:100%;--awb-order-small:0;--awb-spacing-right-small:1.92%;--awb-spacing-left-small:1.92%;\" data-scroll-devices=\"small-visibility,medium-visibility,large-visibility\"><div class=\"fusion-column-wrapper fusion-column-has-shadow fusion-flex-justify-content-flex-start fusion-content-layout-column\"><div class=\"fusion-image-element \" style=\"--awb-margin-bottom:10px;--awb-caption-title-font-family:var(--h2_typography-font-family);--awb-caption-title-font-weight:var(--h2_typography-font-weight);--awb-caption-title-font-style:var(--h2_typography-font-style);--awb-caption-title-size:var(--h2_typography-font-size);--awb-caption-title-transform:var(--h2_typography-text-transform);--awb-caption-title-line-height:var(--h2_typography-line-height);--awb-caption-title-letter-spacing:var(--h2_typography-letter-spacing);\"><span class=\" fusion-imageframe imageframe-none imageframe-5 hover-type-none\"><img decoding=\"async\" width=\"363\" height=\"519\" title=\"Decoraci\u00f3n\" src=\"https:\/\/www.pridebarcelona.org\/wp-content\/uploads\/2025\/06\/Decoracion.png\" alt class=\"img-responsive wp-image-6894\" srcset=\"https:\/\/www.pridebarcelona.org\/wp-content\/uploads\/2025\/06\/Decoracion-200x286.png 200w, https:\/\/www.pridebarcelona.org\/wp-content\/uploads\/2025\/06\/Decoracion.png 363w\" sizes=\"(max-width: 640px) 100vw, 200px\" \/><\/span><\/div><div class=\"fusion-text fusion-text-32\"><p style=\"text-align: center; margin-bottom: 0px; line-height: 16px;\">Margarida Xirgu por<\/p>\n<p style=\"text-align: center; line-height: 16px; text-decoration: underline;\"><strong><a href=\"https:\/\/www.instagram.com\/araceli_plata\" target=\"_blank\" rel=\"noopener\">Araceli Plata<\/a><\/strong><\/p>\n<\/div><\/div><\/div><div class=\"fusion-layout-column fusion_builder_column fusion-builder-column-26 fusion_builder_column_1_6 1_6 fusion-flex-column nomargincolumn\" style=\"--awb-bg-size:cover;--awb-width-large:16.666666666667%;--awb-margin-top-large:0px;--awb-spacing-right-large:11.52%;--awb-margin-bottom-large:20px;--awb-spacing-left-large:11.52%;--awb-width-medium:16.666666666667%;--awb-order-medium:0;--awb-spacing-right-medium:11.52%;--awb-spacing-left-medium:11.52%;--awb-width-small:100%;--awb-order-small:0;--awb-spacing-right-small:1.92%;--awb-spacing-left-small:1.92%;\" data-scroll-devices=\"small-visibility,medium-visibility,large-visibility\"><div class=\"fusion-column-wrapper fusion-column-has-shadow fusion-flex-justify-content-flex-start fusion-content-layout-column\"><div class=\"fusion-image-element \" style=\"--awb-margin-bottom:10px;--awb-caption-title-font-family:var(--h2_typography-font-family);--awb-caption-title-font-weight:var(--h2_typography-font-weight);--awb-caption-title-font-style:var(--h2_typography-font-style);--awb-caption-title-size:var(--h2_typography-font-size);--awb-caption-title-transform:var(--h2_typography-text-transform);--awb-caption-title-line-height:var(--h2_typography-line-height);--awb-caption-title-letter-spacing:var(--h2_typography-letter-spacing);\"><span class=\" fusion-imageframe imageframe-none imageframe-6 hover-type-none\"><img decoding=\"async\" width=\"363\" height=\"519\" title=\"FLORES\" src=\"https:\/\/www.pridebarcelona.org\/wp-content\/uploads\/2025\/06\/FLORES.png\" alt class=\"img-responsive wp-image-6898\" srcset=\"https:\/\/www.pridebarcelona.org\/wp-content\/uploads\/2025\/06\/FLORES-200x286.png 200w, https:\/\/www.pridebarcelona.org\/wp-content\/uploads\/2025\/06\/FLORES.png 363w\" sizes=\"(max-width: 640px) 100vw, 200px\" \/><\/span><\/div><div class=\"fusion-text fusion-text-33\"><p style=\"text-align: center; margin-bottom: 0px; line-height: 16px;\">Pedro Almodovar por<\/p>\n<p style=\"text-align: center; line-height: 16px; text-decoration: underline;\"><strong><a href=\"https:\/\/www.instagram.com\/cachetejack\" target=\"_blank\" rel=\"noopener\">Cachetejack<\/a><\/strong><\/p>\n<\/div><\/div><\/div><div class=\"fusion-layout-column fusion_builder_column fusion-builder-column-27 fusion_builder_column_1_6 1_6 fusion-flex-column\" style=\"--awb-bg-size:cover;--awb-width-large:16.666666666667%;--awb-margin-top-large:0px;--awb-spacing-right-large:11.52%;--awb-margin-bottom-large:20px;--awb-spacing-left-large:11.52%;--awb-width-medium:16.666666666667%;--awb-order-medium:0;--awb-spacing-right-medium:11.52%;--awb-spacing-left-medium:11.52%;--awb-width-small:100%;--awb-order-small:0;--awb-spacing-right-small:1.92%;--awb-spacing-left-small:1.92%;\"><div class=\"fusion-column-wrapper fusion-column-has-shadow fusion-flex-justify-content-flex-start fusion-content-layout-column\"><\/div><\/div><div class=\"fusion-layout-column fusion_builder_column fusion-builder-column-28 fusion_builder_column_1_6 1_6 fusion-flex-column\" style=\"--awb-bg-size:cover;--awb-width-large:16.666666666667%;--awb-margin-top-large:0px;--awb-spacing-right-large:11.52%;--awb-margin-bottom-large:20px;--awb-spacing-left-large:11.52%;--awb-width-medium:16.666666666667%;--awb-order-medium:0;--awb-spacing-right-medium:11.52%;--awb-spacing-left-medium:11.52%;--awb-width-small:100%;--awb-order-small:0;--awb-spacing-right-small:1.92%;--awb-spacing-left-small:1.92%;\"><div class=\"fusion-column-wrapper fusion-column-has-shadow fusion-flex-justify-content-flex-start fusion-content-layout-column\"><\/div><\/div><div class=\"fusion-layout-column fusion_builder_column fusion-builder-column-29 fusion_builder_column_1_6 1_6 fusion-flex-column nomargincolumn\" style=\"--awb-bg-size:cover;--awb-width-large:16.666666666667%;--awb-margin-top-large:0px;--awb-spacing-right-large:11.52%;--awb-margin-bottom-large:20px;--awb-spacing-left-large:11.52%;--awb-width-medium:16.666666666667%;--awb-order-medium:0;--awb-spacing-right-medium:11.52%;--awb-spacing-left-medium:11.52%;--awb-width-small:100%;--awb-order-small:0;--awb-spacing-right-small:1.92%;--awb-spacing-left-small:1.92%;\" data-scroll-devices=\"small-visibility,medium-visibility,large-visibility\"><div class=\"fusion-column-wrapper fusion-column-has-shadow fusion-flex-justify-content-flex-start fusion-content-layout-column\"><div class=\"fusion-image-element \" style=\"--awb-margin-bottom:10px;--awb-caption-title-font-family:var(--h2_typography-font-family);--awb-caption-title-font-weight:var(--h2_typography-font-weight);--awb-caption-title-font-style:var(--h2_typography-font-style);--awb-caption-title-size:var(--h2_typography-font-size);--awb-caption-title-transform:var(--h2_typography-text-transform);--awb-caption-title-line-height:var(--h2_typography-line-height);--awb-caption-title-letter-spacing:var(--h2_typography-letter-spacing);\"><span class=\" fusion-imageframe imageframe-none imageframe-7 hover-type-none\"><img decoding=\"async\" width=\"363\" height=\"519\" title=\"IMG_1876\" src=\"https:\/\/www.pridebarcelona.org\/wp-content\/uploads\/2025\/06\/IMG_1876.png\" alt class=\"img-responsive wp-image-6903\" srcset=\"https:\/\/www.pridebarcelona.org\/wp-content\/uploads\/2025\/06\/IMG_1876-200x286.png 200w, https:\/\/www.pridebarcelona.org\/wp-content\/uploads\/2025\/06\/IMG_1876.png 363w\" sizes=\"(max-width: 640px) 100vw, 200px\" \/><\/span><\/div><div class=\"fusion-text fusion-text-34\"><p style=\"text-align: center; margin-bottom: 0px; line-height: 16px;\">Lola \u00cdndigo por<\/p>\n<p style=\"text-align: center; line-height: 16px; text-decoration: underline;\"><strong><a href=\"https:\/\/www.instagram.com\/gv_ilustra\" target=\"_blank\" rel=\"noopener\">Giselle Vitali<\/a><\/strong><\/p>\n<\/div><\/div><\/div><div class=\"fusion-layout-column fusion_builder_column fusion-builder-column-30 fusion_builder_column_1_6 1_6 fusion-flex-column nomargincolumn\" style=\"--awb-bg-size:cover;--awb-width-large:16.666666666667%;--awb-margin-top-large:0px;--awb-spacing-right-large:11.52%;--awb-margin-bottom-large:20px;--awb-spacing-left-large:11.52%;--awb-width-medium:16.666666666667%;--awb-order-medium:0;--awb-spacing-right-medium:11.52%;--awb-spacing-left-medium:11.52%;--awb-width-small:100%;--awb-order-small:0;--awb-spacing-right-small:1.92%;--awb-spacing-left-small:1.92%;\" data-scroll-devices=\"small-visibility,medium-visibility,large-visibility\"><div class=\"fusion-column-wrapper fusion-column-has-shadow fusion-flex-justify-content-flex-start fusion-content-layout-column\"><div class=\"fusion-image-element \" style=\"--awb-margin-bottom:10px;--awb-caption-title-font-family:var(--h2_typography-font-family);--awb-caption-title-font-weight:var(--h2_typography-font-weight);--awb-caption-title-font-style:var(--h2_typography-font-style);--awb-caption-title-size:var(--h2_typography-font-size);--awb-caption-title-transform:var(--h2_typography-text-transform);--awb-caption-title-line-height:var(--h2_typography-line-height);--awb-caption-title-letter-spacing:var(--h2_typography-letter-spacing);\"><span class=\" fusion-imageframe imageframe-none imageframe-8 hover-type-none\"><img decoding=\"async\" width=\"363\" height=\"519\" title=\"FREDDIE\" src=\"https:\/\/www.pridebarcelona.org\/wp-content\/uploads\/2025\/06\/FREDDIE.png\" alt class=\"img-responsive wp-image-6906\" srcset=\"https:\/\/www.pridebarcelona.org\/wp-content\/uploads\/2025\/06\/FREDDIE-200x286.png 200w, https:\/\/www.pridebarcelona.org\/wp-content\/uploads\/2025\/06\/FREDDIE.png 363w\" sizes=\"(max-width: 640px) 100vw, 200px\" \/><\/span><\/div><div class=\"fusion-text fusion-text-35\"><p style=\"text-align: center; margin-bottom: 0px; line-height: 16px;\">Freddie Mercury por<\/p>\n<p style=\"text-align: center; line-height: 16px; text-decoration: underline;\"><strong><a href=\"https:\/\/www.instagram.com\/_catalinaparra\" target=\"_blank\" rel=\"noopener\">Catalina Parra<\/a><\/strong><\/p>\n<\/div><\/div><\/div><div class=\"fusion-layout-column fusion_builder_column fusion-builder-column-31 fusion_builder_column_1_6 1_6 fusion-flex-column nomargincolumn\" style=\"--awb-bg-size:cover;--awb-width-large:16.666666666667%;--awb-margin-top-large:0px;--awb-spacing-right-large:11.52%;--awb-margin-bottom-large:20px;--awb-spacing-left-large:11.52%;--awb-width-medium:16.666666666667%;--awb-order-medium:0;--awb-spacing-right-medium:11.52%;--awb-spacing-left-medium:11.52%;--awb-width-small:100%;--awb-order-small:0;--awb-spacing-right-small:1.92%;--awb-spacing-left-small:1.92%;\" data-scroll-devices=\"small-visibility,medium-visibility,large-visibility\"><div class=\"fusion-column-wrapper fusion-column-has-shadow fusion-flex-justify-content-flex-start fusion-content-layout-column\"><div class=\"fusion-image-element \" style=\"--awb-margin-bottom:10px;--awb-caption-title-font-family:var(--h2_typography-font-family);--awb-caption-title-font-weight:var(--h2_typography-font-weight);--awb-caption-title-font-style:var(--h2_typography-font-style);--awb-caption-title-size:var(--h2_typography-font-size);--awb-caption-title-transform:var(--h2_typography-text-transform);--awb-caption-title-line-height:var(--h2_typography-line-height);--awb-caption-title-letter-spacing:var(--h2_typography-letter-spacing);\"><span class=\" fusion-imageframe imageframe-none imageframe-9 hover-type-none\"><img decoding=\"async\" width=\"363\" height=\"515\" title=\"LORCA\" src=\"https:\/\/www.pridebarcelona.org\/wp-content\/uploads\/2025\/06\/LORCA.png\" alt class=\"img-responsive wp-image-6909\" srcset=\"https:\/\/www.pridebarcelona.org\/wp-content\/uploads\/2025\/06\/LORCA-200x284.png 200w, https:\/\/www.pridebarcelona.org\/wp-content\/uploads\/2025\/06\/LORCA.png 363w\" sizes=\"(max-width: 640px) 100vw, 200px\" \/><\/span><\/div><div class=\"fusion-text fusion-text-36\"><p style=\"text-align: center; margin-bottom: 0px; line-height: 16px;\">Federico Garc\u00eda Lorca por<\/p>\n<p style=\"text-align: center; line-height: 16px; text-decoration: underline;\"><strong><a href=\"https:\/\/www.instagram.com\/danitorrentx\" target=\"_blank\" rel=\"noopener\">Daniel Torrent<\/a><\/strong><\/p>\n<\/div><\/div><\/div><div class=\"fusion-layout-column fusion_builder_column fusion-builder-column-32 fusion_builder_column_1_6 1_6 fusion-flex-column nomargincolumn\" style=\"--awb-bg-size:cover;--awb-width-large:16.666666666667%;--awb-margin-top-large:0px;--awb-spacing-right-large:11.52%;--awb-margin-bottom-large:20px;--awb-spacing-left-large:11.52%;--awb-width-medium:16.666666666667%;--awb-order-medium:0;--awb-spacing-right-medium:11.52%;--awb-spacing-left-medium:11.52%;--awb-width-small:100%;--awb-order-small:0;--awb-spacing-right-small:1.92%;--awb-spacing-left-small:1.92%;\" data-scroll-devices=\"small-visibility,medium-visibility,large-visibility\"><div class=\"fusion-column-wrapper fusion-column-has-shadow fusion-flex-justify-content-flex-start fusion-content-layout-column\"><div class=\"fusion-image-element \" style=\"--awb-margin-bottom:10px;--awb-caption-title-font-family:var(--h2_typography-font-family);--awb-caption-title-font-weight:var(--h2_typography-font-weight);--awb-caption-title-font-style:var(--h2_typography-font-style);--awb-caption-title-size:var(--h2_typography-font-size);--awb-caption-title-transform:var(--h2_typography-text-transform);--awb-caption-title-line-height:var(--h2_typography-line-height);--awb-caption-title-letter-spacing:var(--h2_typography-letter-spacing);\"><span class=\" fusion-imageframe imageframe-none imageframe-10 hover-type-none\"><img decoding=\"async\" width=\"363\" height=\"513\" title=\"FRIDA\" src=\"https:\/\/www.pridebarcelona.org\/wp-content\/uploads\/2025\/06\/FRIDA.png\" alt class=\"img-responsive wp-image-6912\" srcset=\"https:\/\/www.pridebarcelona.org\/wp-content\/uploads\/2025\/06\/FRIDA-200x283.png 200w, https:\/\/www.pridebarcelona.org\/wp-content\/uploads\/2025\/06\/FRIDA.png 363w\" sizes=\"(max-width: 640px) 100vw, 200px\" \/><\/span><\/div><div class=\"fusion-text fusion-text-37\"><p style=\"text-align: center; margin-bottom: 0px; line-height: 16px;\">Frida Kahlo por<\/p>\n<p style=\"text-align: center; line-height: 16px; text-decoration: underline;\"><strong><a href=\"https:\/\/www.instagram.com\/naza.reth\" target=\"_blank\" rel=\"noopener\">Nazareth Dos Santos<\/a><\/strong><\/p>\n<\/div><\/div><\/div><div class=\"fusion-layout-column fusion_builder_column fusion-builder-column-33 fusion_builder_column_1_6 1_6 fusion-flex-column\" style=\"--awb-bg-size:cover;--awb-width-large:16.666666666667%;--awb-margin-top-large:0px;--awb-spacing-right-large:11.52%;--awb-margin-bottom-large:20px;--awb-spacing-left-large:11.52%;--awb-width-medium:16.666666666667%;--awb-order-medium:0;--awb-spacing-right-medium:11.52%;--awb-spacing-left-medium:11.52%;--awb-width-small:100%;--awb-order-small:0;--awb-spacing-right-small:1.92%;--awb-spacing-left-small:1.92%;\"><div class=\"fusion-column-wrapper fusion-column-has-shadow fusion-flex-justify-content-flex-start fusion-content-layout-column\"><\/div><\/div><div class=\"fusion-layout-column fusion_builder_column fusion-builder-column-34 fusion_builder_column_1_6 1_6 fusion-flex-column\" style=\"--awb-bg-size:cover;--awb-width-large:16.666666666667%;--awb-margin-top-large:0px;--awb-spacing-right-large:11.52%;--awb-margin-bottom-large:20px;--awb-spacing-left-large:11.52%;--awb-width-medium:16.666666666667%;--awb-order-medium:0;--awb-spacing-right-medium:11.52%;--awb-spacing-left-medium:11.52%;--awb-width-small:100%;--awb-order-small:0;--awb-spacing-right-small:1.92%;--awb-spacing-left-small:1.92%;\"><div class=\"fusion-column-wrapper fusion-column-has-shadow fusion-flex-justify-content-flex-start fusion-content-layout-column\"><\/div><\/div><div class=\"fusion-layout-column fusion_builder_column fusion-builder-column-35 fusion_builder_column_1_6 1_6 fusion-flex-column nomargincolumn\" style=\"--awb-bg-size:cover;--awb-width-large:16.666666666667%;--awb-margin-top-large:0px;--awb-spacing-right-large:11.52%;--awb-margin-bottom-large:20px;--awb-spacing-left-large:11.52%;--awb-width-medium:16.666666666667%;--awb-order-medium:0;--awb-spacing-right-medium:11.52%;--awb-spacing-left-medium:11.52%;--awb-width-small:100%;--awb-order-small:0;--awb-spacing-right-small:1.92%;--awb-spacing-left-small:1.92%;\" data-scroll-devices=\"small-visibility,medium-visibility,large-visibility\"><div class=\"fusion-column-wrapper fusion-column-has-shadow fusion-flex-justify-content-flex-start fusion-content-layout-column\"><div class=\"fusion-image-element \" style=\"--awb-margin-bottom:10px;--awb-caption-title-font-family:var(--h2_typography-font-family);--awb-caption-title-font-weight:var(--h2_typography-font-weight);--awb-caption-title-font-style:var(--h2_typography-font-style);--awb-caption-title-size:var(--h2_typography-font-size);--awb-caption-title-transform:var(--h2_typography-text-transform);--awb-caption-title-line-height:var(--h2_typography-line-height);--awb-caption-title-letter-spacing:var(--h2_typography-letter-spacing);\"><span class=\" fusion-imageframe imageframe-none imageframe-11 hover-type-none\"><img decoding=\"async\" width=\"363\" height=\"519\" title=\"WOOLF\" src=\"https:\/\/www.pridebarcelona.org\/wp-content\/uploads\/2025\/06\/WOOLF.png\" alt class=\"img-responsive wp-image-6915\" srcset=\"https:\/\/www.pridebarcelona.org\/wp-content\/uploads\/2025\/06\/WOOLF-200x286.png 200w, https:\/\/www.pridebarcelona.org\/wp-content\/uploads\/2025\/06\/WOOLF.png 363w\" sizes=\"(max-width: 640px) 100vw, 200px\" \/><\/span><\/div><div class=\"fusion-text fusion-text-38\"><p style=\"text-align: center; margin-bottom: 0px; line-height: 16px;\">Virginia Woolf por<\/p>\n<p style=\"text-align: center; line-height: 16px; text-decoration: underline;\"><strong><a href=\"https:\/\/www.instagram.com\/alba_prado\" target=\"_blank\" rel=\"noopener\">Alba Prado<\/a><\/strong><\/p>\n<\/div><\/div><\/div><div class=\"fusion-layout-column fusion_builder_column fusion-builder-column-36 fusion_builder_column_1_6 1_6 fusion-flex-column nomargincolumn\" style=\"--awb-bg-size:cover;--awb-width-large:16.666666666667%;--awb-margin-top-large:0px;--awb-spacing-right-large:11.52%;--awb-margin-bottom-large:20px;--awb-spacing-left-large:11.52%;--awb-width-medium:16.666666666667%;--awb-order-medium:0;--awb-spacing-right-medium:11.52%;--awb-spacing-left-medium:11.52%;--awb-width-small:100%;--awb-order-small:0;--awb-spacing-right-small:1.92%;--awb-spacing-left-small:1.92%;\" data-scroll-devices=\"small-visibility,medium-visibility,large-visibility\"><div class=\"fusion-column-wrapper fusion-column-has-shadow fusion-flex-justify-content-flex-start fusion-content-layout-column\"><div class=\"fusion-image-element \" style=\"--awb-margin-bottom:10px;--awb-caption-title-font-family:var(--h2_typography-font-family);--awb-caption-title-font-weight:var(--h2_typography-font-weight);--awb-caption-title-font-style:var(--h2_typography-font-style);--awb-caption-title-size:var(--h2_typography-font-size);--awb-caption-title-transform:var(--h2_typography-text-transform);--awb-caption-title-line-height:var(--h2_typography-line-height);--awb-caption-title-letter-spacing:var(--h2_typography-letter-spacing);\"><span class=\" fusion-imageframe imageframe-none imageframe-12 hover-type-none\"><img decoding=\"async\" width=\"363\" height=\"519\" title=\"Pride_Elliot_CynthiaVenenovideo\" src=\"https:\/\/www.pridebarcelona.org\/wp-content\/uploads\/2025\/06\/Pride_Elliot_CynthiaVenenovideo.png\" alt class=\"img-responsive wp-image-6918\" srcset=\"https:\/\/www.pridebarcelona.org\/wp-content\/uploads\/2025\/06\/Pride_Elliot_CynthiaVenenovideo-200x286.png 200w, https:\/\/www.pridebarcelona.org\/wp-content\/uploads\/2025\/06\/Pride_Elliot_CynthiaVenenovideo.png 363w\" sizes=\"(max-width: 640px) 100vw, 200px\" \/><\/span><\/div><div class=\"fusion-text fusion-text-39\"><p style=\"text-align: center; margin-bottom: 0px; line-height: 16px;\">Eliot Page por<\/p>\n<p style=\"text-align: center; line-height: 16px; text-decoration: underline;\"><strong><a href=\"https:\/\/www.instagram.com\/cynthiaveneno\" target=\"_blank\" rel=\"noopener\">Cynthia Veneno<\/a><\/strong><\/p>\n<\/div><\/div><\/div><div class=\"fusion-layout-column fusion_builder_column fusion-builder-column-37 fusion_builder_column_1_6 1_6 fusion-flex-column nomargincolumn\" style=\"--awb-bg-size:cover;--awb-width-large:16.666666666667%;--awb-margin-top-large:0px;--awb-spacing-right-large:11.52%;--awb-margin-bottom-large:20px;--awb-spacing-left-large:11.52%;--awb-width-medium:16.666666666667%;--awb-order-medium:0;--awb-spacing-right-medium:11.52%;--awb-spacing-left-medium:11.52%;--awb-width-small:100%;--awb-order-small:0;--awb-spacing-right-small:1.92%;--awb-spacing-left-small:1.92%;\" data-scroll-devices=\"small-visibility,medium-visibility,large-visibility\"><div class=\"fusion-column-wrapper fusion-column-has-shadow fusion-flex-justify-content-flex-start fusion-content-layout-column\"><div class=\"fusion-image-element \" style=\"--awb-margin-bottom:10px;--awb-caption-title-font-family:var(--h2_typography-font-family);--awb-caption-title-font-weight:var(--h2_typography-font-weight);--awb-caption-title-font-style:var(--h2_typography-font-style);--awb-caption-title-size:var(--h2_typography-font-size);--awb-caption-title-transform:var(--h2_typography-text-transform);--awb-caption-title-line-height:var(--h2_typography-line-height);--awb-caption-title-letter-spacing:var(--h2_typography-letter-spacing);\"><span class=\" fusion-imageframe imageframe-none imageframe-13 hover-type-none\"><img decoding=\"async\" width=\"363\" height=\"519\" title=\"FLORDELANTE\" src=\"https:\/\/www.pridebarcelona.org\/wp-content\/uploads\/2025\/06\/FLORDELANTE.png\" alt class=\"img-responsive wp-image-6921\" srcset=\"https:\/\/www.pridebarcelona.org\/wp-content\/uploads\/2025\/06\/FLORDELANTE-200x286.png 200w, https:\/\/www.pridebarcelona.org\/wp-content\/uploads\/2025\/06\/FLORDELANTE.png 363w\" sizes=\"(max-width: 640px) 100vw, 200px\" \/><\/span><\/div><div class=\"fusion-text fusion-text-40\"><p style=\"text-align: center; margin-bottom: 0px; line-height: 16px;\">Cristina Ortiz (La Veneno) por<\/p>\n<p style=\"text-align: center; line-height: 16px; text-decoration: underline;\"><strong><a href=\"https:\/\/www.instagram.com\/mr_sis_\" target=\"_blank\" rel=\"noopener\">Mr. Sis<\/a><\/strong><\/p>\n<\/div><\/div><\/div><div class=\"fusion-layout-column fusion_builder_column fusion-builder-column-38 fusion_builder_column_1_6 1_6 fusion-flex-column nomargincolumn\" style=\"--awb-bg-size:cover;--awb-width-large:16.666666666667%;--awb-margin-top-large:0px;--awb-spacing-right-large:11.52%;--awb-margin-bottom-large:20px;--awb-spacing-left-large:11.52%;--awb-width-medium:16.666666666667%;--awb-order-medium:0;--awb-spacing-right-medium:11.52%;--awb-spacing-left-medium:11.52%;--awb-width-small:100%;--awb-order-small:0;--awb-spacing-right-small:1.92%;--awb-spacing-left-small:1.92%;\" data-scroll-devices=\"small-visibility,medium-visibility,large-visibility\"><div class=\"fusion-column-wrapper fusion-column-has-shadow fusion-flex-justify-content-flex-start fusion-content-layout-column\"><div class=\"fusion-image-element \" style=\"--awb-margin-bottom:10px;--awb-caption-title-font-family:var(--h2_typography-font-family);--awb-caption-title-font-weight:var(--h2_typography-font-weight);--awb-caption-title-font-style:var(--h2_typography-font-style);--awb-caption-title-size:var(--h2_typography-font-size);--awb-caption-title-transform:var(--h2_typography-text-transform);--awb-caption-title-line-height:var(--h2_typography-line-height);--awb-caption-title-letter-spacing:var(--h2_typography-letter-spacing);\"><span class=\" fusion-imageframe imageframe-none imageframe-14 hover-type-none\"><img decoding=\"async\" width=\"365\" height=\"519\" title=\"Capa 11\" src=\"https:\/\/www.pridebarcelona.org\/wp-content\/uploads\/2025\/06\/Capa-11.png\" alt class=\"img-responsive wp-image-6924\" srcset=\"https:\/\/www.pridebarcelona.org\/wp-content\/uploads\/2025\/06\/Capa-11-200x284.png 200w, https:\/\/www.pridebarcelona.org\/wp-content\/uploads\/2025\/06\/Capa-11.png 365w\" sizes=\"(max-width: 640px) 100vw, 200px\" \/><\/span><\/div><div class=\"fusion-text fusion-text-41\"><p style=\"text-align: center; margin-bottom: 0px; line-height: 16px;\">Lady Gaga por<\/p>\n<p style=\"text-align: center; line-height: 16px; text-decoration: underline;\"><strong><a href=\"https:\/\/www.instagram.com\/jav_rubin\" target=\"_blank\" rel=\"noopener\">Jav Rub\u00edn<\/a><\/strong><\/p>\n<\/div><\/div><\/div><div class=\"fusion-layout-column fusion_builder_column fusion-builder-column-39 fusion_builder_column_1_6 1_6 fusion-flex-column\" style=\"--awb-bg-size:cover;--awb-width-large:16.666666666667%;--awb-margin-top-large:0px;--awb-spacing-right-large:11.52%;--awb-margin-bottom-large:20px;--awb-spacing-left-large:11.52%;--awb-width-medium:16.666666666667%;--awb-order-medium:0;--awb-spacing-right-medium:11.52%;--awb-spacing-left-medium:11.52%;--awb-width-small:100%;--awb-order-small:0;--awb-spacing-right-small:1.92%;--awb-spacing-left-small:1.92%;\"><div class=\"fusion-column-wrapper fusion-column-has-shadow fusion-flex-justify-content-flex-start fusion-content-layout-column\"><\/div><\/div><\/div><\/div><div id=\"anteriores\" class=\"fusion-container-anchor\"><div class=\"fusion-fullwidth fullwidth-box fusion-builder-row-9 fusion-flex-container has-pattern-background has-mask-background nonhundred-percent-fullwidth non-hundred-percent-height-scrolling\" style=\"--awb-border-radius-top-left:0px;--awb-border-radius-top-right:0px;--awb-border-radius-bottom-right:0px;--awb-border-radius-bottom-left:0px;--awb-margin-top:50px;--awb-margin-bottom:30px;--awb-flex-wrap:wrap;\" ><div class=\"fusion-builder-row fusion-row fusion-flex-align-items-flex-start fusion-flex-justify-content-center fusion-flex-content-wrap\" style=\"max-width:1248px;margin-left: calc(-4% \/ 2 );margin-right: calc(-4% \/ 2 );\"><div class=\"fusion-layout-column fusion_builder_column fusion-builder-column-40 fusion_builder_column_1_1 1_1 fusion-flex-column\" style=\"--awb-bg-size:cover;--awb-width-large:100%;--awb-margin-top-large:0px;--awb-spacing-right-large:1.92%;--awb-margin-bottom-large:20px;--awb-spacing-left-large:1.92%;--awb-width-medium:100%;--awb-order-medium:0;--awb-spacing-right-medium:1.92%;--awb-spacing-left-medium:1.92%;--awb-width-small:100%;--awb-order-small:0;--awb-spacing-right-small:1.92%;--awb-spacing-left-small:1.92%;\"><div class=\"fusion-column-wrapper fusion-column-has-shadow fusion-flex-justify-content-flex-start fusion-content-layout-column\"><div class=\"fusion-text fusion-text-42\"><h4 class=\"section-title \" style=\"text-align: center;\">Ediciones anteriores<\/h4>\n<\/div><\/div><\/div><div class=\"fusion-layout-column fusion_builder_column fusion-builder-column-41 fusion_builder_column_1_4 1_4 fusion-flex-column\" style=\"--awb-bg-size:cover;--awb-width-large:25%;--awb-margin-top-large:0px;--awb-spacing-right-large:7.68%;--awb-margin-bottom-large:20px;--awb-spacing-left-large:7.68%;--awb-width-medium:25%;--awb-order-medium:0;--awb-spacing-right-medium:7.68%;--awb-spacing-left-medium:7.68%;--awb-width-small:100%;--awb-order-small:0;--awb-spacing-right-small:1.92%;--awb-spacing-left-small:1.92%;\"><div class=\"fusion-column-wrapper fusion-column-has-shadow fusion-flex-justify-content-flex-start fusion-content-layout-column\"><div class=\"fusion-text fusion-text-43\"><h3 class=\"section-title \" style=\"text-align: center;\"><a href=\"https:\/\/www.pridebarcelona.org\/es\/pride-2024\/\">Pride! 2024<\/a><\/h3>\n<\/div><div class=\"fusion-text fusion-text-44\"><p style=\"text-align: center; font-size: 13px; line-height: 15px; color: #525252;\">Educaci\u00f3n en diversidad sexoafectiva y de g\u00e9nero<\/p>\n<\/div><\/div><\/div><div class=\"fusion-layout-column fusion_builder_column fusion-builder-column-42 fusion_builder_column_1_4 1_4 fusion-flex-column\" style=\"--awb-bg-size:cover;--awb-width-large:25%;--awb-margin-top-large:0px;--awb-spacing-right-large:7.68%;--awb-margin-bottom-large:20px;--awb-spacing-left-large:7.68%;--awb-width-medium:25%;--awb-order-medium:0;--awb-spacing-right-medium:7.68%;--awb-spacing-left-medium:7.68%;--awb-width-small:100%;--awb-order-small:0;--awb-spacing-right-small:1.92%;--awb-spacing-left-small:1.92%;\"><div class=\"fusion-column-wrapper fusion-column-has-shadow fusion-flex-justify-content-flex-start fusion-content-layout-column\"><div class=\"fusion-text fusion-text-45\"><h3 class=\"section-title \" style=\"text-align: center;\"><a href=\"https:\/\/www.pridebarcelona.org\/es\/pride-bcn-2023\/\">Pride! 2023<\/a><\/h3>\n<\/div><div class=\"fusion-text fusion-text-46\"><p style=\"text-align: center; font-size: 13px; line-height: 15px; color: #525252;\">Personas mayores LGTBIQ+<\/p>\n<\/div><\/div><\/div><div class=\"fusion-layout-column fusion_builder_column fusion-builder-column-43 fusion_builder_column_1_4 1_4 fusion-flex-column\" style=\"--awb-bg-size:cover;--awb-width-large:25%;--awb-margin-top-large:0px;--awb-spacing-right-large:7.68%;--awb-margin-bottom-large:20px;--awb-spacing-left-large:7.68%;--awb-width-medium:25%;--awb-order-medium:0;--awb-spacing-right-medium:7.68%;--awb-spacing-left-medium:7.68%;--awb-width-small:100%;--awb-order-small:0;--awb-spacing-right-small:1.92%;--awb-spacing-left-small:1.92%;\"><div class=\"fusion-column-wrapper fusion-column-has-shadow fusion-flex-justify-content-flex-start fusion-content-layout-column\"><div class=\"fusion-text fusion-text-47\"><h3 class=\"section-title \" style=\"text-align: center;\"><a href=\"https:\/\/www.pridebarcelona.org\/es\/pride-bcn-2022\/\">Pride! 2022<\/a><\/h3>\n<\/div><div class=\"fusion-text fusion-text-48\"><p style=\"text-align: center; font-size: 13px; line-height: 15px; color: #525252;\">Visibilidad l\u00e9sbica<\/p>\n<\/div><\/div><\/div><div class=\"fusion-layout-column fusion_builder_column fusion-builder-column-44 fusion_builder_column_1_4 1_4 fusion-flex-column\" style=\"--awb-bg-size:cover;--awb-width-large:25%;--awb-margin-top-large:0px;--awb-spacing-right-large:7.68%;--awb-margin-bottom-large:20px;--awb-spacing-left-large:7.68%;--awb-width-medium:25%;--awb-order-medium:0;--awb-spacing-right-medium:7.68%;--awb-spacing-left-medium:7.68%;--awb-width-small:100%;--awb-order-small:0;--awb-spacing-right-small:1.92%;--awb-spacing-left-small:1.92%;\"><div class=\"fusion-column-wrapper fusion-column-has-shadow fusion-flex-justify-content-flex-start fusion-content-layout-column\"><div class=\"fusion-text fusion-text-49\"><h3 class=\"section-title \" style=\"text-align: center;\"><a href=\"https:\/\/www.pridebarcelona.org\/es\/pride-bcn-2021-contra-el-estigma-del-vih\/\">Pride! 2021<\/a><\/h3>\n<\/div><div class=\"fusion-text fusion-text-50\"><p style=\"text-align: center; font-size: 13px; line-height: 15px; color: #525252;\">Contra el estigma del VIH<\/p>\n<\/div><\/div><\/div><div class=\"fusion-layout-column fusion_builder_column fusion-builder-column-45 fusion_builder_column_1_4 1_4 fusion-flex-column\" style=\"--awb-bg-size:cover;--awb-width-large:25%;--awb-margin-top-large:0px;--awb-spacing-right-large:7.68%;--awb-margin-bottom-large:20px;--awb-spacing-left-large:7.68%;--awb-width-medium:25%;--awb-order-medium:0;--awb-spacing-right-medium:7.68%;--awb-spacing-left-medium:7.68%;--awb-width-small:100%;--awb-order-small:0;--awb-spacing-right-small:1.92%;--awb-spacing-left-small:1.92%;\"><div class=\"fusion-column-wrapper fusion-column-has-shadow fusion-flex-justify-content-flex-start fusion-content-layout-column\"><div class=\"fusion-text fusion-text-51\"><h3 class=\"section-title \" style=\"text-align: center;\"><a href=\"https:\/\/www.pridebarcelona.org\/es\/pride-bcn-2020\/\">Pride! 2020<\/a><\/h3>\n<\/div><div class=\"fusion-text fusion-text-52\"><p style=\"text-align: center; font-size: 13px; line-height: 15px; color: #525252;\">Edici\u00f3n especial TV<\/p>\n<\/div><\/div><\/div><div class=\"fusion-layout-column fusion_builder_column fusion-builder-column-46 fusion_builder_column_1_4 1_4 fusion-flex-column\" style=\"--awb-bg-size:cover;--awb-width-large:25%;--awb-margin-top-large:0px;--awb-spacing-right-large:7.68%;--awb-margin-bottom-large:20px;--awb-spacing-left-large:7.68%;--awb-width-medium:25%;--awb-order-medium:0;--awb-spacing-right-medium:7.68%;--awb-spacing-left-medium:7.68%;--awb-width-small:100%;--awb-order-small:0;--awb-spacing-right-small:1.92%;--awb-spacing-left-small:1.92%;\"><div class=\"fusion-column-wrapper fusion-column-has-shadow fusion-flex-justify-content-flex-start fusion-content-layout-column\"><div class=\"fusion-text fusion-text-53\"><h3 class=\"section-title \" style=\"text-align: center;\"><a href=\"https:\/\/www.pridebarcelona.org\/es\/pride-2019\/\">Pride! 2019<\/a><\/h3>\n<\/div><div class=\"fusion-text fusion-text-54\"><p style=\"text-align: center; font-size: 13px; line-height: 15px; color: #525252;\">Familias LGTBI<\/p>\n<\/div><\/div><\/div><div class=\"fusion-layout-column fusion_builder_column fusion-builder-column-47 fusion_builder_column_1_4 1_4 fusion-flex-column\" style=\"--awb-bg-size:cover;--awb-width-large:25%;--awb-margin-top-large:0px;--awb-spacing-right-large:7.68%;--awb-margin-bottom-large:20px;--awb-spacing-left-large:7.68%;--awb-width-medium:25%;--awb-order-medium:0;--awb-spacing-right-medium:7.68%;--awb-spacing-left-medium:7.68%;--awb-width-small:100%;--awb-order-small:0;--awb-spacing-right-small:1.92%;--awb-spacing-left-small:1.92%;\"><div class=\"fusion-column-wrapper fusion-column-has-shadow fusion-flex-justify-content-flex-start fusion-content-layout-column\"><div class=\"fusion-text fusion-text-55\"><h3 class=\"section-title \" style=\"text-align: center;\"><a href=\"https:\/\/www.pridebarcelona.org\/es\/pride-2018\/\">Pride! 2018<\/a><\/h3>\n<\/div><div class=\"fusion-text fusion-text-56\"><p style=\"text-align: center; font-size: 13px; line-height: 15px; color: #525252;\">Personas refugiadas LGTBI<\/p>\n<\/div><\/div><\/div><div class=\"fusion-layout-column fusion_builder_column fusion-builder-column-48 fusion_builder_column_1_4 1_4 fusion-flex-column\" style=\"--awb-bg-size:cover;--awb-width-large:25%;--awb-margin-top-large:0px;--awb-spacing-right-large:7.68%;--awb-margin-bottom-large:20px;--awb-spacing-left-large:7.68%;--awb-width-medium:25%;--awb-order-medium:0;--awb-spacing-right-medium:7.68%;--awb-spacing-left-medium:7.68%;--awb-width-small:100%;--awb-order-small:0;--awb-spacing-right-small:1.92%;--awb-spacing-left-small:1.92%;\"><div class=\"fusion-column-wrapper fusion-column-has-shadow fusion-flex-justify-content-flex-start fusion-content-layout-column\"><div class=\"fusion-text fusion-text-57\"><h3 class=\"section-title \" style=\"text-align: center;\"><a href=\"https:\/\/www.pridebarcelona.org\/es\/pride-bcn-2017\/\">Pride! 2017<\/a><\/h3>\n<\/div><div class=\"fusion-text fusion-text-58\"><p style=\"text-align: center; font-size: 13px; line-height: 15px; color: #525252;\">Homof\u00f3bia en el deporte<\/p>\n<\/div><\/div><\/div><div class=\"fusion-layout-column fusion_builder_column fusion-builder-column-49 fusion_builder_column_1_4 1_4 fusion-flex-column\" style=\"--awb-bg-size:cover;--awb-width-large:25%;--awb-margin-top-large:0px;--awb-spacing-right-large:7.68%;--awb-margin-bottom-large:20px;--awb-spacing-left-large:7.68%;--awb-width-medium:25%;--awb-order-medium:0;--awb-spacing-right-medium:7.68%;--awb-spacing-left-medium:7.68%;--awb-width-small:100%;--awb-order-small:0;--awb-spacing-right-small:1.92%;--awb-spacing-left-small:1.92%;\"><div class=\"fusion-column-wrapper fusion-column-has-shadow fusion-flex-justify-content-flex-start fusion-content-layout-column\"><div class=\"fusion-text fusion-text-59\"><h3 class=\"section-title \" style=\"text-align: center;\"><a href=\"https:\/\/www.pridebarcelona.org\/es\/pride-bcn-2016\/\">Pride! 2016<\/a><\/h3>\n<\/div><div class=\"fusion-text fusion-text-60\"><p style=\"text-align: center; font-size: 13px; line-height: 15px; color: #525252;\">Personas trans<\/p>\n<\/div><\/div><\/div><div class=\"fusion-layout-column fusion_builder_column fusion-builder-column-50 fusion_builder_column_1_4 1_4 fusion-flex-column\" style=\"--awb-bg-size:cover;--awb-width-large:25%;--awb-margin-top-large:0px;--awb-spacing-right-large:7.68%;--awb-margin-bottom-large:20px;--awb-spacing-left-large:7.68%;--awb-width-medium:25%;--awb-order-medium:0;--awb-spacing-right-medium:7.68%;--awb-spacing-left-medium:7.68%;--awb-width-small:100%;--awb-order-small:0;--awb-spacing-right-small:1.92%;--awb-spacing-left-small:1.92%;\"><div class=\"fusion-column-wrapper fusion-column-has-shadow fusion-flex-justify-content-flex-start fusion-content-layout-column\"><div class=\"fusion-text fusion-text-61\"><h3 class=\"section-title \" style=\"text-align: center;\"><a href=\"https:\/\/www.pridebarcelona.org\/es\/pride-bcn-2015\/\">Pride! 2015<\/a><\/h3>\n<\/div><div class=\"fusion-text fusion-text-62\"><p style=\"text-align: center; font-size: 13px; line-height: 15px; color: #525252;\">Stop bullying LGTBI<\/p>\n<\/div><\/div><\/div><div class=\"fusion-layout-column fusion_builder_column fusion-builder-column-51 fusion_builder_column_1_4 1_4 fusion-flex-column\" style=\"--awb-bg-size:cover;--awb-width-large:25%;--awb-margin-top-large:0px;--awb-spacing-right-large:7.68%;--awb-margin-bottom-large:20px;--awb-spacing-left-large:7.68%;--awb-width-medium:25%;--awb-order-medium:0;--awb-spacing-right-medium:7.68%;--awb-spacing-left-medium:7.68%;--awb-width-small:100%;--awb-order-small:0;--awb-spacing-right-small:1.92%;--awb-spacing-left-small:1.92%;\"><div class=\"fusion-column-wrapper fusion-column-has-shadow fusion-flex-justify-content-flex-start fusion-content-layout-column\"><div class=\"fusion-text fusion-text-63\"><h3 class=\"section-title \" style=\"text-align: center;\"><a href=\"https:\/\/www.pridebarcelona.org\/es\/pride-bcn-2014\/\">Pride! 2014<\/a><\/h3>\n<\/div><div class=\"fusion-text fusion-text-64\"><p style=\"text-align: center; font-size: 13px; line-height: 15px; color: #525252;\">Por los derechos LGTBI<\/p>\n<\/div><\/div><\/div><div class=\"fusion-layout-column fusion_builder_column fusion-builder-column-52 fusion_builder_column_1_4 1_4 fusion-flex-column\" style=\"--awb-bg-size:cover;--awb-width-large:25%;--awb-margin-top-large:0px;--awb-spacing-right-large:7.68%;--awb-margin-bottom-large:20px;--awb-spacing-left-large:7.68%;--awb-width-medium:25%;--awb-order-medium:0;--awb-spacing-right-medium:7.68%;--awb-spacing-left-medium:7.68%;--awb-width-small:100%;--awb-order-small:0;--awb-spacing-right-small:1.92%;--awb-spacing-left-small:1.92%;\"><div class=\"fusion-column-wrapper fusion-column-has-shadow fusion-flex-justify-content-flex-start fusion-content-layout-column\"><div class=\"fusion-text fusion-text-65\"><h3 class=\"section-title \" style=\"text-align: center;\"><a href=\"https:\/\/www.pridebarcelona.org\/es\/pride-bcn-2013\/\">Pride! 2013<\/a><\/h3>\n<\/div><div class=\"fusion-text fusion-text-66\"><p style=\"text-align: center; font-size: 13px; line-height: 15px; color: #525252;\">Por la ley contra LGTBI-f\u00f2bia<\/p>\n<\/div><\/div><\/div><div class=\"fusion-layout-column fusion_builder_column fusion-builder-column-53 fusion_builder_column_1_4 1_4 fusion-flex-column\" style=\"--awb-bg-size:cover;--awb-width-large:25%;--awb-margin-top-large:0px;--awb-spacing-right-large:7.68%;--awb-margin-bottom-large:20px;--awb-spacing-left-large:7.68%;--awb-width-medium:25%;--awb-order-medium:0;--awb-spacing-right-medium:7.68%;--awb-spacing-left-medium:7.68%;--awb-width-small:100%;--awb-order-small:0;--awb-spacing-right-small:1.92%;--awb-spacing-left-small:1.92%;\"><div class=\"fusion-column-wrapper fusion-column-has-shadow fusion-flex-justify-content-flex-start fusion-content-layout-column\"><div class=\"fusion-text fusion-text-67\"><h3 class=\"section-title \" style=\"text-align: center;\"><a href=\"https:\/\/www.pridebarcelona.org\/es\/pride-bcn-2012\/\">Pride! 2012<\/a><\/h3>\n<\/div><div class=\"fusion-text fusion-text-68\"><p style=\"text-align: center; font-size: 13px; line-height: 15px; color: #525252;\">Apoyo al matrimonio igualitario<\/p>\n<\/div><\/div><\/div><div class=\"fusion-layout-column fusion_builder_column fusion-builder-column-54 fusion_builder_column_1_4 1_4 fusion-flex-column\" style=\"--awb-bg-size:cover;--awb-width-large:25%;--awb-margin-top-large:0px;--awb-spacing-right-large:7.68%;--awb-margin-bottom-large:20px;--awb-spacing-left-large:7.68%;--awb-width-medium:25%;--awb-order-medium:0;--awb-spacing-right-medium:7.68%;--awb-spacing-left-medium:7.68%;--awb-width-small:100%;--awb-order-small:0;--awb-spacing-right-small:1.92%;--awb-spacing-left-small:1.92%;\"><div class=\"fusion-column-wrapper fusion-column-has-shadow fusion-flex-justify-content-flex-start fusion-content-layout-column\"><div class=\"fusion-text fusion-text-69\"><h3 class=\"section-title \" style=\"text-align: center;\"><a href=\"https:\/\/www.pridebarcelona.org\/es\/pride-bcn-2011\/\">Pride! 2011<\/a><\/h3>\n<\/div><div class=\"fusion-text fusion-text-70\"><p style=\"text-align: center; font-size: 13px; line-height: 15px; color: #525252;\">Por la salud y la igualdad<\/p>\n<\/div><\/div><\/div><div class=\"fusion-layout-column fusion_builder_column fusion-builder-column-55 fusion_builder_column_1_4 1_4 fusion-flex-column\" style=\"--awb-bg-size:cover;--awb-width-large:25%;--awb-margin-top-large:0px;--awb-spacing-right-large:7.68%;--awb-margin-bottom-large:20px;--awb-spacing-left-large:7.68%;--awb-width-medium:25%;--awb-order-medium:0;--awb-spacing-right-medium:7.68%;--awb-spacing-left-medium:7.68%;--awb-width-small:100%;--awb-order-small:0;--awb-spacing-right-small:1.92%;--awb-spacing-left-small:1.92%;\"><div class=\"fusion-column-wrapper fusion-column-has-shadow fusion-flex-justify-content-flex-start fusion-content-layout-column\"><div class=\"fusion-text fusion-text-71\"><h3 class=\"section-title \" style=\"text-align: center;\"><a href=\"https:\/\/www.pridebarcelona.org\/es\/pride-bcn-2010\/\">Pride! 2010<\/a><\/h3>\n<\/div><div class=\"fusion-text fusion-text-72\"><p style=\"text-align: center; font-size: 13px; line-height: 15px; color: #525252;\">Por la igualdad trans<\/p>\n<\/div><\/div><\/div><div class=\"fusion-layout-column fusion_builder_column fusion-builder-column-56 fusion_builder_column_1_4 1_4 fusion-flex-column\" style=\"--awb-bg-size:cover;--awb-width-large:25%;--awb-margin-top-large:0px;--awb-spacing-right-large:7.68%;--awb-margin-bottom-large:20px;--awb-spacing-left-large:7.68%;--awb-width-medium:25%;--awb-order-medium:0;--awb-spacing-right-medium:7.68%;--awb-spacing-left-medium:7.68%;--awb-width-small:100%;--awb-order-small:0;--awb-spacing-right-small:1.92%;--awb-spacing-left-small:1.92%;\"><div class=\"fusion-column-wrapper fusion-column-has-shadow fusion-flex-justify-content-flex-start fusion-content-layout-column\"><div class=\"fusion-text fusion-text-73\"><h3 class=\"section-title \" style=\"text-align: center;\"><a href=\"https:\/\/www.pridebarcelona.org\/es\/pride-bcn-2009\/\">Pride! 2009<\/a><\/h3>\n<\/div><div class=\"fusion-text fusion-text-74\"><p style=\"text-align: center; font-size: 13px; line-height: 15px; color: #525252;\">Por los derechos LGTBI<\/p>\n<\/div><\/div><\/div><\/div><\/div><\/div>\n","protected":false},"excerpt":{"rendered":"La cultura es el territorio de resistencia, memoria y celebraci\u00f3n  [...]","protected":false},"author":6,"featured_media":0,"parent":0,"menu_order":0,"comment_status":"closed","ping_status":"closed","template":"100-width.php","meta":{"footnotes":""},"class_list":["post-6938","page","type-page","status-publish","hentry"],"_links":{"self":[{"href":"https:\/\/www.pridebarcelona.org\/es\/wp-json\/wp\/v2\/pages\/6938","targetHints":{"allow":["GET"]}}],"collection":[{"href":"https:\/\/www.pridebarcelona.org\/es\/wp-json\/wp\/v2\/pages"}],"about":[{"href":"https:\/\/www.pridebarcelona.org\/es\/wp-json\/wp\/v2\/types\/page"}],"author":[{"embeddable":true,"href":"https:\/\/www.pridebarcelona.org\/es\/wp-json\/wp\/v2\/users\/6"}],"replies":[{"embeddable":true,"href":"https:\/\/www.pridebarcelona.org\/es\/wp-json\/wp\/v2\/comments?post=6938"}],"version-history":[{"count":19,"href":"https:\/\/www.pridebarcelona.org\/es\/wp-json\/wp\/v2\/pages\/6938\/revisions"}],"predecessor-version":[{"id":8093,"href":"https:\/\/www.pridebarcelona.org\/es\/wp-json\/wp\/v2\/pages\/6938\/revisions\/8093"}],"wp:attachment":[{"href":"https:\/\/www.pridebarcelona.org\/es\/wp-json\/wp\/v2\/media?parent=6938"}],"curies":[{"name":"wp","href":"https:\/\/api.w.org\/{rel}","templated":true}]}}